{"id":892,"date":"2015-09-11T11:46:01","date_gmt":"2015-09-11T11:46:01","guid":{"rendered":"https:\/\/humansfest.com\/?page_id=892"},"modified":"2022-03-21T16:03:29","modified_gmt":"2022-03-21T16:03:29","slug":"equipo-2","status":"publish","type":"page","link":"https:\/\/fundacionporlajusticia.org\/va\/humansfest\/el-festival\/equipo-2\/","title":{"rendered":"TEAM"},"content":{"rendered":"<p>&nbsp;<\/p>\n<table>\n<tbody>\n<tr>\n<td style=\"background-color: #d6d6d6;\" colspan=\"2\"><\/td>\n<\/tr>\n<tr>\n<td colspan=\"2\">\n<h2><strong>General Management:<\/strong><\/h2>\n<p>Javier Vilalta<\/td>\n<\/tr>\n<tr>\n<td colspan=\"2\">\n<h2><strong>Art Direction: <\/strong><\/h2>\n<p>Samuel Sebasti\u00e1n<br \/>\nDeborah Micheletti<br \/>\nJos\u00e9 Manuel Aura<\/td>\n<\/tr>\n<tr>\n<td colspan=\"2\">\n<h2><strong>Advisory Board:<\/strong><\/h2>\n<blockquote><p>Jos\u00e9 Antonio Hurtado \u2013 Carles Bosch \u2013 Pau G. Guillen- Maria Trenor \u2013 Giovanna Ribes \u2013 Puy Oria- Montxo Armend\u00e1riz \u2013 Josemi Beltr\u00e1n \u2013 Cear- Amnistia Internacional \u2013 Associaci\u00f3 \u00c0mbit \u2013 Val\u00e8ncia a Bici \u2013 Agr\u00f3 \u2013 CVONGD \u2013 Pobresa Zero \u2013 Fundaci\u00f3 per la Just\u00edcia \u2013 Lambda- Moviment contra la intoler\u00e0ncia- Unesco Val\u00e8ncia<\/p><\/blockquote>\n<\/td>\n<\/tr>\n<tr>\n<td style=\"background-color: #d6d6d6;\" colspan=\"2\"><\/td>\n<\/tr>\n<tr>\n<td>\n<h2><strong>Direcci\u00f3 d&#039;Administraci\u00f3:<\/strong><\/h2>\n<p>Eva Tormo- Sa\u00fal G\u00f3mez<\/td>\n<td>\n<h2><strong>General Coordination Production:<\/strong><\/h2>\n<p>Deborah Micheletti<\/p>\n<h2><strong>Production:<\/strong><\/h2>\n<p>Sara Masanet (Cap de producci\u00f3)<br \/>\nQuique S\u00e1nchez Ochoa (Assist\u00e8ncia producci\u00f3)<br \/>\nAlexia Guillot Isaac (Assist\u00e8ncia Producci\u00f3)<\/td>\n<\/tr>\n<tr>\n<td>\n<h2><strong>Archive Film Programme Manager:<\/strong><\/h2>\n<p><strong>\u00a0<\/strong>Jos\u00e9 Antonio Hurtado<\/td>\n<td>\n<h2><strong>Paral\u00b7lel Activities Coordination:<br \/>\n<\/strong><\/h2>\n<p>Alexia Mart\u00ednez<br \/>\nPapa Balla<\/td>\n<\/tr>\n<tr>\n<td>\n<h2><strong>Coordination Programme of the Official Selection: <\/strong><\/h2>\n<p>Lina Cerniaiskaite<\/td>\n<td>\n<h2><strong>Workshops coordination: <\/strong><\/h2>\n<p>Eva Tormo<br \/>\nEmilio Mart\u00ed<br \/>\nStefania Chirico<\/td>\n<\/tr>\n<tr>\n<td>\n<h2><strong>Coordination of Non-Competition Feature Films Official Selection: <\/strong><\/h2>\n<p>Jos\u00e9 Antonio Hurtado<\/td>\n<td>\n<h2><strong>Volunteers coordination: <\/strong><\/h2>\n<p>Mari Paz Ramos i Juanma Chavarrias<\/td>\n<\/tr>\n<tr>\n<td>\n<h2><strong>Feature Film Official Selection Committee:\u00a0<\/strong><\/h2>\n<p>Jos\u00e9 Manuel Aura<br \/>\nDeborah Micheletti<br \/>\nSamuel Sebasti\u00e1n<br \/>\nJavier Villalta<\/td>\n<td>\n<h2><strong>Humans Fest International: <\/strong><\/h2>\n<p>Lina Cerniaiskaite<br \/>\nEmilio Mart\u00ed<\/p>\n<h2>Projecte Isalmof\u00f2bia UE:<\/h2>\n<p>Associaci\u00f3 \u00c0mbit<\/p>\n<h2>Projecte Malabo-Quatrefilms:<\/h2>\n<p>Sandra Mora<\/td>\n<\/tr>\n<tr>\n<td style=\"background-color: #d6d6d6;\" colspan=\"2\"><\/td>\n<\/tr>\n<tr>\n<td>\n<h2><strong>Coordination Programme of the Short Film Official Selection:<br \/>\n<\/strong><\/h2>\n<p>\u00c1lvaro Yebra<\/td>\n<td>\n<h2><strong>Autorship of &#039;1 minute, 1 right&#039; short film didactic unit:<br \/>\n<\/strong><\/h2>\n<p>Josep Mart\u00edn<\/td>\n<\/tr>\n<tr>\n<td>\n<h2><strong>Short Film Official Selection Committee: <\/strong><\/h2>\n<p>\u00c1lvaro Yebra<br \/>\nAlejandra Mora<br \/>\nJavier Vilalta<br \/>\nNanguam Manzam<\/td>\n<td>\n<h2><strong>Layout and Design: <\/strong><\/h2>\n<p>Daryna Kratenko<\/p>\n<h2><strong>Technical Projections:<\/strong><\/h2>\n<p>Paul Asensio<\/td>\n<\/tr>\n<tr>\n<td>\n<h2><strong>Coordinaci\u00f3 Passos Especials Picassent:<\/strong><\/h2>\n<p>Dora Mart\u00ed<br \/>\nIrene Cubells<\/td>\n<td>\n<h2><strong>Coordinaci\u00f3 Cicle Just\u00edcia DDHH:<\/strong><\/h2>\n<p>Quique S\u00e1nchez<\/p>\n<h2><strong>Coordinaci\u00f3 Cicle Dona:<\/strong><\/h2>\n<p>Deborah Micheletti<\/td>\n<\/tr>\n<tr>\n<td>\n<h2><strong>Coordinaci\u00f3 Picassent:<\/strong><\/h2>\n<p>Associaci\u00f3 \u00c0mbit<\/td>\n<td>\n<h2><strong>Traducci\u00f3:<\/strong><\/h2>\n<p>Diego Gri\u00f1\u00e1n Mart\u00ednez<\/td>\n<\/tr>\n<tr>\n<td>\n<h2><strong>Subtitles:<\/strong><\/h2>\n<p>Ruth Le\u00f3n<br \/>\nMaria Eivor Jorda Mathiasen<br \/>\nSamuel Sebati\u00e0<\/td>\n<td>\n<h2><strong>Tallers Artter\u00e0pia:<\/strong><\/h2>\n<p>Emilio Mart\u00ed<\/td>\n<\/tr>\n<tr>\n<td style=\"background-color: #d6d6d6;\" colspan=\"2\"><\/td>\n<\/tr>\n<tr>\n<td>\n<h2><strong>Contact:<br \/>\n<\/strong><\/h2>\n<p><strong>La Visible<br \/>\n<\/strong>Sandra Sancho<br \/>\nClaudia Alfonso<br \/>\nOlga Palomares<\/td>\n<td>\n<h2><strong>Logo and Web Design:<br \/>\n<\/strong><\/h2>\n<p>Baluard Estudi (Carmen Huguet)<\/p>\n<h2><strong>Disseny Premi Humi:<\/strong><\/h2>\n<p>Manetes de Plata<\/td>\n<\/tr>\n<tr>\n<td>\n<h2><strong>Press and PR Coordination:<\/strong><\/h2>\n<p>Deborah Micheletti<br \/>\nAdriana Cabeza<\/td>\n<td>\n<h2><strong>Graphic Design:<br \/>\n<\/strong><\/h2>\n<p>Sergio Sanisidro<strong><br \/>\n<\/strong>Daryna Kratenko<\/td>\n<\/tr>\n<tr>\n<td>\n<h2><strong>Social Networking:\u00a0<\/strong><\/h2>\n<p>La visible<\/p>\n<h2>Filmoteca Production:<\/h2>\n<p>Sara Masanet<\/td>\n<td>\n<h2><strong>Photography and Video:<br \/>\n<\/strong><\/h2>\n<p>Juan L\u00f3pez<\/p>\n<h2><strong>Graphic Animation<\/strong><\/h2>\n<p>Quatre Films.<\/td>\n<\/tr>\n<tr>\n<td style=\"background-color: #d6d6d6;\" colspan=\"2\"><\/td>\n<\/tr>\n<\/tbody>\n<\/table>\n<p>&nbsp;<\/p>","protected":false},"excerpt":{"rendered":"<p>&nbsp; General Management: Javier Vilalta Art Direction: Samuel Sebasti\u00e1n Deborah Micheletti Jos\u00e9 Manuel Aura Advisory Board: Jos\u00e9 Antonio Hurtado &#8211; Carles Bosch &#8211; Pau G. Guillen- Mar\u00eda Trenor &#8211; Giovanna Ribes &#8211; Puy Oria- Montxo Armend\u00e1riz &#8211; Josemi Beltr\u00e1n &#8211; Cear- Amnist\u00eda Internacional &#8211; Asociaci\u00f3n \u00c0mbit &#8211; Val\u00e8ncia en Bici &#8211; Agr\u00f3 &#8211; CVONGD &#8211; [&hellip;]<\/p>\n","protected":false},"author":2,"featured_media":0,"parent":2765,"menu_order":5,"comment_status":"closed","ping_status":"closed","template":"","meta":{"_et_pb_use_builder":"","_et_pb_old_content":"","_et_gb_content_width":"","_uf_show_specific_survey":0,"_uf_disable_surveys":false,"footnotes":""},"class_list":["post-892","page","type-page","status-publish","hentry"],"aioseo_notices":[],"_links":{"self":[{"href":"https:\/\/fundacionporlajusticia.org\/va\/wp-json\/wp\/v2\/pages\/892","targetHints":{"allow":["GET"]}}],"collection":[{"href":"https:\/\/fundacionporlajusticia.org\/va\/wp-json\/wp\/v2\/pages"}],"about":[{"href":"https:\/\/fundacionporlajusticia.org\/va\/wp-json\/wp\/v2\/types\/page"}],"author":[{"embeddable":true,"href":"https:\/\/fundacionporlajusticia.org\/va\/wp-json\/wp\/v2\/users\/2"}],"replies":[{"embeddable":true,"href":"https:\/\/fundacionporlajusticia.org\/va\/wp-json\/wp\/v2\/comments?post=892"}],"version-history":[{"count":6,"href":"https:\/\/fundacionporlajusticia.org\/va\/wp-json\/wp\/v2\/pages\/892\/revisions"}],"predecessor-version":[{"id":3407,"href":"https:\/\/fundacionporlajusticia.org\/va\/wp-json\/wp\/v2\/pages\/892\/revisions\/3407"}],"up":[{"embeddable":true,"href":"https:\/\/fundacionporlajusticia.org\/va\/wp-json\/wp\/v2\/pages\/2765"}],"wp:attachment":[{"href":"https:\/\/fundacionporlajusticia.org\/va\/wp-json\/wp\/v2\/media?parent=892"}],"curies":[{"name":"wp","href":"https:\/\/api.w.org\/{rel}","templated":true}]}}