{"id":2980,"date":"2017-01-23T12:50:41","date_gmt":"2017-01-23T12:50:41","guid":{"rendered":"https:\/\/fundacionporlajusticia.accesia.info\/es\/?page_id=4219"},"modified":"2022-03-21T15:42:07","modified_gmt":"2022-03-21T15:42:07","slug":"eisen","status":"publish","type":"page","link":"https:\/\/fundacionporlajusticia.org\/va\/programacion-2\/seccion-oficial-de-cortometrajes\/eisen\/","title":{"rendered":"EISEN"},"content":{"rendered":"<table>\n<tbody>\n<tr>\n<td style=\"width: 206px; text-align: center; vertical-align: middle;\" width=\"206\"><a href=\"https:\/\/fundacionporlajusticia.org\/wp-content\/uploads\/2017\/01\/POSTER_EISEN_1.jpg\"><img loading=\"lazy\" decoding=\"async\" class=\"alignleft size-medium wp-image-4220\" src=\"https:\/\/fundacionporlajusticia.org\/wp-content\/uploads\/2017\/01\/POSTER_EISEN_1-216x300.jpg\" alt=\"POSTER_EISEN_1\" width=\"216\" height=\"300\" \/><\/a><\/td>\n<td width=\"376\">\n<h1><strong>LA HIST\u00d2RIA<\/strong><\/h1>\n<p>Un escenari boir\u00f3s amb edificis nous a Eisenh\u00fcttenstadt, a la frontera germano-polonesa: \u00abEisen\u00bb, Ferro, aix\u00ed \u00e9s com truquen a la ciutat aqu\u00ed. Retrats de sol\u00b7licitants d&#039;asil de tot el m\u00f3n s&#039;entreveuen entre imatges d&#039;una vida trista.<\/td>\n<\/tr>\n<tr>\n<td width=\"206\">\n<h4><strong>Alemanya, Pol\u00f2nia 2015<\/strong><\/h4>\n<h4><strong>Director:<\/strong><\/h4>\n<h4>Benjamin Kahlmeyer<\/h4>\n<h4><strong>18\u2032 59\u2033<br \/>\n<\/strong><\/h4>\n<h4><strong>Productora:<\/strong><\/h4>\n<h4>Penrose Film<\/h4>\n<h4><strong>Distribu\u00efdora:<\/strong><\/h4>\n<h4>Penrose Film<\/h4>\n<\/td>\n<td width=\"376\">\n<h1><strong>EL DIRECTOR<\/strong><\/h1>\n<p><img loading=\"lazy\" decoding=\"async\" class=\"alignleft wp-image-4223\" src=\"https:\/\/fundacionporlajusticia.org\/wp-content\/uploads\/2017\/01\/web_0353-16_foto_dir.jpg\" alt=\"web_0353-16_foto_dir\" width=\"250\" height=\"166\" \/><\/p>\n<p>&nbsp;<\/td>\n<\/tr>\n<\/tbody>\n<\/table>\n<p>&nbsp;<\/p>","protected":false},"excerpt":{"rendered":"<p>LA HISTORIA Un escenario brumoso con edificios nuevos en Eisenh\u00fcttenstadt, en la frontera germano-polaca: \u00abEisen\u00bb, Hierro, as\u00ed es como llaman a la ciudad aqu\u00ed. Retratos de solicitantes de asilo de todo el mundo se vislumbran entre im\u00e1genes de una triste vida. Alemania, Polonia 2015 Director: Benjamin Kahlmeyer 18&#8242; 59&#8243; Productora: Penrose Film Distribuidora: Penrose Film [&hellip;]<\/p>\n","protected":false},"author":2,"featured_media":0,"parent":2969,"menu_order":2,"comment_status":"closed","ping_status":"closed","template":"","meta":{"_et_pb_use_builder":"","_et_pb_old_content":"","_et_gb_content_width":"","_uf_show_specific_survey":0,"_uf_disable_surveys":false,"footnotes":""},"class_list":["post-2980","page","type-page","status-publish","hentry"],"aioseo_notices":[],"_links":{"self":[{"href":"https:\/\/fundacionporlajusticia.org\/va\/wp-json\/wp\/v2\/pages\/2980","targetHints":{"allow":["GET"]}}],"collection":[{"href":"https:\/\/fundacionporlajusticia.org\/va\/wp-json\/wp\/v2\/pages"}],"about":[{"href":"https:\/\/fundacionporlajusticia.org\/va\/wp-json\/wp\/v2\/types\/page"}],"author":[{"embeddable":true,"href":"https:\/\/fundacionporlajusticia.org\/va\/wp-json\/wp\/v2\/users\/2"}],"replies":[{"embeddable":true,"href":"https:\/\/fundacionporlajusticia.org\/va\/wp-json\/wp\/v2\/comments?post=2980"}],"version-history":[{"count":1,"href":"https:\/\/fundacionporlajusticia.org\/va\/wp-json\/wp\/v2\/pages\/2980\/revisions"}],"predecessor-version":[{"id":3337,"href":"https:\/\/fundacionporlajusticia.org\/va\/wp-json\/wp\/v2\/pages\/2980\/revisions\/3337"}],"up":[{"embeddable":true,"href":"https:\/\/fundacionporlajusticia.org\/va\/wp-json\/wp\/v2\/pages\/2969"}],"wp:attachment":[{"href":"https:\/\/fundacionporlajusticia.org\/va\/wp-json\/wp\/v2\/media?parent=2980"}],"curies":[{"name":"wp","href":"https:\/\/api.w.org\/{rel}","templated":true}]}}