{"id":2201,"date":"2021-02-16T07:55:59","date_gmt":"2021-02-16T07:55:59","guid":{"rendered":"https:\/\/fundacionporlajusticia.accesia.info\/?page_id=6636"},"modified":"2022-03-21T20:13:44","modified_gmt":"2022-03-21T20:13:44","slug":"humans-vlc","status":"publish","type":"page","link":"https:\/\/fundacionporlajusticia.org\/va\/humansfest\/2021-x-edicion\/humans-vlc\/","title":{"rendered":"2021 \u2013 Humans VLC"},"content":{"rendered":"<p>Amb la finalitat de potenciar el <strong>cinema local<\/strong> amb continguts relacionats amb els drets humans, hem creat una secci\u00f3 competitiva dedicada exclusivament als <strong>curts valencians i\u00a0<\/strong>a m\u00e9s, reconeix el millor curtmetratge realitzat per estudiants.\u00a0<\/p>\r\n\r\n\r\n\r\n<p><strong>Secci\u00f3 Humans VLC de curtmetratges 2021<\/strong><br \/>\ud83d\udd52 18:00<br \/>\ud83d\udccd\u00a0<a href=\"https:\/\/goo.gl\/maps\/m4Md3vkyUgVkePFeA\" target=\"_blank\" rel=\"noreferrer noopener\">SGAE<\/a><\/p>\r\n\r\n\r\n\r\n<div class=\"wp-block-columns has-2-columns is-layout-flex wp-container-core-columns-is-layout-9d6595d7 wp-block-columns-is-layout-flex\">\r\n<div class=\"wp-block-column is-layout-flow wp-block-column-is-layout-flow\">\r\n<h4 class=\"wp-block-heading\"><strong>\ud83d\uddd3 17.02.2021 \u2013 <em>Primera Sessi\u00f3<\/em><\/strong><\/h4>\r\n\r\n\r\n\r\n<p><strong><a href=\"https:\/\/www.eventbrite.es\/e\/entradas-humans-vlc-1a-sesion-de-cortometrajes-valencianos-xii-humans-fest-141379085651\" target=\"_blank\" rel=\"noreferrer noopener\">\ud83c\udf9f ENTRADES 17.02<\/a><\/strong><\/p>\r\n\r\n\r\n\r\n<ul class=\"wp-block-list\">\r\n<li>Esperan\u00e7a<\/li>\r\n<li>La nit dels homes<\/li>\r\n<li>Els \u00e0necs<\/li>\r\n<li>Buscant Mor<\/li>\r\n<li>El desitjat<\/li>\r\n<li>Petricor<\/li>\r\n<li>Navras<\/li>\r\n<li>Retalls<\/li>\r\n<li>falciots<\/li>\r\n<li>On ets tu?<\/li>\r\n<\/ul>\r\n<\/div>\r\n\r\n\r\n\r\n<div class=\"wp-block-column is-layout-flow wp-block-column-is-layout-flow\">\r\n<h4 class=\"wp-block-heading\"><strong>\ud83d\uddd3 18.02.2021 \u2013 <em>Segona sessi\u00f3<\/em><\/strong><\/h4>\r\n\r\n\r\n\r\n<p><strong><a href=\"https:\/\/www.eventbrite.es\/e\/entradas-humans-vlc-2a-sesion-de-cortometrajes-valencianos-xii-humans-fest-141403384329\" target=\"_blank\" rel=\"noreferrer noopener\">\ud83c\udf9f ENTRADES 18.02<\/a><\/strong><\/p>\r\n\r\n\r\n\r\n<ul class=\"wp-block-list\">\r\n<li>Asha<\/li>\r\n<li>Apatxe<\/li>\r\n<li>Stanbrook<\/li>\r\n<li>Vinc de les onades<\/li>\r\n<li>I tanmateix<\/li>\r\n<li>Limbe<\/li>\r\n<\/ul>\r\n\r\n\r\n\r\n<p>&nbsp;<\/p>\r\n<\/div>\r\n<\/div>\r\n\r\n\r\n<hr class=\"wp-block-separator is-style-dots\" \/>\r\n\r\n\r\n<h2 class=\"wp-block-heading\"><strong>Esperan\u00e7a<\/strong><\/h2>\r\n\r\n\r\n\r\n<div id=\"advgb-cols-77647253-c837-4ab2-aba2-e116d3468dd1\" class=\"wp-block-advgb-columns advgb-columns-wrapper\">\r\n<div class=\"advgb-columns-container\">\r\n<div class=\"advgb-columns advgb-columns-row advgb-is-mobile advgb-columns-2 layout-13-23 mbl-layout-stacked gutter-40 vgutter-10\">\r\n<div id=\"advgb-col-612b8add-f8d4-4537-bd30-c1a968ea60d4\" class=\"wp-block-advgb-column advgb-column advgb-is-one-third-tablet advgb-is-full-mobile\">\r\n<div class=\"advgb-column-inner\" style=\"border-style: none; border-width: 1px;\">\r\n<p>Adre\u00e7a:<br \/><strong>Carlos Moral<\/strong><\/p>\r\n\r\n\r\n\r\n<p>Durada:<br \/><strong>4&#039;<\/strong><\/p>\r\n\r\n\r\n\r\n<p>Pa\u00eds:<br \/><strong>Espanya<\/strong><\/p>\r\n<\/div>\r\n<\/div>\r\n\r\n\r\n\r\n<div id=\"advgb-col-80b08ac0-e04f-48ae-8576-3e58d420051e\" class=\"wp-block-advgb-column advgb-column advgb-is-two-thirds-tablet advgb-is-full-mobile\">\r\n<div class=\"advgb-column-inner\" style=\"border-style: none; border-width: 1px;\">\r\n<p><img decoding=\"async\" class=\"wp-image-6651\" style=\"width: 600px;\" src=\"https:\/\/fundacionporlajusticia.org\/wp-content\/uploads\/2021\/02\/Esperanza.png\" alt=\"VLC - Esperanza\" \/><\/p>\r\n<\/div>\r\n<\/div>\r\n<\/div>\r\n<\/div>\r\n<\/div>\r\n\r\n\r\n<hr class=\"wp-block-separator\" \/>\r\n\r\n\r\n<h2 class=\"wp-block-heading\"><strong>La nit dels homes<\/strong><\/h2>\r\n\r\n\r\n\r\n<div id=\"advgb-cols-66e5e1b5-0109-451b-9b99-db4fa38b0c2b\" class=\"wp-block-advgb-columns advgb-columns-wrapper\">\r\n<div class=\"advgb-columns-container\">\r\n<div class=\"advgb-columns advgb-columns-row advgb-is-mobile advgb-columns-2 layout-13-23 mbl-layout-stacked gutter-40 vgutter-10\">\r\n<div id=\"advgb-col-689f0ba5-d1f9-4ef7-aac0-7e990f471baa\" class=\"wp-block-advgb-column advgb-column advgb-is-one-third-tablet advgb-is-full-mobile\">\r\n<div class=\"advgb-column-inner\" style=\"border-style: none; border-width: 1px;\">\r\n<p>Adre\u00e7a:<br \/><strong>Raquel Arias i <\/strong><br \/><strong>Begonya Moret<\/strong><\/p>\r\n\r\n\r\n\r\n<p>Durada:<br \/><strong>2&#039;:48&#039;&#039;<\/strong><\/p>\r\n\r\n\r\n\r\n<p>Pa\u00eds:<br \/><strong>Espanya<\/strong><\/p>\r\n<\/div>\r\n<\/div>\r\n\r\n\r\n\r\n<div id=\"advgb-col-fcc66d44-2b88-4889-a231-cf12b08d0e5c\" class=\"wp-block-advgb-column advgb-column advgb-is-two-thirds-tablet advgb-is-full-mobile\">\r\n<div class=\"advgb-column-inner\" style=\"border-style: none; border-width: 1px;\">\r\n<figure class=\"wp-block-image\"><img decoding=\"async\" class=\"wp-image-6655\" src=\"https:\/\/fundacionporlajusticia.org\/wp-content\/uploads\/2021\/02\/La-noche-de-los-hombres.jpg\" alt=\"\" \/><\/figure>\r\n<\/div>\r\n<\/div>\r\n<\/div>\r\n<\/div>\r\n<\/div>\r\n\r\n\r\n<hr class=\"wp-block-separator\" \/>\r\n\r\n\r\n<h2 class=\"wp-block-heading\"><strong>Els \u00e0necs<\/strong><\/h2>\r\n\r\n\r\n\r\n<p>Adre\u00e7a: <strong>\u00c0ngela A. Chavarr\u00eda<\/strong><br \/>Durada: <strong>6&#039;<\/strong><br \/>Pa\u00eds: <strong>Espanya<\/strong><\/p>\r\n\r\n\r\n\r\n<p style=\"text-align: left;\"><strong>Sinopsi:<\/strong> Mari Carmen comen\u00e7a amb il\u00b7lusi\u00f3 el primer dia de treball a l&#039;oficina de vendes internacionals, per\u00f2 no tot sortir\u00e0 com esperava. Un \u00e0nec ha aparegut al balc\u00f3 cridant l&#039;atenci\u00f3 de tothom i posant potes amunt el dia que la Mari Carmen esperava comen\u00e7ar amb bon peu.<\/p>\r\n\r\n\r\n\r\n<p style=\"text-align: center;\"><img decoding=\"async\" class=\"wp-image-6673\" style=\"width: 500px;\" src=\"https:\/\/fundacionporlajusticia.org\/wp-content\/uploads\/2021\/02\/LOS-PATOS_poster.jpg\" alt=\"\" \/><\/p>\r\n\r\n\r\n<hr class=\"wp-block-separator\" \/>\r\n\r\n\r\n<h2 class=\"wp-block-heading\"><strong>Buscant Mor<\/strong><\/h2>\r\n\r\n\r\n\r\n<div id=\"advgb-cols-73e1e36a-a0f4-4b7c-9d87-b63db49f8f44\" class=\"wp-block-advgb-columns advgb-columns-wrapper\">\r\n<div class=\"advgb-columns-container\">\r\n<div class=\"advgb-columns advgb-columns-row advgb-is-mobile advgb-columns-2 layout-13-23 mbl-layout-stacked gutter-40 vgutter-10\">\r\n<div id=\"advgb-col-7c62c073-d261-47c5-90ea-401300e00b66\" class=\"wp-block-advgb-column advgb-column advgb-is-one-third-tablet advgb-is-full-mobile\">\r\n<div class=\"advgb-column-inner\" style=\"border-style: none; border-width: 1px;\">\r\n<p>Adre\u00e7a:<br \/><strong>Alba Pascual Benlloch<\/strong>\u00a0<\/p>\r\n\r\n\r\n\r\n<p>Durada: <br \/><strong>30&#039;<\/strong><\/p>\r\n\r\n\r\n\r\n<p>Pa\u00eds: <br \/><strong>Espanya<\/strong><\/p>\r\n<\/div>\r\n<\/div>\r\n\r\n\r\n\r\n<div id=\"advgb-col-759c588f-b898-4d9b-aa06-192495597397\" class=\"wp-block-advgb-column advgb-column advgb-is-two-thirds-tablet advgb-is-full-mobile\">\r\n<div class=\"advgb-column-inner\" style=\"border-style: none; border-width: 1px;\">\r\n<figure class=\"wp-block-image\"><img decoding=\"async\" class=\"wp-image-6679\" src=\"https:\/\/fundacionporlajusticia.org\/wp-content\/uploads\/2021\/02\/Buscando-a-Mor-1024x576.png\" alt=\"\" \/><\/figure>\r\n<\/div>\r\n<\/div>\r\n<\/div>\r\n<\/div>\r\n<\/div>\r\n\r\n\r\n<hr class=\"wp-block-separator\" \/>\r\n\r\n\r\n<h2 class=\"wp-block-heading\"><strong>El desitjat<\/strong><\/h2>\r\n\r\n\r\n\r\n<div id=\"advgb-cols-9a2b49da-bd68-40d7-86fa-fe8667ba04de\" class=\"wp-block-advgb-columns advgb-columns-wrapper\">\r\n<div class=\"advgb-columns-container\">\r\n<div class=\"advgb-columns advgb-columns-row advgb-is-mobile advgb-columns-2 layout-13-23 mbl-layout-stacked gutter-40 vgutter-10\">\r\n<div id=\"advgb-col-36fa9968-76d0-4438-9aea-4ed060130158\" class=\"wp-block-advgb-column advgb-column advgb-is-one-third-tablet advgb-is-full-mobile\">\r\n<div class=\"advgb-column-inner\" style=\"border-style: none; border-width: 1px;\">\r\n<figure class=\"wp-block-image\"><img decoding=\"async\" src=\"https:\/\/lh5.googleusercontent.com\/Z7ExFubflaJNhel-kX_G32W5jAEBAAph4poHGdyzM_M5Mrko2Ft_VFOCeBSzCf9hGoKD1tFdMqGlsfyy2FQbfE8QvKjcHrDJLctypPCby9DLAu1wrIWsQl8sLeQgPFoz5Gxfq9tx\" alt=\"\" \/><\/figure>\r\n<\/div>\r\n<\/div>\r\n\r\n\r\n\r\n<div id=\"advgb-col-7ac03275-64b2-4855-986d-434f69c7317d\" class=\"wp-block-advgb-column advgb-column advgb-is-two-thirds-tablet advgb-is-full-mobile\">\r\n<div class=\"advgb-column-inner\" style=\"border-style: none; border-width: 1px;\">\r\n<p>Adre\u00e7a: <strong>\u00d3scar Bern\u00e1cer<\/strong><br \/>Durada: <strong>17&#039;<\/strong><br \/>Pa\u00eds: <strong>Espanya<\/strong><\/p>\r\n\r\n\r\n\r\n<p><strong>Sinopsi:<\/strong> Vicente ha tingut una inf\u00e0ncia plena. Ha estat un nen estimat i desitjat pels pares. Aix\u00ed ho van fer constar celebrant una gran festa el dia que va arribar a casa nounat. Tot a la seva vida \u00e9s normal, fins que la not\u00edcia dels nadons robats salta als mitjans i, 38 anys despr\u00e9s, descobreix que va ser comprat.<\/p>\r\n<\/div>\r\n<\/div>\r\n<\/div>\r\n<\/div>\r\n<\/div>\r\n\r\n\r\n<hr class=\"wp-block-separator\" \/>\r\n\r\n\r\n<h2 class=\"wp-block-heading\"><strong>Petricor<\/strong><\/h2>\r\n\r\n\r\n\r\n<div id=\"advgb-cols-3b179995-c101-4099-81db-aec88363639e\" class=\"wp-block-advgb-columns advgb-columns-wrapper\">\r\n<div class=\"advgb-columns-container\">\r\n<div class=\"advgb-columns advgb-columns-row advgb-is-mobile advgb-columns-2 layout-13-23 mbl-layout-stacked gutter-40 vgutter-10\">\r\n<div id=\"advgb-col-080fdae8-ae48-4333-abe1-c17c4f1656fa\" class=\"wp-block-advgb-column advgb-column advgb-is-one-third-tablet advgb-is-full-mobile\">\r\n<div class=\"advgb-column-inner\" style=\"border-style: none; border-width: 1px;\">\r\n<figure class=\"wp-block-image\"><img decoding=\"async\" src=\"https:\/\/lh6.googleusercontent.com\/yX2mJmgAigJZWh6z2kW3K5gxnK9sSUpDzl0eo4qE7kTkhn2Iah62tIRdWRm8XJCQ0amveRRgkZLVbXbUV_FAaySy5-Xl2F2HEqtnlhEOixGT_hUmxPo-QpTy9vHnR4Y5mTp3Jc6y\" alt=\"\" \/><\/figure>\r\n<\/div>\r\n<\/div>\r\n\r\n\r\n\r\n<div id=\"advgb-col-690e2d6f-44a9-4b57-91b2-7270ec4d9073\" class=\"wp-block-advgb-column advgb-column advgb-is-two-thirds-tablet advgb-is-full-mobile\">\r\n<div class=\"advgb-column-inner\" style=\"border-style: none; border-width: 1px;\">\r\n<p>Adre\u00e7a: <strong>Jaume Soriana Sivera<\/strong><br \/>Durada: <strong>10&#039;<\/strong><br \/>Pa\u00eds: <strong>Espanya<\/strong><\/p>\r\n\r\n\r\n\r\n<p><strong>Sinopsi:<\/strong> &quot;Les sensacions que desperten els dies plujosos poden variar en q\u00fcesti\u00f3 de segons&quot;. Una hist\u00f2ria de viol\u00e8ncia de g\u00e8nere des del punt de vista dels m\u00e9s vulnerables.<\/p>\r\n<\/div>\r\n<\/div>\r\n<\/div>\r\n<\/div>\r\n<\/div>\r\n\r\n\r\n<hr class=\"wp-block-separator\" \/>\r\n\r\n\r\n<h2 class=\"wp-block-heading\"><strong>Navras<\/strong><\/h2>\r\n\r\n\r\n\r\n<div id=\"advgb-cols-e68fc599-e54c-479e-ac5b-721476286aa1\" class=\"wp-block-advgb-columns advgb-columns-wrapper\">\r\n<div class=\"advgb-columns-container\">\r\n<div class=\"advgb-columns advgb-columns-row advgb-is-mobile advgb-columns-2 layout-13-23 mbl-layout-stacked gutter-40 vgutter-10\">\r\n<div id=\"advgb-col-d5aaafca-de39-4af4-ba33-a66bbd0876c7\" class=\"wp-block-advgb-column advgb-column advgb-is-one-third-tablet advgb-is-full-mobile\">\r\n<div class=\"advgb-column-inner\" style=\"border-style: none; border-width: 1px;\">\r\n<figure class=\"wp-block-image\"><img decoding=\"async\" src=\"https:\/\/lh3.googleusercontent.com\/RtlkuKjelFroZavjbU4aAy9iAiYRsFLen2W1-8hQO2ZbFedNA3cNLVOyyuFhmpt6jRKj7YEqnrV7TDmWMT8-GEdedDNf2QC12higtx0KMkxlqqzEqQUjhem4Uc9C1OOmNtqfi3_X\" alt=\"\" \/><\/figure>\r\n<\/div>\r\n<\/div>\r\n\r\n\r\n\r\n<div id=\"advgb-col-fad9e7fe-7224-4275-b187-ede96e5cd25c\" class=\"wp-block-advgb-column advgb-column advgb-is-two-thirds-tablet advgb-is-full-mobile\">\r\n<div class=\"advgb-column-inner\" style=\"border-style: none; border-width: 1px;\">\r\n<p>Adre\u00e7a: <strong>Marco Huertas<\/strong><br \/>Durada: <strong>15&#039;<\/strong><br \/>Pa\u00eds: <strong>Espanya\/ Alemanya<\/strong><\/p>\r\n\r\n\r\n\r\n<p><strong>Sinopsi:<\/strong> documental experimental sobre la mem\u00f2ria i la visi\u00f3 oriental de la vida i la mort. Rodat a cinc pa\u00efsos al llarg de tres anys, narra viv\u00e8ncies reals del director.<\/p>\r\n<\/div>\r\n<\/div>\r\n<\/div>\r\n<\/div>\r\n<\/div>\r\n\r\n\r\n<hr class=\"wp-block-separator\" \/>\r\n\r\n\r\n<h2 class=\"wp-block-heading\"><strong>Retalls<\/strong><\/h2>\r\n\r\n\r\n\r\n<p>Adre\u00e7a: <strong>Alba Pascual Benlloch<\/strong>\u00a0<br \/>Durada: <strong>6&#039;<\/strong><br \/>Pa\u00eds: <strong>Espanya<\/strong><\/p>\r\n\r\n\r\n\r\n<p>Sin\u00f2psi: tinc una gran col\u00b7lecci\u00f3 de pel\u00b7l\u00edcules en s\u00faper 8 de la meva fam\u00edlia, per\u00f2 no tinc v\u00eddeos de quan era petita. En aquesta recerca d&#039;armar la meva pr\u00f2pia mem\u00f2ria barrejo la violaci\u00f3 i el dolor del meu cos i el de la meva mare. La mem\u00f2ria s&#039;hereta gen\u00e8ticament? Es podr\u00e0 heretar el dolor?<\/p>\r\n\r\n\r\n\r\n<figure class=\"wp-block-image\"><img decoding=\"async\" src=\"https:\/\/lh3.googleusercontent.com\/C-BXGvIntWCw_RCue6cEHd-n2-OtFosDzHafMr8OlHCQvu-0NDCfPXDSb8qOJiLQu_Txc4u-KfQ7y4rjTzJ-OTI0cylWlUX1czh5bLr_Eq9LXroukQppfFSZ15lp0Na2Pnab-jWR\" alt=\"\" \/><\/figure>\r\n\r\n\r\n<hr class=\"wp-block-separator\" \/>\r\n\r\n\r\n<h2 class=\"wp-block-heading\"><strong>falciots<\/strong><\/h2>\r\n\r\n\r\n\r\n<div id=\"advgb-cols-c2b8c8e6-f56e-496c-b7ce-d695a0842365\" class=\"wp-block-advgb-columns advgb-columns-wrapper\">\r\n<div class=\"advgb-columns-container\">\r\n<div class=\"advgb-columns advgb-columns-row advgb-is-mobile advgb-columns-2 layout-13-23 mbl-layout-stacked gutter-40 vgutter-10\">\r\n<div id=\"advgb-col-9cd80091-0a11-4710-aa55-50b24c4c8244\" class=\"wp-block-advgb-column advgb-column advgb-is-one-third-tablet advgb-is-full-mobile\">\r\n<div class=\"advgb-column-inner\" style=\"border-style: none; border-width: 1px;\">\r\n<figure class=\"wp-block-image\"><img decoding=\"async\" src=\"https:\/\/lh4.googleusercontent.com\/zMRs7wUP_-Rq5JpaTTCrGgFljj00CmbtLisJpF2vgLb_JdQQUbtDz4LD91gNthvJjzUS0KRnjhP0vW4qJNUPBOZ5kzbsAR-Rr7NYzcylMQ59DIpCylMB7sh-tavLUkbpT0gOD4x9\" alt=\"\" \/><\/figure>\r\n<\/div>\r\n<\/div>\r\n\r\n\r\n\r\n<div id=\"advgb-col-0e36c5af-a646-49e5-bb56-1cbee0157822\" class=\"wp-block-advgb-column advgb-column advgb-is-two-thirds-tablet advgb-is-full-mobile\">\r\n<div class=\"advgb-column-inner\" style=\"border-style: none; border-width: 1px;\">\r\n<p>Adre\u00e7a: <strong>Ra\u00fal Riebenbauer<\/strong><br \/>Durada: <strong>6&#039;<\/strong><br \/>Pa\u00eds: <strong>Espanya<\/strong><\/p>\r\n\r\n\r\n\r\n<p><strong>Sinopsi:<\/strong> Entre mar\u00e7 i abril del 2020 gaireb\u00e9 tota la humanitat ha quedat confinada a casa per la pand\u00e8mia del coronavirus Covid-19. Aquest tancament de final incert els ha revelat a molts el valor incalculable d&#039;una simple finestra. Per\u00f2, tots en tenen una?<br \/><br \/><\/p>\r\n<\/div>\r\n<\/div>\r\n<\/div>\r\n<\/div>\r\n<\/div>\r\n\r\n\r\n<hr class=\"wp-block-separator\" \/>\r\n\r\n\r\n<h2 class=\"wp-block-heading\"><strong>On ets tu? (On eres tu?)<\/strong><\/h2>\r\n\r\n\r\n\r\n<p>Adre\u00e7a: <strong>Maria Tr\u00e9nor<\/strong><br \/>Durada: <strong>19&#039;<\/strong><br \/>Pa\u00eds: <strong>Espanya<\/strong><\/p>\r\n\r\n\r\n\r\n<p><strong>Sinopsi:<\/strong> \u201cOn eres tu?\u201d ens interpel\u00b7la directament per fer-nos reflexionar davant d&#039;aquesta realitat transversal i universal que \u00e9s la viol\u00e8ncia contra les dones. Viol\u00e8ncies quotidianes, subtils o brutals, totes terribles i intolerables. Viv\u00e8ncies comptades en diferents idiomes i des de diferents pa\u00efsos. Una pel\u00b7l\u00edcula que harmonitza el rigor del testimoniatge real amb l&#039;evocaci\u00f3 i la for\u00e7a visual de l&#039;animaci\u00f3.<\/p>\r\n\r\n\r\n\r\n<figure class=\"wp-block-image\"><img decoding=\"async\" src=\"https:\/\/lh3.googleusercontent.com\/qpUNR--hKFnzdYUupcIeMSzEl80kEfACammiXAQDcb1bc-n7ZU3wkQKJVuOA8Bq_EgOUlmKpDvXIGyfGN4R705flA1_8K8hJvsWFUqQfJSD1shzzrbLx5n5_0s54uRWkA5bryPMf\" alt=\"\" \/><\/figure>\r\n\r\n\r\n<hr class=\"wp-block-separator\" \/>\r\n\r\n\r\n<h2 class=\"wp-block-heading\"><strong>Asha <\/strong><\/h2>\r\n\r\n\r\n\r\n<div id=\"advgb-cols-153b5f9e-d957-4dd1-9141-0b08c486bc1f\" class=\"wp-block-advgb-columns advgb-columns-wrapper\">\r\n<div class=\"advgb-columns-container\">\r\n<div class=\"advgb-columns advgb-columns-row advgb-is-mobile advgb-columns-2 layout-13-23 mbl-layout-stacked gutter-40 vgutter-10\">\r\n<div id=\"advgb-col-655a807d-8a6c-4a91-8d84-ebd1a7383272\" class=\"wp-block-advgb-column advgb-column advgb-is-one-third-tablet advgb-is-full-mobile\">\r\n<div class=\"advgb-column-inner\" style=\"border-style: none; border-width: 1px;\">\r\n<figure class=\"wp-block-image\"><img decoding=\"async\" src=\"https:\/\/lh3.googleusercontent.com\/EhJzJtSjr8ZNkcVWmIIJGm-C5jt81DnoNc8vbGa37Y3P5ubN3RL89aGJ2nvZNSw3uTq532ekMUb0Q9mLUUHq-pTJAdXir2n9mFNRFcgC6OCI-0d9LlXpnGy7wnD1jZSq5ZvwX4oL\" alt=\"\" \/><\/figure>\r\n<\/div>\r\n<\/div>\r\n\r\n\r\n\r\n<div id=\"advgb-col-80ed9906-649b-4235-b040-c74928b18a99\" class=\"wp-block-advgb-column advgb-column advgb-is-two-thirds-tablet advgb-is-full-mobile\">\r\n<div class=\"advgb-column-inner\" style=\"border-style: none; border-width: 1px;\">\r\n<p>Adre\u00e7a: <strong>Alberto Pla<\/strong>\u00a0<br \/>Durada: <strong>30&#039;<\/strong><br \/>Pa\u00eds: <strong>Espanya<\/strong><\/p>\r\n\r\n\r\n\r\n<p><strong>Sinopsi:<\/strong> Asha recull els testimonis de diverses dones a trav\u00e9s del viatge i la veu d&#039;Iris Lezcano que han patit lepra a l&#039;\u00cdndia, aix\u00ed com el treball de prevenci\u00f3, tractament, suport i inserci\u00f3 sociolaboral que desenvolupa Fontilles en aquest pa\u00eds.<\/p>\r\n<\/div>\r\n<\/div>\r\n<\/div>\r\n<\/div>\r\n<\/div>\r\n\r\n\r\n<hr class=\"wp-block-separator\" \/>\r\n\r\n\r\n<h2 class=\"wp-block-heading\"><strong>Apatxe<\/strong><\/h2>\r\n\r\n\r\n\r\n<div id=\"advgb-cols-a5df5e7b-64e3-4671-b3e6-6a72ede54d25\" class=\"wp-block-advgb-columns advgb-columns-wrapper\">\r\n<div class=\"advgb-columns-container\">\r\n<div class=\"advgb-columns advgb-columns-row advgb-is-mobile advgb-columns-2 layout-13-23 mbl-layout-stacked gutter-40 vgutter-10\">\r\n<div id=\"advgb-col-d352d46d-8bf7-4796-9c0f-c691b2ae8686\" class=\"wp-block-advgb-column advgb-column advgb-is-one-third-tablet advgb-is-full-mobile\">\r\n<div class=\"advgb-column-inner\" style=\"border-style: none; border-width: 1px;\">\r\n<figure class=\"wp-block-image\"><img decoding=\"async\" src=\"https:\/\/lh6.googleusercontent.com\/JtMTJV3zwyqz_iKjBxvxmSreiT7xLJkjE-Npw2YxQWjl67p1_Tika-FbTQ4vfSC3wOurQdnB8Q_2WbgP2KSF0Nw0lgb59ckFUmH5LZTbmYMzuGX1-fMrqTE09EFvEwkkgpqbd_LZ\" alt=\"\" \/><\/figure>\r\n<\/div>\r\n<\/div>\r\n\r\n\r\n\r\n<div id=\"advgb-col-e08b5088-ecda-425b-8d61-be4db1fe1c8c\" class=\"wp-block-advgb-column advgb-column advgb-is-two-thirds-tablet advgb-is-full-mobile\">\r\n<div class=\"advgb-column-inner\" style=\"border-style: none; border-width: 1px;\">\r\n<p>Adre\u00e7a: <strong>Octavi Guerra<\/strong><br \/>Durada: <strong>20&#039;<\/strong><br \/>Pa\u00eds: <strong>Espanya<\/strong><\/p>\r\n\r\n\r\n\r\n<p><strong>Sinopsi:<\/strong> Despr\u00e9s de 10 anys de viure al carrer i alcohol, Jes\u00fas intenta reinserir-se a la societat mitjan\u00e7ant un programa social. Despr\u00e9s de dos anys d&#039;obligacions, normes i compartir pis amb altres usuaris, comen\u00e7a a adonar-se que no tornar\u00e0 a tenir mai una vida aut\u00f2noma. La seva manera de fugir cap endavant i sentir la llibertat \u00e9s corrent.<\/p>\r\n<\/div>\r\n<\/div>\r\n<\/div>\r\n<\/div>\r\n<\/div>\r\n\r\n\r\n<hr class=\"wp-block-separator\" \/>\r\n\r\n\r\n<h2 class=\"wp-block-heading\"><strong>Stanbrook<\/strong><\/h2>\r\n\r\n\r\n\r\n<div id=\"advgb-cols-3385aa85-c4ec-42d4-8128-f6f1bf31052d\" class=\"wp-block-advgb-columns advgb-columns-wrapper\">\r\n<div class=\"advgb-columns-container\">\r\n<div class=\"advgb-columns advgb-columns-row advgb-is-mobile advgb-columns-2 layout-13-23 mbl-layout-stacked gutter-40 vgutter-10\">\r\n<div id=\"advgb-col-1f60dae6-bc79-43a9-bae1-2da92ba81425\" class=\"wp-block-advgb-column advgb-column advgb-is-one-third-tablet advgb-is-full-mobile\">\r\n<div class=\"advgb-column-inner\" style=\"border-style: none; border-width: 1px;\">\r\n<figure class=\"wp-block-image\"><img decoding=\"async\" src=\"https:\/\/lh4.googleusercontent.com\/NTC1ZiTEfrxRqdzBZOzkWvA4_3432W0pVU4tcIuXZY_MPkoGCRzEQx7rLI00UYD-eiljaAHFxUdox0SOfPoWVKPhJOdaehcQEnbkUsJFbkfkym3-WpzmC31VAgfUpJF2sYjWqwK_\" alt=\"\" \/><\/figure>\r\n<\/div>\r\n<\/div>\r\n\r\n\r\n\r\n<div id=\"advgb-col-0540b11c-0fa3-4b2d-8074-c3f1953b5983\" class=\"wp-block-advgb-column advgb-column advgb-is-two-thirds-tablet advgb-is-full-mobile\">\r\n<div class=\"advgb-column-inner\" style=\"border-style: none; border-width: 1px;\">\r\n<p>Adre\u00e7a: <strong>\u00d3scar Bern\u00e0cer<\/strong><br \/>Durada: <strong>19&#039;<\/strong><br \/>Pa\u00eds: <strong>Espanya<\/strong><\/p>\r\n\r\n\r\n\r\n<p><strong>Sinopsi:<\/strong> Port d&#039;Alacant, 28 de mar\u00e7 de 1939. El capit\u00e0 de l&#039;Stanbrook, Archibald Dickson i la seva tripulaci\u00f3 esperen l&#039;arribada d&#039;un carregament. Des del seu vaixell assisteixen als darrers dies de la Guerra Civil Espanyola i el caos s&#039;apodera de la ciutat. Al port s&#039;amunteguen milers de persones que esperen per vaixells noliejats que els portin a l&#039;exili. Joan ha perdut la seva dona i espera, amb la seva filla, un vaixell, per\u00f2 aquests no arriben. El capit\u00e0 Dickson assumir\u00e0 la responsabilitat d&#039;embarcar i evacuar gaireb\u00e9 3.000 persones condemnades a patir la implacable repressi\u00f3 franquista.<\/p>\r\n<\/div>\r\n<\/div>\r\n<\/div>\r\n<\/div>\r\n<\/div>\r\n\r\n\r\n<hr class=\"wp-block-separator\" \/>\r\n\r\n\r\n<h2 class=\"wp-block-heading\"><strong>Vinc de les onades<\/strong><\/h2>\r\n\r\n\r\n\r\n<div id=\"advgb-cols-bb22bcc5-ca9a-4fc0-a3dd-a93d743a153b\" class=\"wp-block-advgb-columns advgb-columns-wrapper\">\r\n<div class=\"advgb-columns-container\">\r\n<div class=\"advgb-columns advgb-columns-row advgb-is-mobile advgb-columns-2 layout-13-23 mbl-layout-stacked gutter-40 vgutter-10\">\r\n<div id=\"advgb-col-d9330bdd-33a1-4ecf-a6f3-a2ca1421a72e\" class=\"wp-block-advgb-column advgb-column advgb-is-one-third-tablet advgb-is-full-mobile\">\r\n<div class=\"advgb-column-inner\" style=\"border-style: none; border-width: 1px;\">\r\n<figure class=\"wp-block-image\"><img decoding=\"async\" src=\"https:\/\/lh4.googleusercontent.com\/t5X2b9Z_gQDCkCfZDSDio_BOuorVRBn5Xu0_nhHK1ojNceicCYatZsuSV0qXX4D8e2OolrNUu5XE1iZY9FmTC5WKS7Q7yPSIYjTfh-RiX3LD8wmEt28AEhM0jGIrCP0HbceYR_E7\" alt=\"\" \/><\/figure>\r\n<\/div>\r\n<\/div>\r\n\r\n\r\n\r\n<div id=\"advgb-col-27588990-f2ca-41d2-bd39-f7685a7f3aad\" class=\"wp-block-advgb-column advgb-column advgb-is-two-thirds-tablet advgb-is-full-mobile\">\r\n<div class=\"advgb-column-inner\" style=\"border-style: none; border-width: 1px;\">\r\n<p>Adre\u00e7a: <strong>Sergio Ja\u00e9n<\/strong><br \/>Durada: <strong>20&#039;<\/strong><br \/>Pa\u00eds: <strong>Espanya<\/strong><\/p>\r\n\r\n\r\n\r\n<p><strong>Sinopsi:<\/strong> 629 refugiats cansats i exhausts es dirigeixen a Espanya a l&#039;Aquarius despr\u00e9s de negar-los l&#039;entrada a diferents pa\u00efsos durant 8 dies. M\u00e9s d&#039;una setmana atrapats al bell mig del mar Mediterrani. Ara a la ciutat espanyola d&#039;Elx, 2 anys despr\u00e9s que el vaixell arribar\u00e0 al port de Val\u00e8ncia, ens trobem amb Abdelali, Meryem i Miral, de 2 anys, una de les fam\u00edlies que van estar a bord d&#039;aquesta horrible experi\u00e8ncia, intentant escapar-se i trobar un futur.<\/p>\r\n<\/div>\r\n<\/div>\r\n<\/div>\r\n<\/div>\r\n<\/div>\r\n\r\n\r\n<hr class=\"wp-block-separator\" \/>\r\n\r\n\r\n<h2 class=\"wp-block-heading\"><strong>I tanmateix<\/strong><\/h2>\r\n\r\n\r\n\r\n<div id=\"advgb-cols-e56d1292-b508-4834-903e-184753e2ac32\" class=\"wp-block-advgb-columns advgb-columns-wrapper\">\r\n<div class=\"advgb-columns-container\">\r\n<div class=\"advgb-columns advgb-columns-row advgb-is-mobile advgb-columns-2 layout-13-23 mbl-layout-stacked gutter-40 vgutter-10\">\r\n<div id=\"advgb-col-5ed16388-d5eb-46c0-9156-f4395560af4a\" class=\"wp-block-advgb-column advgb-column advgb-is-one-third-tablet advgb-is-full-mobile\">\r\n<div class=\"advgb-column-inner\" style=\"border-style: none; border-width: 1px;\">\r\n<figure class=\"wp-block-image\"><img decoding=\"async\" src=\"https:\/\/lh4.googleusercontent.com\/mDv1GnS2FwCxC0WlqrgxVzmLz0RnhXMncjBTX341stUG3V9rMZOZ9w1TGlX9GK0qClzebgZuKW8FZI-0UlYZWgf7cQqG6tK9PQV2lBaH9e8HuGKFdSFx2_SYk3MohRg-NOJHBrf7\" alt=\"\" \/><\/figure>\r\n<\/div>\r\n<\/div>\r\n\r\n\r\n\r\n<div id=\"advgb-col-dc8ca29e-3c14-4c66-86f0-c55e3f258982\" class=\"wp-block-advgb-column advgb-column advgb-is-two-thirds-tablet advgb-is-full-mobile\">\r\n<div class=\"advgb-column-inner\" style=\"border-style: none; border-width: 1px;\">\r\n<p>Adre\u00e7a: <strong>Abert Fabregat, Cristian Marano, Hanz Rippe i Paula Pi\u00f1\u00f3n<\/strong><br \/>Durada: <strong>14&#039;<\/strong><br \/>Pa\u00eds: <strong>Espanya<\/strong><\/p>\r\n\r\n\r\n\r\n<p><strong>Sinopsi<\/strong>: Des de setembre 2019 es va viure a Cuba una asfixiant crisi de combustible a causa de la intensificaci\u00f3 de l&#039;embargament econ\u00f2mic, comercial i financer (tamb\u00e9 conegut com a &#039;bloqueig&#039;) per part dels Estats Units. I no obstant, la poblaci\u00f3 es mant\u00e9 forta i amb ganes de tirar endavant. Aquest documental, allunyat de qualsevol discurs institucional, d\u00f3na veu a aquest poble.\u00a0<\/p>\r\n<\/div>\r\n<\/div>\r\n<\/div>\r\n<\/div>\r\n<\/div>\r\n\r\n\r\n<hr class=\"wp-block-separator\" \/>\r\n\r\n\r\n<h2 class=\"wp-block-heading\"><strong>Limbe<\/strong><\/h2>\r\n\r\n\r\n\r\n<div id=\"advgb-cols-c5aef1ea-8cd4-49c3-8cfa-9268cca8fe7e\" class=\"wp-block-advgb-columns advgb-columns-wrapper\">\r\n<div class=\"advgb-columns-container\">\r\n<div class=\"advgb-columns advgb-columns-row advgb-is-mobile advgb-columns-2 layout-13-23 mbl-layout-stacked gutter-40 vgutter-10\">\r\n<div id=\"advgb-col-faa483f7-2b2f-49de-b338-35e900b49ce9\" class=\"wp-block-advgb-column advgb-column advgb-is-one-third-tablet advgb-is-full-mobile\">\r\n<div class=\"advgb-column-inner\" style=\"border-style: none; border-width: 1px;\">\r\n<figure class=\"wp-block-image\"><img decoding=\"async\" src=\"https:\/\/lh6.googleusercontent.com\/axbco2jO7-P5rbkjalDelPO1YsiEoLPZ4UwT68NyzcF9ZEVqR5eDI6LRpyHVwSEC9QcKyS89a270BKvSbslwKyJEOdRRx0OQn2WtsJ1zi1qy4xhKsKTMxr2-z4qo-n8s39aLzJp_\" alt=\"\" \/><\/figure>\r\n<\/div>\r\n<\/div>\r\n\r\n\r\n\r\n<div id=\"advgb-col-3fe7e248-d440-459c-95f0-0a5dbfb71f27\" class=\"wp-block-advgb-column advgb-column advgb-is-two-thirds-tablet advgb-is-full-mobile\">\r\n<div class=\"advgb-column-inner\" style=\"border-style: none; border-width: 1px;\">\r\n<p>Adre\u00e7a: <strong>Pablo Esparza Altuna i Juan Paullier<\/strong><br \/>Durada: <strong>13&#039;<\/strong><br \/>Pa\u00eds: <strong>Espanya\/ Uruguai<\/strong><\/p>\r\n\r\n\r\n\r\n<p><strong>Sinopsi:<\/strong> dues fam\u00edlies esperen a Anguish, un petit llogaret del Marroc, pel retorn dels cossos dels seus familiars. Ells van morir mentre intentaven arribar a Espanya en una llanxa que va naufragar. <\/p>\r\n<\/div>\r\n<\/div>\r\n<\/div>\r\n<\/div>\r\n<\/div>","protected":false},"excerpt":{"rendered":"<p>Con la finalidad de potenciar el cine local con contenidos relacionados con los derechos humanos, hemos creado una secci\u00f3n competitiva dedicada exclusivamente a los cortos valencianos y\u00a0adem\u00e1s reconoce el mejor cortometraje realizado por estudiantes.\u00a0 Secci\u00f3n Humans VLC de cortometrajes 2021\ud83d\udd52 18:00\ud83d\udccd\u00a0SGAE \ud83d\uddd3\u00a017.02.2021 &#8211; Primera Sesi\u00f3n \ud83c\udf9f ENTRADAS 17.02 Esperanza La noche de los hombres Los [&hellip;]<\/p>\n","protected":false},"author":2,"featured_media":0,"parent":2186,"menu_order":4,"comment_status":"closed","ping_status":"closed","template":"","meta":{"_et_pb_use_builder":"","_et_pb_old_content":"","_et_gb_content_width":"","_uf_show_specific_survey":0,"_uf_disable_surveys":false,"footnotes":""},"class_list":["post-2201","page","type-page","status-publish","hentry"],"aioseo_notices":[],"_links":{"self":[{"href":"https:\/\/fundacionporlajusticia.org\/va\/wp-json\/wp\/v2\/pages\/2201","targetHints":{"allow":["GET"]}}],"collection":[{"href":"https:\/\/fundacionporlajusticia.org\/va\/wp-json\/wp\/v2\/pages"}],"about":[{"href":"https:\/\/fundacionporlajusticia.org\/va\/wp-json\/wp\/v2\/types\/page"}],"author":[{"embeddable":true,"href":"https:\/\/fundacionporlajusticia.org\/va\/wp-json\/wp\/v2\/users\/2"}],"replies":[{"embeddable":true,"href":"https:\/\/fundacionporlajusticia.org\/va\/wp-json\/wp\/v2\/comments?post=2201"}],"version-history":[{"count":3,"href":"https:\/\/fundacionporlajusticia.org\/va\/wp-json\/wp\/v2\/pages\/2201\/revisions"}],"predecessor-version":[{"id":3577,"href":"https:\/\/fundacionporlajusticia.org\/va\/wp-json\/wp\/v2\/pages\/2201\/revisions\/3577"}],"up":[{"embeddable":true,"href":"https:\/\/fundacionporlajusticia.org\/va\/wp-json\/wp\/v2\/pages\/2186"}],"wp:attachment":[{"href":"https:\/\/fundacionporlajusticia.org\/va\/wp-json\/wp\/v2\/media?parent=2201"}],"curies":[{"name":"wp","href":"https:\/\/api.w.org\/{rel}","templated":true}]}}