{"id":2183,"date":"2019-10-03T09:09:56","date_gmt":"2019-10-03T09:09:56","guid":{"rendered":"https:\/\/fundacionporlajusticia.accesia.info\/?page_id=5766"},"modified":"2022-03-21T16:21:33","modified_gmt":"2022-03-21T16:21:33","slug":"2020-noticias","status":"publish","type":"page","link":"https:\/\/fundacionporlajusticia.org\/va\/humansfest\/2020-edicion\/2020-noticias\/","title":{"rendered":"2020 \u2013 Not\u00edcies"},"content":{"rendered":"<h2>Not\u00edcies<br><\/h2>\n<hr>\n\n\n\n<h4 style=\"color:#002b9e;\">20minuts | 20.01.2020<\/h4>\n<p><strong>La corrupci\u00f3, lema de l&#039;Humans Fest 2020 que tindr\u00e0 com a novetat pel\u00b7l\u00edcules de ficci\u00f3 <\/strong>\n<br>El Festival de Cinema Internacional de Drets Humans Humans Fest 2020, que tindr\u00e0 lloc del 18 de febrer a l&#039;1 de mar\u00e7, t\u00e9 com a lema la corrupci\u00f3 i incorpora com a novetats en aquesta XI edici\u00f3 les pel\u00b7l\u00edcules de ficci\u00f3 i una secci\u00f3 de curtmetratges valencians relacionats amb el art social.\n<br><a href=\"https:\/\/www.20minutos.es\/noticia\/4135032\/0\/la-corrupcion-lema-del-humans-fest-2020-que-tendra-como-novedad-peliculas-de-ficcion\/\" target=\"_blank\" rel=\"noopener noreferrer\">Llegir la not\u00edcia<\/a><\/p>\n\n<h4 style=\"color:#002b9e;\">La Vanguardia | 24.09.2019<\/h4>\n<p><strong>El cineasta Samuel Sebasti\u00e1n pren les regnes de Humans Fest en una edici\u00f3 que recolzar\u00e0 la producci\u00f3 local <\/strong>\n<br>El festival assumeix el comprom\u00eds de reduir l&#039;impacte mediambiental mitjan\u00e7ant la creaci\u00f3 de Humans Film-Zero: la creaci\u00f3 de produccions cinematogr\u00e0fiques ecol\u00f2giques que facin servir paper reciclat i que siguin petjada ecol\u00f2gica.\n<br><a href=\"https:\/\/www.lavanguardia.com\/local\/valencia\/20190924\/47620308585\/el-cineasta-samuel-sebastian-toma-las-riendas-de-humans-fest-en-una-edicion-que-apoyara-la-produccion-local.html\" target=\"_blank\" rel=\"noopener noreferrer\">Llegir la not\u00edcia<\/a><\/p>\n\n<h4 style=\"color:#002b9e;\">Val\u00e8ncia Pla\u00e7a \u2013 Culturpla\u00e7a | 24.09.2019<\/h4>\n<p><strong>L&#039;Humans Fest pren consci\u00e8ncia sobre l&#039;emerg\u00e8ncia clim\u00e0tica a la seva XI edici\u00f3 <\/strong>\n<br>El festival assumeix el comprom\u00eds de reduir l&#039;impacte mediambiental mitjan\u00e7ant la creaci\u00f3 de Humans Film-Zero: la creaci\u00f3 de produccions cinematogr\u00e0fiques ecol\u00f2giques que facin servir paper reciclat i que siguin petjada ecol\u00f2gica.\n<br><a href=\"https:\/\/valenciaplaza.com\/el-humans-fest-celebra-su-xi-edicion-presentando-el-humans-film-zero\" target=\"_blank\" rel=\"noopener noreferrer\">Llegir la not\u00edcia<\/a><\/p>\n\n<h4 style=\"color:#002b9e;\">20minuts | 24.09.2019<\/h4>\n<p><strong>El cineasta Samuel Sebasti\u00e1n pren les regnes de Humans Fest en una edici\u00f3 que recolzar\u00e0 la producci\u00f3 local<\/strong>\n<br>El Festival Internacional de Cinema i Drets Humans de Val\u00e8ncia Humans Fest celebrar\u00e0 la seva onzena edici\u00f3 del 21 de febrer a l&#039;1 de mar\u00e7, amb el cineasta i gestor cinematogr\u00e0fic Samuel Sebasti\u00e1n com a nou director. En aquesta edici\u00f3 es buscar\u00e0 recolzar les produccions locals valencianes i adquirir\u00e0 un comprom\u00eds contra l&#039;emerg\u00e8ncia clim\u00e0tica.\n<br><a href=\"https:\/\/www.20minutos.es\/noticia\/3776131\/0\/cineasta-samuel-sebastian-toma-riendas-humans-fest-edicion-que-apoyara-produccion-local\/\" target=\"_blank\" rel=\"noopener noreferrer\">Llegir la not\u00edcia<\/p>","protected":false},"excerpt":{"rendered":"<p>Noticias 20minutos | 20.01.2020 La corrupci\u00f3n, lema del Humans Fest 2020 que tendr\u00e1 como novedad pel\u00edculas de ficci\u00f3n El Festival de Cine Internacional de Derechos Humanos Humans Fest 2020, que tendr\u00e1 lugar del 18 de febrero al 1 de marzo, tiene como lema la corrupci\u00f3n e incorpora como novedades en esta XI edici\u00f3n las pel\u00edculas [&hellip;]<\/p>\n","protected":false},"author":2,"featured_media":0,"parent":2079,"menu_order":0,"comment_status":"closed","ping_status":"closed","template":"","meta":{"_et_pb_use_builder":"","_et_pb_old_content":"","_et_gb_content_width":"","_uf_show_specific_survey":0,"_uf_disable_surveys":false,"footnotes":""},"class_list":["post-2183","page","type-page","status-publish","hentry"],"aioseo_notices":[],"_links":{"self":[{"href":"https:\/\/fundacionporlajusticia.org\/va\/wp-json\/wp\/v2\/pages\/2183","targetHints":{"allow":["GET"]}}],"collection":[{"href":"https:\/\/fundacionporlajusticia.org\/va\/wp-json\/wp\/v2\/pages"}],"about":[{"href":"https:\/\/fundacionporlajusticia.org\/va\/wp-json\/wp\/v2\/types\/page"}],"author":[{"embeddable":true,"href":"https:\/\/fundacionporlajusticia.org\/va\/wp-json\/wp\/v2\/users\/2"}],"replies":[{"embeddable":true,"href":"https:\/\/fundacionporlajusticia.org\/va\/wp-json\/wp\/v2\/comments?post=2183"}],"version-history":[{"count":2,"href":"https:\/\/fundacionporlajusticia.org\/va\/wp-json\/wp\/v2\/pages\/2183\/revisions"}],"predecessor-version":[{"id":3480,"href":"https:\/\/fundacionporlajusticia.org\/va\/wp-json\/wp\/v2\/pages\/2183\/revisions\/3480"}],"up":[{"embeddable":true,"href":"https:\/\/fundacionporlajusticia.org\/va\/wp-json\/wp\/v2\/pages\/2079"}],"wp:attachment":[{"href":"https:\/\/fundacionporlajusticia.org\/va\/wp-json\/wp\/v2\/media?parent=2183"}],"curies":[{"name":"wp","href":"https:\/\/api.w.org\/{rel}","templated":true}]}}