{"id":2149,"date":"2019-01-30T16:16:03","date_gmt":"2019-01-30T16:16:03","guid":{"rendered":"https:\/\/fundacionporlajusticia.accesia.info\/es\/?page_id=5147"},"modified":"2022-03-21T16:20:50","modified_gmt":"2022-03-21T16:20:50","slug":"2020-cine-barretxat","status":"publish","type":"page","link":"https:\/\/fundacionporlajusticia.org\/va\/humansfest\/2020-edicion\/2020-programacion\/2020-seccion-humans-vlc\/2020-cine-barretxat\/","title":{"rendered":"2020 \u2013 Cinema Barretxat"},"content":{"rendered":"<p>Produccions valencianes en mat\u00e8ria de DDHH<\/p>\n<p>COL\u00b7LEGI MAJOR RECTOR PESET<\/p>\n<p>&nbsp;<\/p>\n<p><strong>DILLUN 18 FEB | 19h<\/strong><\/p>\n<p>ESTA LLUITA \u00c9S PER LA VIDA realitzat per la Brigada Feminista per Plaestina<\/p>\n<p>74&#039; | 2018 | Documental | Espanya<\/p>\n<p>Debat posterior amb BRIGADA FEMINISTA PER PALESTINA<\/p>\n<p>SINOPSI<\/p>\n<p>Relat en primera persona de diferents dones palestines les lluites de les quals, a nivell individual i col\u00b7lectiu, s&#039;emmarquen dins la quotidianitat de viure sota un r\u00e8gim colonial d&#039;ocupaci\u00f3. Des de diferents \u00e0mbits de milit\u00e0ncia contribueixen, amb el seu relat personal, a visibilitzar les reivindicacions hist\u00f2riques i actuals.<\/p>\n<p>\u00abAquesta lluita \u00e9s per la vida\u00bb \u00e9s el relat en primera persona de diferents dons palestins, les lluites de les quals, a nivell individual i col\u00b7lectiu, s&#039;emmarquin dins la quotidianitat de viure sota un r\u00e8gim colonial d&#039;ocupaci\u00f3. Des de diferents \u00e0mbits de milit\u00e0ncia contribueixen, amb el seu relat personal, a visibilitzar les seves reivindicacions hist\u00f2riques i actuals.<\/p>\n<p>&nbsp;<\/p>\n<p><strong>DIMECRES 20 FEB | 19h<\/strong><\/p>\n<p>Projecci\u00f3 TIGERNUT d&#039;EVA FERN\u00c1NDEZ I ANDONI MONFORTE<\/p>\n<p>50&#039; | 2018 | Documental | BURKINA FASO, MALI, ESPANYA I ALEMANYA<\/p>\n<p>Debat posterior amb Llanos Rodriguez de CIM Burquina i Acci\u00f3 Ecologista Agr\u00f3<\/p>\n<p>SINOPSI<\/p>\n<p>Aquest documental destapa una suposada trama internacional de suposades corrupci\u00f3 i abusos de companyies valencianes que espolien recursos a l&#039;\u00c0frica al sector de la xufa (\u201ctigernut\u201d en angl\u00e8s), el nou s\u00faper-aliment de moda a tot el m\u00f3n occidental.<\/p>\n<p>Tot comen\u00e7a quan un venedor ambulant d&#039;orxata descobreix una presumpta i generalitzada estafa internacional en la comercialitzaci\u00f3 de la xufa com Superfood als EUA, el Jap\u00f3, It\u00e0lia, Alemanya i altres pa\u00efsos europeus, i decideix emprendre un trepidant viatge a l&#039;\u00c0frica per investigar el origen de la xufa d?un obscur entramat d?empreses que est\u00e0 guanyant milions de d\u00f2lars a Val\u00e8ncia. Escandalitzat davant del que va esbrinant, un viatge que duraria una setmana es converteix en una \u201caventura\u201d de 3.000 km a la recerca de respostes que destapen noves inc\u00f2gnites que han de ser resoltes. Pel cam\u00ed va descobrint com milers de fam\u00edlies v\u00edctimes lluiten per trobar una soluci\u00f3 justa (despr\u00e9s de 20 anys d&#039;espoliaci\u00f3 sistem\u00e0tica de la seva terra) a trav\u00e9s d&#039;iniciatives com la cooperativa Mousso Faso, nascuda a Ouagadougu (Burkina Faso) a finals del 2017.<\/p>","protected":false},"excerpt":{"rendered":"<p>Producciones valencianas en materia de DDHH COLEGIO MAYOR RECTOR PESET &nbsp; LUN 18 FEB | 19h AQUESTA LLUITA ES PER LA VIDA realizado por la Brigada Feminista per Plaestina 74\u2019 | 2018 | Documental | Espa\u00f1a Debate posterior con BRIGADA FEMINISTA PER PALESTINA SINOPSIS Relato en primera persona de diferentes mujeres palestinas las luchas de [&hellip;]<\/p>\n","protected":false},"author":2,"featured_media":0,"parent":2136,"menu_order":1,"comment_status":"closed","ping_status":"closed","template":"","meta":{"_et_pb_use_builder":"","_et_pb_old_content":"","_et_gb_content_width":"","_uf_show_specific_survey":0,"_uf_disable_surveys":false,"footnotes":""},"class_list":["post-2149","page","type-page","status-publish","hentry"],"aioseo_notices":[],"_links":{"self":[{"href":"https:\/\/fundacionporlajusticia.org\/va\/wp-json\/wp\/v2\/pages\/2149","targetHints":{"allow":["GET"]}}],"collection":[{"href":"https:\/\/fundacionporlajusticia.org\/va\/wp-json\/wp\/v2\/pages"}],"about":[{"href":"https:\/\/fundacionporlajusticia.org\/va\/wp-json\/wp\/v2\/types\/page"}],"author":[{"embeddable":true,"href":"https:\/\/fundacionporlajusticia.org\/va\/wp-json\/wp\/v2\/users\/2"}],"replies":[{"embeddable":true,"href":"https:\/\/fundacionporlajusticia.org\/va\/wp-json\/wp\/v2\/comments?post=2149"}],"version-history":[{"count":1,"href":"https:\/\/fundacionporlajusticia.org\/va\/wp-json\/wp\/v2\/pages\/2149\/revisions"}],"predecessor-version":[{"id":3470,"href":"https:\/\/fundacionporlajusticia.org\/va\/wp-json\/wp\/v2\/pages\/2149\/revisions\/3470"}],"up":[{"embeddable":true,"href":"https:\/\/fundacionporlajusticia.org\/va\/wp-json\/wp\/v2\/pages\/2136"}],"wp:attachment":[{"href":"https:\/\/fundacionporlajusticia.org\/va\/wp-json\/wp\/v2\/media?parent=2149"}],"curies":[{"name":"wp","href":"https:\/\/api.w.org\/{rel}","templated":true}]}}