{"id":2084,"date":"2019-01-30T18:12:38","date_gmt":"2019-01-30T18:12:38","guid":{"rendered":"https:\/\/fundacionporlajusticia.accesia.info\/es\/?page_id=5242"},"modified":"2022-03-21T16:19:08","modified_gmt":"2022-03-21T16:19:08","slug":"2020-programacion","status":"publish","type":"page","link":"https:\/\/fundacionporlajusticia.org\/va\/humansfest\/2020-edicion\/2020-programacion\/","title":{"rendered":"2020 \u2013 Programaci\u00f3"},"content":{"rendered":"<h1><b>X EDICI\u00d3 HUMANS FEST<\/b><\/h1>\n<p>&nbsp;<\/p>\n<p><b>PROGRAMACI\u00d3<\/b><\/p>\n<h2><\/h2>\n<h3><span style=\"font-weight: 400;\">Dimecres 13 de febrer de 2019<\/span><\/h3>\n<h2><\/h2>\n<h4><b>11.00h PREFEST \u2013 CENTRE PENITENCIARI PICASSENT<\/b><\/h4>\n<p><i>\u201cEl desenterrament\u201d de Nacho Ruip\u00e9rez<\/i><\/p>\n<p><i><span style=\"font-weight: 400;\">projecci\u00f3 especial amb la pres\u00e8ncia del director i l&#039;equip Humans Fest <\/span><\/i><\/p>\n<p>&nbsp;<\/p>\n<h3><span style=\"font-weight: 400;\">Dijous 14 de febrer de 2019 \u00a0<\/span><\/h3>\n<h4><b>20.00h TEATRE TALIA <\/b><\/h4>\n<p><span style=\"font-weight: 400;\">Inauguraci\u00f3 de l&#039;Humans Fest. <\/span><span style=\"font-weight: 400;\">Lliurament del premi Pau i Just\u00edcia <\/span><\/p>\n<p><span style=\"font-weight: 400;\">Presenta: Liz Dust <\/span><\/p>\n<p><span style=\"font-weight: 400;\">Entrada gratu\u00efta.<\/span><\/p>\n<p><span style=\"font-weight: 400;\"><br \/>\n<\/span><b>20.30h* \u00a0<\/b><span style=\"font-weight: 400;\">Projecci\u00f3 inaugural.<\/span><span style=\"font-weight: 400;\"> El Silenci d&#039;altres <\/span><\/p>\n<p><span style=\"font-weight: 400;\">De <\/span><a href=\"https:\/\/www.google.com\/search?q=Almudena+Carracedo&amp;stick=H4sIAAAAAAAAAOPgE-LVT9c3NExPy63Kzk4vU-LSz9U3SKlIKzRP1xLLTrbST8vMyQUTVimZRanJJflFi1iFHHNyS1NS8xIVnBOLihKTU1PyAQe14DtKAAAA&amp;sa=X&amp;ved=2ahUKEwiSgZrS-ZXgAhUD2eAKHTuRDRcQmxMoATAcegQIBxAH\"><span style=\"font-weight: 400;\">Almudena Carracedo<\/span><\/a><span style=\"font-weight: 400;\">, <\/span><a href=\"https:\/\/www.google.com\/search?q=Robert+Bahar&amp;stick=H4sIAAAAAAAAAOPgE-LVT9c3NExPy63Kzk4vU-LSz9U3qEpJzk0v0RLLTrbST8vMyQUTVimZRanJJflFi1h5gvKTUotKFJwSMxKLADiCledEAAAA&amp;sa=X&amp;ved=2ahUKEwiSgZrS-ZXgAhUD2eAKHTuRDRcQmxMoAjAcegQIBxAI\"><span style=\"font-weight: 400;\">Robert Bahar<\/span><\/a><\/p>\n<p><span style=\"font-weight: 400;\">96&#039; \/ 2018 \/ Documental \/ Espanya <\/span><\/p>\n<h2><\/h2>\n<h3><span style=\"font-weight: 400;\">Divendres 15 de febrer de 2019<\/span><\/h3>\n<h4><b>18.00h FILMOTECA (SECCI\u00d3 OFICIAL CURTMETRATGES LLIBERTAT I DDHH)<\/b><\/h4>\n<p>&nbsp;<\/p>\n<p><b>The Village<span style=\"font-weight: 400;\"> (2018 \/ 5 mins \/ Regne Unit \/ Documental \/ Rose Palmer, Laura Balfour)<\/span><\/b><\/p>\n<p><b>Amb papers o sense<span style=\"font-weight: 400;\"> (2018 \/ 20 mins \/ Estats Units \/ Documental \/ Aria Zapata)<\/span><\/b><\/p>\n<p><strong>3 grams de fe<\/strong><span style=\"font-weight: 400;\"> (2017 \/ 14 mins \/ Espanya \/ Ficci\u00f3 \/ Jos\u00e9 A. Campos)<\/span><\/p>\n<p><strong>8th Continent<\/strong><span style=\"font-weight: 400;\"> (2018 \/ 11 mins \/ Gr\u00e8cia \/ Documental \/ Yorgos Zois)<\/span><\/p>\n<p><strong>Testimonies of a Massacre: Tula Toli<\/strong><span style=\"font-weight: 400;\"> (2017 \/ 21 mins \/ Regne Unit \/ Documental \/ Shafiur Rahman)<\/span><\/p>\n<p><strong>Wicked Girls<\/strong> <span style=\"font-weight: 400;\">(2017 \/ 8 mins \/ Fran\u00e7a \u2013 Turquia \/ Animaci\u00f3 \/ Ayce Kartal)<\/span><\/p>\n<p><span style=\"font-weight: 400;\">Col\u00b7loqui posterior a c\u00e0rrec de CEAR<\/span><\/p>\n<p>&nbsp;<\/p>\n<h4><b>18.30h CCC CARME (SECCI\u00d3 CINEMA ROMAN\u00cd) <\/b><\/h4>\n<p><i><span style=\"font-weight: 400;\">Projecci\u00f3<\/span><\/i><\/p>\n<ul>\n<li style=\"font-weight: 400;\"><i><span style=\"font-weight: 400;\">JO M&#039;ACORDO de Nanuk Audiovisual, Gitanxs a Arag\u00f3 durant la Guerra Civil<\/span><\/i><\/li>\n<li style=\"font-weight: 400;\"><i><span style=\"font-weight: 400;\">UNA NIT PER NO OBLIDAR de Roman\u00f3 Film, Associaci\u00f3 Intercultural Nakeramos<\/span><\/i><\/li>\n<\/ul>\n<p>&nbsp;<\/p>\n<p><span style=\"font-weight: 400;\">DEBAT: \u00abMem\u00f2ria Hist\u00f2rica Roman\u00ed, Els i les Oblidades\u00bb<\/span><\/p>\n<p><span style=\"font-weight: 400;\">Participa: Maria R. Jim\u00e9nez i Sejad Cizmic<\/span><span style=\"font-weight: 400;\">,<\/span><span style=\"font-weight: 400;\"> BARCELONA <\/span><\/p>\n<p>&nbsp;<\/p>\n<h4><b>20:00h FILMOTECA (CICLE PAU I JUST\u00cdCIA) <\/b><\/h4>\n<p><b>Salvador (Hist\u00f2ria d&#039;un miracle quotidi\u00e0) <\/b><span style=\"font-weight: 400;\">d&#039;Abdelatif Hwidar. 2007. 13&#039;<\/span><\/p>\n<p><b>Kanimambo de <\/b><span style=\"font-weight: 400;\">Abdelatif Hwidar, Carla Subirana, Adam Aliaga. 2012. 94&#039; <\/span><\/p>\n<p><span style=\"font-weight: 400;\">Col\u00b7loqui posterior amb Hwidar Abdeltif \u2013 Premi Pau i Just\u00edcia HF 2019<\/span><\/p>\n<p>&nbsp;<\/p>\n<h4><b>22:30h FILMOTECA (SECCI\u00d3 OFICIAL LLARGMETRATGES DOCUMENTALS)<\/b><\/h4>\n<p><i><span style=\"font-weight: 400;\">M\u00c0KING SENS TOGETHER\u00a0<\/span><\/i><\/p>\n<p><i><span style=\"font-weight: 400;\">Directora Ellen Ugelstad<\/span><\/i><\/p>\n<p><em><span style=\"font-weight: 400;\">2018 \/ 68 mins \/ Documental \/ Su\u00e8cia <\/span><\/em><\/p>\n<p><span style=\"font-weight: 400;\">Debat: \u00c0mbit<\/span><\/p>\n<h2><\/h2>\n<h3><span style=\"font-weight: 400;\">Dissabte 16 de febrer<\/span><span style=\"font-weight: 400;\"> del 2019<\/span><\/h3>\n<h3><b>18:00h FILMOTECA (SECCI\u00d3 OFICIAL LLARGMETRATGES DOCUMENTALS)<\/b><\/h3>\n<p><i><span style=\"font-weight: 400;\">SALUT SENSE PAPERS<\/span><\/i><\/p>\n<p><i><span style=\"font-weight: 400;\">Director Juan Freitez<\/span><\/i><\/p>\n<p><em><span style=\"font-weight: 400;\">2018 \/ 84 mins \/Documental \/ EUA\u00a0<\/span><\/em><\/p>\n<p><span style=\"font-weight: 400;\">Debat: Comit\u00e8 Antisida i director Juan Freitez<\/span><\/p>\n<p>&nbsp;<\/p>\n<h4><b>18.30h CCC CARMEN (SECCI\u00d3 CINEMA ROMAN\u00cd) <\/b><\/h4>\n<p><i><span style=\"font-weight: 400;\">Projecci\u00f3<\/span><\/i><\/p>\n<p><i><span style=\"font-weight: 400;\">ROMNIA de Pablo Vega<\/span><\/i><\/p>\n<p><i><span style=\"font-weight: 400;\">ANT\u00d2NIA de Gitans amb Paraula,<\/span><\/i><\/p>\n<p><span style=\"font-weight: 400;\">DEBAT: \u00abM\u00f3n Audiovisual: com ser Rom\u00e1 i no perdre&#039;t en l&#039;intent\u00bb<\/span><\/p>\n<p><span style=\"font-weight: 400;\">Participen les actrius roman\u00ed Coco Reyes (Granada) i Celia Montoya,Premi de l&#039;institut de Cultura Gitana 2017<\/span><\/p>\n<h2><\/h2>\n<h4><b>19:00h CMRP (F\u00d2RUM DDHH)<\/b><\/h4>\n<p><i><span style=\"font-weight: 400;\">Presentaci\u00f3 Projecte \u201cEncontres d&#039;exili\u201d de CEAR amb la projecci\u00f3 del documental de Jaume Dur\u00e1, Jos\u00e9 Gaya i Jorge Ramos. <\/span><\/i><\/p>\n<p><span style=\"font-weight: 400;\">Debat posterior amb els directors Jos\u00e9 Gay\u00e0 i Jaume Dur\u00e0 director CEAR i persones refugiades sobre mem\u00f2ria hist\u00f2rica i acollida. <\/span><\/p>\n<p>&nbsp;<\/p>\n<p><b>20.00h FILMOTECA (SECCI\u00d3 OFICIAL CURTMETRATGES LLIBERTAT I DDHH)<\/b><\/p>\n<p><i><b>La febre de l&#039;Or <\/b><\/i><span style=\"font-weight: 400;\">(2017 \/ 25 mins \/ Espanya \/ Documental \/ Ra\u00fal de la Fuente)<\/span><\/p>\n<p><i><b>2nd Class<\/b><\/i><span style=\"font-weight: 400;\"> (2018 \/ 14 mins \/ Su\u00e8cia \/ Ficci\u00f3 \/ Jimmy Olsson)<\/span><\/p>\n<p><b>Drets i humans<\/b><span style=\"font-weight: 400;\"> (2018 \/ 23 mins\/ Argentina \/ Documental \/ Ignacio Ibarra)<\/span><\/p>\n<p><b>Neetu<\/b><span style=\"font-weight: 400;\"> (2018 \/ 6 mins \/ Documental \/ Espanya \/ Carlos Caro)<\/span><\/p>\n<p><b>3 stolen cameres \/ 3 c\u00e0meres robades<\/b><span style=\"font-weight: 400;\"> (2017 \/ 17 mins \/ Documental \/ Western Sahara \/ Ahmed EttanjI)<\/span><\/p>\n<p><span style=\"font-weight: 400;\">Debat: Amnistia Internacional Val\u00e8ncia <\/span><\/p>\n<p>&nbsp;<\/p>\n<h3><span style=\"font-weight: 400;\">Diumenge 17 de febrer<\/span><span style=\"font-weight: 400;\"> del 2019<\/span><\/h3>\n<p>&nbsp;<\/p>\n<p>&nbsp;<\/p>\n<h4><b>18.30h CCC CARMEN (SECCI\u00d3 CINEMA ROMAN\u00cd) <\/b><\/h4>\n<p><i><span style=\"font-weight: 400;\">Projecci\u00f3: <\/span><\/i><\/p>\n<p><i><span style=\"font-weight: 400;\">ROMANIPEN, 55&#039; de Kike del Olmo<\/span><\/i><\/p>\n<p><span style=\"font-weight: 400;\">DEBAT: \u00abRomanipen, Identitat Roman\u00ed\u00bb<\/span><\/p>\n<p><span style=\"font-weight: 400;\">Hi participen: Joan Oleaque, Periodista Roman\u00ed, escriptor i Professor de la Universitat Internacional de Val\u00e8ncia; Claudia Gonz\u00e1lez Romero, Estudiant Universit\u00e0ria i activista Roman\u00ed; Nicoleta Bitu, Mediadora i activista Romani romanesa a Val\u00e8ncia.<\/span><\/p>\n<p>&nbsp;<\/p>\n<h4><b>20:00h FILMOTECA (SECCI\u00d3 OFICIAL LLARGMETRATGES DOCUMENTALS)<\/b><\/h4>\n<p><i><span style=\"font-weight: 400;\">GOLDEN DOWN GIRLS \/ LES NOIES DE L&#039;ALUNER DAURAT <\/span><\/i><\/p>\n<p><i><span style=\"font-weight: 400;\">Director H\u00e5vard Bustnes<\/span><\/i><\/p>\n<p><span style=\"font-weight: 400;\"><em>2017 \/ 95 mins \/ Documental \/ Noruega\u00a0<\/em><\/span><\/p>\n<p><span style=\"font-weight: 400;\">Debat: CEAR<\/span><\/p>\n<h2><\/h2>\n<h3><span style=\"font-weight: 400;\">Dilluns 18 de febrer<\/span><span style=\"font-weight: 400;\"> del 2019<\/span><\/h3>\n<p>&nbsp;<\/p>\n<h4><b>18:00h MUVIM (SECCI\u00d3 HUMANS Nuremberg International Human Rights Film Festival)<\/b><\/h4>\n<p><i><span style=\"font-weight: 400;\">SILVANA<\/span><\/i><\/p>\n<p><i><span style=\"font-weight: 400;\">de Mika Gustafson, Olivia Kastebring &amp; Christina Tsiobanelis<\/span><\/i><\/p>\n<p><em><span style=\"font-weight: 400;\">2017 \/ 91&#039; \/ Documental \/ Su\u00e8cia <\/span><\/em><\/p>\n<p><span style=\"font-weight: 400;\">Debat: BALOONA MATATA<\/span><\/p>\n<h2><\/h2>\n<h4><b>19:00h Col\u00b7legi Major Rector Peset.  (SECCI\u00d3 BARREXAT)<\/b><\/h4>\n<p><i><span style=\"font-weight: 400;\">ESTA LLUITA \u00c9S PER LA VIDA <\/span><\/i><\/p>\n<p><i><span style=\"font-weight: 400;\">de Brigada Feminista per Palestina<\/span><\/i><\/p>\n<p><i><span style=\"font-weight: 400;\">74&#039; | 2018 | Documental | Espanya<\/span><\/i><\/p>\n<p>&nbsp;<\/p>\n<p><span style=\"font-weight: 400;\">Debat posterior amb BRIGADA FEMINISTA PER PALESTINA i MOVIMENT CONTRA LA INTOLER\u00c0NCIA <\/span><\/p>\n<h2><\/h2>\n<h3><span style=\"font-weight: 400;\">Dimarts 19 de febrer<\/span><span style=\"font-weight: 400;\"> del 2019<\/span><\/h3>\n<p>&nbsp;<\/p>\n<h4><b>18:00h FILMOTECA (SECCI\u00d3 OFICIAL LLARGMETRATGES DOCUMENTALS)<\/b><\/h4>\n<p><i><span style=\"font-weight: 400;\">STRIKE A ROCK <\/span><\/i><\/p>\n<p><i><span style=\"font-weight: 400;\">Directora Aliki Saragas <\/span><\/i><\/p>\n<p><em><span style=\"font-weight: 400;\">2017 \/ 84 mins \/ Documental \/ Sud-\u00e0frica <\/span><\/em><\/p>\n<p><span style=\"font-weight: 400;\">Debat: ACCI\u00d3 ECOLOGISTA AGR\u00d3<\/span><\/p>\n<p>&nbsp;<\/p>\n<h4><b>19:00h Col\u00b7legi Major Rector Peset.  (F\u00d2RUM DDHH )<\/b><\/h4>\n<p><i><span style=\"font-weight: 400;\">PROJECCI\u00d3: CURT \u201cHIST\u00d2RIES DE SUPERACI\u00d3\u201d de PACO ROCA<\/span><\/i><\/p>\n<p><span style=\"font-weight: 400;\">DEBAT ASSOCIACIONISME<\/span><\/p>\n<p><span style=\"font-weight: 400;\">Presenta: CVONGD Participa: Fundaci\u00f3 Horta Nord\/Sud<\/span><\/p>\n<p>&nbsp;<\/p>\n<h4><b>20.00 h FILMOTECA (SECCI\u00d3 OFICIAL LLARGMETRATGES DOCUMENTALS)<\/b><\/h4>\n<p><i><span style=\"font-weight: 400;\">RAGE LISTS <\/span><\/i><\/p>\n<p><i><span style=\"font-weight: 400;\">Director Yaron Ben-Haim<\/span><\/i><\/p>\n<p><em><span style=\"font-weight: 400;\">2017 \/ 110 mins \/ Documental \/ Israel<\/span><\/em><\/p>\n<p><span style=\"font-weight: 400;\">Debat: Amnistia Internacional Val\u00e8ncia i el director Yaron Ben-Haim <\/span><\/p>\n<p>&nbsp;<\/p>\n<h3><span style=\"font-weight: 400;\">Dimecres 20 de febrer<\/span><span style=\"font-weight: 400;\"> del 2019<\/span><\/h3>\n<h4><b>17:00h LA NAU (FORA DE SECCI\u00d3 OFICIAL) <\/b><span style=\"font-weight: 400;\">\u00a0<\/span><b>(Aula Magna)<\/b><\/h4>\n<p><i><span style=\"font-weight: 400;\">Projecci\u00f3 THE CODE<\/span><\/i><\/p>\n<p><em><span style=\"font-weight: 400;\">Director Carles Caparr\u00f3s i Obiols<\/span><\/em><\/p>\n<p><em><span style=\"font-weight: 400;\">2018 \/ 87 mins \/ Documental \/ Espanya \u00a0<\/span><\/em><\/p>\n<p><span style=\"font-weight: 400;\">Debat: Baltasar Garz\u00f3n FIBGAR i Jos\u00e9 Mar\u00eda Tom\u00e1s y T\u00edo (Fundaci\u00f3 per la Just\u00edcia)<\/span><\/p>\n<p>&nbsp;<\/p>\n<h4><b>18:00h FILMOTECA (SECCI\u00d3 OFICIAL LLARGMETRATGES DOCUMENTALS)<\/b><\/h4>\n<p><i><span style=\"font-weight: 400;\">NI D&#039;ADAN NI D&#039;EVA: UNA HIST\u00d2RIA INTERSEX<\/span><\/i><\/p>\n<p><i><span style=\"font-weight: 400;\">Directora Floriane Devigne<\/span><\/i><\/p>\n<p><em><span style=\"font-weight: 400;\">2018 \/ 58 mins \/ Documental \/ Fran\u00e7a<\/span><\/em><\/p>\n<p><span style=\"font-weight: 400;\">Debat: LAMBDA<\/span><\/p>\n<p>&nbsp;<\/p>\n<h4><b>19:00h Col\u00b7legi Major Rector Peset.  (SECCI\u00d3 BARREXAT)<\/b><\/h4>\n<p><i><span style=\"font-weight: 400;\">TIGERNUT <\/span><\/i><\/p>\n<p><i><span style=\"font-weight: 400;\">Directors EVA FERN\u00c1NDEZ I ANDONI MONFORTE<\/span><\/i><\/p>\n<p><i><span style=\"font-weight: 400;\">50&#039; | 2018 | Documental | BURKINA FASO, MALI, ESPANYA I ALEMANYA<\/span><\/i><\/p>\n<p><span style=\"font-weight: 400;\">Debat: Llanos Rodriguez (CIM Burquina) Acci\u00f3 Ecologista Agr\u00f3<\/span><\/p>\n<p>&nbsp;<\/p>\n<h4><b>20:00h FILMOTECA (SECCI\u00d3 OFICIAL LLARGMETRATGES DOCUMENTALS)<\/b><\/h4>\n<p><i><span style=\"font-weight: 400;\">POLICE KILLING <\/span><\/i><\/p>\n<p><i><span style=\"font-weight: 400;\">Directors Natasha Neri, Lula Carvalho<\/span><\/i><\/p>\n<p><em><span style=\"font-weight: 400;\">2018 \/ 105 mins \/ Documental \/ Brasil <\/span><\/em><\/p>\n<p><span style=\"font-weight: 400;\">Debat: CIES NO i CVONGD i la directora Natasha Neri <\/span><\/p>\n<p>&nbsp;<\/p>\n<h3><span style=\"font-weight: 400;\">Dijous 21 de febrer<\/span><span style=\"font-weight: 400;\"> del 2019<\/span><\/h3>\n<p>&nbsp;<\/p>\n<h4><b>17:00h La Nau (F\u00d2RUM DE DDHH) <\/b><span style=\"font-weight: 400;\">\u00a0<\/span><b>(Seminari)<\/b><\/h4>\n<p><i><span style=\"font-weight: 400;\">PRES\u00d3 I SALUT MENTAL <\/span><\/i><\/p>\n<p><i><span style=\"font-weight: 400;\">Participa: Sandra Casas (Advocada); IDHV, Javier Vilalta (\u00c0mbit), Mikel Munarriz (President AEN)<\/span><\/i><\/p>\n<p>&nbsp;<\/p>\n<p><span style=\"font-weight: 400;\">\u00a0<\/span><b>18:00h FILMOTECA (SECCI\u00d3 OFICIAL LLARGMETRATGES DOCUMENTALS)<\/b><\/p>\n<p><i><span style=\"font-weight: 400;\">THE RAPE OF RECY TAYLOR <\/span><\/i><\/p>\n<p><i><span style=\"font-weight: 400;\">Directora Nancy Buirski \u00a0<\/span><\/i><\/p>\n<p><em><span style=\"font-weight: 400;\">2017 \/ 91 mins \/ Documental \/ Sud-\u00e0frica <\/span><\/em><\/p>\n<p><span style=\"font-weight: 400;\">Debat: CIMA i Casa de la Dona <\/span><\/p>\n<h4><span style=\"font-weight: 400;\"><br \/>\n<\/span><b>20:00h FILMOTECA (SECCI\u00d3 OFICIAL LLARGMETRATGES DOCUMENTALS)<\/b><\/h4>\n<p><i><span style=\"font-weight: 400;\">EL PACTE D&#039;ADRIANA <\/span><\/i><\/p>\n<p><i><span style=\"font-weight: 400;\">Directora LISSETTE OROZCO<\/span><\/i><\/p>\n<p><em><span style=\"font-weight: 400;\">2017 \/ 96 mins \/ Documental \/ Xile<\/span><\/em><\/p>\n<p><span style=\"font-weight: 400;\">Debat: FUNDACI\u00d3 PER LA JUST\u00cdCIA i DIRECTORA LISSETTE OROZCO<\/span><\/p>\n<p>&nbsp;<\/p>\n<h3><span style=\"font-weight: 400;\">Divendres 22 de febrer<\/span><span style=\"font-weight: 400;\"> del 2019<\/span><\/h3>\n<h4><b>12:00h FILMOTECA<\/b><\/h4>\n<h4><b>TROBADES FESTIVALS I DRETS HUMANS<\/b><\/h4>\n<p><b><span style=\"font-weight: 400;\">Hi participen: N\u00f2mades, Festival de Cinema i DDHH de Donosti, Nuremberg International Human Rights Film Festival, Dona i Cinema, Festival Cinema Ciutad\u00e0 Compromes<\/span><\/b><\/p>\n<p>&nbsp;<\/p>\n<h4><b>17:00h La Nau (F\u00d2RUM DE DDHH) <\/b><span style=\"font-weight: 400;\">\u00a0<\/span><b>(Seminari)<\/b><\/h4>\n<p><i><span style=\"font-weight: 400;\">F\u00d2RUM DELICTES D&#039;ODI (LLEI MORDASSA) <\/span><\/i><\/p>\n<p><span style=\"font-weight: 400;\">Totes entitats coorg. HUMANS FEST <\/span><\/p>\n<p>&nbsp;<\/p>\n<h4><b>18:00h MUVIM (SECCI\u00d3 HUMANS Nuremberg International Human Rights Film Festival)<\/b><\/h4>\n<p><i><span style=\"font-weight: 400;\">KINDIL EL BAHR <\/span><\/i><\/p>\n<p><i><span style=\"font-weight: 400;\">40&#039; \/2016 \/ Alg\u00e8ria, Kuwait i els EUA, Ficci\u00f3 <\/span><\/i><\/p>\n<p><span style=\"font-weight: 400;\">Debat: ANDREA KUHN DIRECTORA NUREMBERG INTERNATIONAL HUMAN RIGHTS FILM FESTIVAL i ENTRECULTURES <\/span><\/p>\n<p>&nbsp;<\/p>\n<h4><b>20:00h FILMOTECA (SECCI\u00d3 OFICIAL LLARGMETRATGES DOCUMENTALS)<\/b><\/h4>\n<p><i><span style=\"font-weight: 400;\">FAMADA<\/span><\/i><\/p>\n<p><i><span style=\"font-weight: 400;\">Director Eloy Dom\u00ednguez Ser\u00e9n <\/span><\/i><\/p>\n<p><em><span style=\"font-weight: 400;\">2018 \/ 89 mins \/ Documental \/ Su\u00e8cia<\/span><\/em><\/p>\n<p><span style=\"font-weight: 400;\">Debat: SJM i Festival N\u00d2MADES I DIRECTOR ELOY DOM\u00cdNGUEZ <\/span><\/p>\n<p>&nbsp;<\/p>\n<h3><span style=\"font-weight: 400;\">Dissabte 23 de febrer de 2019<\/span><\/h3>\n<p>&nbsp;<\/p>\n<h4><b>20.00h<\/b> <b>FILMOTECA<\/b><\/h4>\n<p><span style=\"font-weight: 400;\">Clausura d&#039;Humans Fest. Entrada gratu\u00efta.<\/span><\/p>\n<p><i><span style=\"font-weight: 400;\">Projecci\u00f3 documental guanyador<\/span><\/i><b><i> X Humans Fest<\/i><\/b><\/p>\n<p>&nbsp;<\/p>\n<h4><b>23.00 R\u00c0DIO CITY<\/b><\/h4>\n<p><span style=\"font-weight: 400;\">Festa de cloenda Humans Fest.<\/span><\/p>\n<p>&nbsp;<\/p>\n<p>&nbsp;<\/p>","protected":false},"excerpt":{"rendered":"<p>X EDICI\u00d3N HUMANS FEST &nbsp; PROGRAMACI\u00d3N Mi\u00e9rcoles 13 de febrero de 2019 11.00h PREFEST &#8211; CENTRO PENITENCIARIO PICASSENT \u201cEl desentierro\u201d de Nacho Ruip\u00e9rez proyecci\u00f3n especial con la presencia del director y el equipo Humans Fest &nbsp; Jueves 14 de febrero de 2019 \u00a0 20.00h TEATRO TAL\u00cdA Inauguraci\u00f3n del Humans Fest. Entrega del premio Pau i [&hellip;]<\/p>\n","protected":false},"author":2,"featured_media":0,"parent":2079,"menu_order":1,"comment_status":"closed","ping_status":"closed","template":"","meta":{"_et_pb_use_builder":"","_et_pb_old_content":"","_et_gb_content_width":"","_uf_show_specific_survey":0,"_uf_disable_surveys":false,"footnotes":""},"class_list":["post-2084","page","type-page","status-publish","hentry"],"aioseo_notices":[],"_links":{"self":[{"href":"https:\/\/fundacionporlajusticia.org\/va\/wp-json\/wp\/v2\/pages\/2084","targetHints":{"allow":["GET"]}}],"collection":[{"href":"https:\/\/fundacionporlajusticia.org\/va\/wp-json\/wp\/v2\/pages"}],"about":[{"href":"https:\/\/fundacionporlajusticia.org\/va\/wp-json\/wp\/v2\/types\/page"}],"author":[{"embeddable":true,"href":"https:\/\/fundacionporlajusticia.org\/va\/wp-json\/wp\/v2\/users\/2"}],"replies":[{"embeddable":true,"href":"https:\/\/fundacionporlajusticia.org\/va\/wp-json\/wp\/v2\/comments?post=2084"}],"version-history":[{"count":1,"href":"https:\/\/fundacionporlajusticia.org\/va\/wp-json\/wp\/v2\/pages\/2084\/revisions"}],"predecessor-version":[{"id":3463,"href":"https:\/\/fundacionporlajusticia.org\/va\/wp-json\/wp\/v2\/pages\/2084\/revisions\/3463"}],"up":[{"embeddable":true,"href":"https:\/\/fundacionporlajusticia.org\/va\/wp-json\/wp\/v2\/pages\/2079"}],"wp:attachment":[{"href":"https:\/\/fundacionporlajusticia.org\/va\/wp-json\/wp\/v2\/media?parent=2084"}],"curies":[{"name":"wp","href":"https:\/\/api.w.org\/{rel}","templated":true}]}}