{"id":892,"date":"2015-09-11T11:46:01","date_gmt":"2015-09-11T11:46:01","guid":{"rendered":"https:\/\/humansfest.com\/?page_id=892"},"modified":"2022-03-21T16:03:29","modified_gmt":"2022-03-21T16:03:29","slug":"equipo-2","status":"publish","type":"page","link":"https:\/\/fundacionporlajusticia.org\/en\/humansfest\/el-festival\/equipo-2\/","title":{"rendered":"TEAM"},"content":{"rendered":"<p>&nbsp;<\/p>\n<table>\n<tbody>\n<tr>\n<td style=\"background-color: #d6d6d6;\" colspan=\"2\"><\/td>\n<\/tr>\n<tr>\n<td colspan=\"2\">\n<h2><strong>General Management:<\/strong><\/h2>\n<p>Javier Vilalta<\/td>\n<\/tr>\n<tr>\n<td colspan=\"2\">\n<h2><strong>Art Direction: <\/strong><\/h2>\n<p>Samuel Sebastian<br \/>\nDeborah Micheletti<br \/>\nJose Manuel Aura<\/td>\n<\/tr>\n<tr>\n<td colspan=\"2\">\n<h2><strong>Advisory Board:<\/strong><\/h2>\n<blockquote><p>Jos\u00e9 Antonio Hurtado \u2013 Carles Bosch \u2013 Pau G. Guillen- Mar\u00eda Trenor \u2013 Giovanna Ribes \u2013 Puy Oria- Montxo Armend\u00e1riz \u2013 Josemi Beltr\u00e1n \u2013 Cear- Amnesty International \u2013 Asociaci\u00f3n \u00c0mbit \u2013 Val\u00e8ncia en Bici \u2013 Agr\u00f3 \u2013 CVONGD \u2013 Pobresa Zero \u2013 Fundaci\u00f3n por la Justicia \u2013 Lambda- Movement against intolerance- Unesco Val\u00e8ncia<\/p><\/blockquote>\n<\/td>\n<\/tr>\n<tr>\n<td style=\"background-color: #d6d6d6;\" colspan=\"2\"><\/td>\n<\/tr>\n<tr>\n<td>\n<h2><strong>Administration Directorate:<\/strong><\/h2>\n<p>Eva Tormo- Sa\u00fal G\u00f3mez<\/td>\n<td>\n<h2><strong>General Coordination Production:<\/strong><\/h2>\n<p>Deborah Micheletti<\/p>\n<h2><strong>Production:<\/strong><\/h2>\n<p>Sara Masanet (Production Manager)<br \/>\nQuique S\u00e1nchez Ochoa (Production assistance)<br \/>\nAlexia Guillot Isaac (Production Assistance)<\/td>\n<\/tr>\n<tr>\n<td>\n<h2><strong>Archive Film Program Manager:<\/strong><\/h2>\n<p><strong>\u00a0<\/strong>Jos\u00e9 Antonio Hurtado<\/td>\n<td>\n<h2><strong>Parallel Activities Coordination:<br \/>\n<\/strong><\/h2>\n<p>Alexia Martinez<br \/>\nPapa Balla<\/td>\n<\/tr>\n<tr>\n<td>\n<h2><strong>Coordination Program of the Official Selection: <\/strong><\/h2>\n<p>Lina Cerniaiskaite<\/td>\n<td>\n<h2><strong>Workshop coordination: <\/strong><\/h2>\n<p>Eva Tormo<br \/>\nEmilio Marti<br \/>\nStefania Chirico<\/td>\n<\/tr>\n<tr>\n<td>\n<h2><strong>Coordination of Non-Competition Feature Films Official Selection: <\/strong><\/h2>\n<p>Jos\u00e9 Antonio Hurtado<\/td>\n<td>\n<h2><strong>Volunteer coordination: <\/strong><\/h2>\n<p>Mari Paz Ramos and Juanma Chavarrias<\/td>\n<\/tr>\n<tr>\n<td>\n<h2><strong>Feature Film Official Selection Committee:\u00a0<\/strong><\/h2>\n<p>Jose Manuel Aura<br \/>\nDeborah Micheletti<br \/>\nSamuel Sebastian<br \/>\nJavier Villalta<\/td>\n<td>\n<h2><strong>Humans Fest International: <\/strong><\/h2>\n<p>Lina Cerniaiskaite<br \/>\nEmilio Marti<\/p>\n<h2>EU Isalmophobia Project:<\/h2>\n<p>Ambit Association<\/p>\n<h2>Malabo-Quatrefilms Project:<\/h2>\n<p>Sandra Mora<\/td>\n<\/tr>\n<tr>\n<td style=\"background-color: #d6d6d6;\" colspan=\"2\"><\/td>\n<\/tr>\n<tr>\n<td>\n<h2><strong>Coordination Program of the Short Film Official Selection:<br \/>\n<\/strong><\/h2>\n<p>Alvaro Yebra<\/td>\n<td>\n<h2><strong>Authorship of &#039;1 minute, 1 right&#039; short film didactic unit:<br \/>\n<\/strong><\/h2>\n<p>Josep Martin<\/td>\n<\/tr>\n<tr>\n<td>\n<h2><strong>Short Film Official Selection Committee: <\/strong><\/h2>\n<p>Alvaro Yebra<br \/>\nAlejandra Mora<br \/>\nJavier Vilalta<br \/>\nNanguam Manzam<\/td>\n<td>\n<h2><strong>Layout and Design: <\/strong><\/h2>\n<p>Daryna Kratenko<\/p>\n<h2><strong>Technical Projections:<\/strong><\/h2>\n<p>Paul Asensio<\/td>\n<\/tr>\n<tr>\n<td>\n<h2><strong>Coordination of Picassent Special Passes:<\/strong><\/h2>\n<p>Dora Marti<br \/>\nIrene Cubells<\/td>\n<td>\n<h2><strong>Human Rights Justice Cycle Coordination:<\/strong><\/h2>\n<p>Quique Sanchez<\/p>\n<h2><strong>Donate Cycle Coordination:<\/strong><\/h2>\n<p>Deborah Micheletti<\/td>\n<\/tr>\n<tr>\n<td>\n<h2><strong>Picassent Coordination:<\/strong><\/h2>\n<p>Ambit Association<\/td>\n<td>\n<h2><strong>Translation:<\/strong><\/h2>\n<p>Diego Gri\u00f1\u00e1n Mart\u00ednez<\/td>\n<\/tr>\n<tr>\n<td>\n<h2><strong>Subtitles:<\/strong><\/h2>\n<p>Ruth Leon<br \/>\nMar\u00eda Eivor Jorda Mathiasen<br \/>\nSamuel Sebatia<\/td>\n<td>\n<h2><strong>Art Therapy Workshops:<\/strong><\/h2>\n<p>Emilio Marti<\/td>\n<\/tr>\n<tr>\n<td style=\"background-color: #d6d6d6;\" colspan=\"2\"><\/td>\n<\/tr>\n<tr>\n<td>\n<h2><strong>Contact:<br \/>\n<\/strong><\/h2>\n<p><strong>The Visible<br \/>\n<\/strong>Sandra Sancho<br \/>\nClaudia Alfonso<br \/>\nOlga Palomares<\/td>\n<td>\n<h2><strong>Logo and Web Design:<br \/>\n<\/strong><\/h2>\n<p>Baluard Studio (Carmen Huguet)<\/p>\n<h2><strong>Humi Award Design:<\/strong><\/h2>\n<p>Silver Hands<\/td>\n<\/tr>\n<tr>\n<td>\n<h2><strong>Press and PR Coordination:<\/strong><\/h2>\n<p>Deborah Micheletti<br \/>\nAdriana Cabeza<\/td>\n<td>\n<h2><strong>Graphic Design:<br \/>\n<\/strong><\/h2>\n<p>Sergio Sanisidro<strong><br \/>\n<\/strong>Daryna Kratenko<\/td>\n<\/tr>\n<tr>\n<td>\n<h2><strong>Social Networking:\u00a0<\/strong><\/h2>\n<p>The visible<\/p>\n<h2>Production Film Library:<\/h2>\n<p>Sara Masanet<\/td>\n<td>\n<h2><strong>Photography and Video:<br \/>\n<\/strong><\/h2>\n<p>Juan Lopez<\/p>\n<h2><strong>Graphic Animation<\/strong><\/h2>\n<p>Quatre Films.<\/td>\n<\/tr>\n<tr>\n<td style=\"background-color: #d6d6d6;\" colspan=\"2\"><\/td>\n<\/tr>\n<\/tbody>\n<\/table>\n<p>&nbsp;<\/p>","protected":false},"excerpt":{"rendered":"<p>&nbsp; General Management: Javier Vilalta Art Direction: Samuel Sebasti\u00e1n Deborah Micheletti Jos\u00e9 Manuel Aura Advisory Board: Jos\u00e9 Antonio Hurtado &#8211; Carles Bosch &#8211; Pau G. Guillen- Mar\u00eda Trenor &#8211; Giovanna Ribes &#8211; Puy Oria- Montxo Armend\u00e1riz &#8211; Josemi Beltr\u00e1n &#8211; Cear- Amnist\u00eda Internacional &#8211; Asociaci\u00f3n \u00c0mbit &#8211; Val\u00e8ncia en Bici &#8211; Agr\u00f3 &#8211; CVONGD &#8211; [&hellip;]<\/p>\n","protected":false},"author":2,"featured_media":0,"parent":2765,"menu_order":5,"comment_status":"closed","ping_status":"closed","template":"","meta":{"_et_pb_use_builder":"","_et_pb_old_content":"","_et_gb_content_width":"","_uf_show_specific_survey":0,"_uf_disable_surveys":false,"footnotes":""},"class_list":["post-892","page","type-page","status-publish","hentry"],"aioseo_notices":[],"_links":{"self":[{"href":"https:\/\/fundacionporlajusticia.org\/en\/wp-json\/wp\/v2\/pages\/892","targetHints":{"allow":["GET"]}}],"collection":[{"href":"https:\/\/fundacionporlajusticia.org\/en\/wp-json\/wp\/v2\/pages"}],"about":[{"href":"https:\/\/fundacionporlajusticia.org\/en\/wp-json\/wp\/v2\/types\/page"}],"author":[{"embeddable":true,"href":"https:\/\/fundacionporlajusticia.org\/en\/wp-json\/wp\/v2\/users\/2"}],"replies":[{"embeddable":true,"href":"https:\/\/fundacionporlajusticia.org\/en\/wp-json\/wp\/v2\/comments?post=892"}],"version-history":[{"count":6,"href":"https:\/\/fundacionporlajusticia.org\/en\/wp-json\/wp\/v2\/pages\/892\/revisions"}],"predecessor-version":[{"id":3407,"href":"https:\/\/fundacionporlajusticia.org\/en\/wp-json\/wp\/v2\/pages\/892\/revisions\/3407"}],"up":[{"embeddable":true,"href":"https:\/\/fundacionporlajusticia.org\/en\/wp-json\/wp\/v2\/pages\/2765"}],"wp:attachment":[{"href":"https:\/\/fundacionporlajusticia.org\/en\/wp-json\/wp\/v2\/media?parent=892"}],"curies":[{"name":"wp","href":"https:\/\/api.w.org\/{rel}","templated":true}]}}