{"id":335,"date":"2022-03-04T14:48:17","date_gmt":"2022-03-04T14:48:17","guid":{"rendered":"https:\/\/fundacionporlajusticia.accesia.info\/?page_id=335"},"modified":"2026-04-09T11:48:23","modified_gmt":"2026-04-09T09:48:23","slug":"haz-voluntariado","status":"publish","type":"page","link":"https:\/\/fundacionporlajusticia.org\/en\/forma-parte\/haz-voluntariado\/","title":{"rendered":"Volunteer"},"content":{"rendered":"<p>[et_pb_section fb_built=\u00bb1&#8243; admin_label=\u00bbHeader\u00bb _builder_version=\u00bb4.27.5&#8243; background_color=\u00bb#FFFFFF\u00bb background_image=\u00bbhttps:\/\/fundacionporlajusticia.org\/wp-content\/uploads\/2026\/03\/DSC8625-scaled.jpg\u00bb custom_margin=\u00bb||-30px||false|false\u00bb hover_enabled=\u00bb0&#8243; saved_tabs=\u00bball\u00bb global_colors_info=\u00bb{}\u00bb theme_builder_area=\u00bbpost_content\u00bb title_text=\u00bb_DSC8625&#8243; sticky_enabled=\u00bb0&#8243; custom_padding=\u00bb||156px|||\u00bb parallax=\u00bbon\u00bb][et_pb_row _builder_version=\u00bb4.27.5&#8243; custom_margin=\u00bb|auto|-240px|auto|false|false\u00bb animation_direction=\u00bbleft\u00bb hover_enabled=\u00bb0&#8243; locked=\u00bboff\u00bb global_colors_info=\u00bb{}\u00bb theme_builder_area=\u00bbpost_content\u00bb sticky_enabled=\u00bb0&#8243; custom_padding=\u00bb234px|||||\u00bb][et_pb_column type=\u00bb4_4&#8243; _builder_version=\u00bb4.27.5&#8243; background_color=\u00bb#92857c\u00bb custom_padding=\u00bb50px|40px|50px|40px|true|true\u00bb hover_enabled=\u00bb0&#8243; global_colors_info=\u00bb{}\u00bb theme_builder_area=\u00bbpost_content\u00bb sticky_enabled=\u00bb0&#8243;][et_pb_text admin_label=\u00bbTitulo\u00bb _builder_version=\u00bb4.27.5&#8243; text_font=\u00bbMontserrat|600|||||||\u00bb text_text_color=\u00bb#92857c\u00bb text_font_size=\u00bb24px\u00bb text_line_height=\u00bb1.4em\u00bb header_font=\u00bbMontserrat|700||on|||||\u00bb header_text_color=\u00bb#efebe2&#8243; header_font_size=\u00bb70px\u00bb header_letter_spacing=\u00bb0.1em\u00bb header_line_height=\u00bb1.1em\u00bb header_2_font_size=\u00bb96px\u00bb header_3_font_size=\u00bb96px\u00bb header_4_font_size=\u00bb96px\u00bb header_5_font_size=\u00bb96px\u00bb header_6_font_size=\u00bb96px\u00bb text_orientation=\u00bbright\u00bb hover_enabled=\u00bb0&#8243; text_font_size_tablet=\u00bb\u00bb text_font_size_phone=\u00bb20px\u00bb text_font_size_last_edited=\u00bbon|desktop\u00bb header_font_size_tablet=\u00bb56px\u00bb header_font_size_phone=\u00bb30px\u00bb header_font_size_last_edited=\u00bbon|phone\u00bb header_2_font_size_tablet=\u00bb56px\u00bb header_2_font_size_phone=\u00bb30px\u00bb header_2_font_size_last_edited=\u00bbon|phone\u00bb header_3_font_size_tablet=\u00bb56px\u00bb header_3_font_size_phone=\u00bb30px\u00bb header_3_font_size_last_edited=\u00bbon|phone\u00bb header_4_font_size_tablet=\u00bb56px\u00bb header_4_font_size_phone=\u00bb30px\u00bb header_4_font_size_last_edited=\u00bbon|phone\u00bb header_5_font_size_tablet=\u00bb56px\u00bb header_5_font_size_phone=\u00bb30px\u00bb header_5_font_size_last_edited=\u00bbon|phone\u00bb header_6_font_size_tablet=\u00bb56px\u00bb header_6_font_size_phone=\u00bb30px\u00bb header_6_font_size_last_edited=\u00bbon|phone\u00bb text_orientation_tablet=\u00bbleft\u00bb text_orientation_phone=\u00bb\u00bb text_orientation_last_edited=\u00bbon|tablet\u00bb locked=\u00bboff\u00bb global_colors_info=\u00bb{}\u00bb theme_builder_area=\u00bbpost_content\u00bb sticky_enabled=\u00bb0&#8243;]<\/p>\n<h1>haz voluntariado<\/h1>\n<p>[\/et_pb_text][\/et_pb_column][\/et_pb_row][\/et_pb_section][et_pb_section fb_built=\u00bb1&#8243; _builder_version=\u00bb4.27.5&#8243; _module_preset=\u00bbdefault\u00bb custom_margin=\u00bb7px|||||\u00bb global_colors_info=\u00bb{}\u00bb custom_padding=\u00bb154px|||||\u00bb][et_pb_row column_structure=\u00bb1_2,1_2&#8243; _builder_version=\u00bb4.27.5&#8243; _module_preset=\u00bbdefault\u00bb custom_padding=\u00bb|100px||||\u00bb hover_enabled=\u00bb0&#8243; locked=\u00bboff\u00bb global_colors_info=\u00bb{}\u00bb animation_style=\u00bbfade\u00bb sticky_enabled=\u00bb0&#8243;][et_pb_column type=\u00bb1_2&#8243; _builder_version=\u00bb4.27.5&#8243; _module_preset=\u00bbdefault\u00bb global_colors_info=\u00bb{}\u00bb][et_pb_image src=\u00bbhttps:\/\/fundacionporlajusticia.org\/wp-content\/uploads\/2022\/04\/c-cola.png\u00bb title_text=\u00bbc-cola\u00bb align=\u00bbcenter\u00bb _builder_version=\u00bb4.16.0&#8243; _module_preset=\u00bbdefault\u00bb custom_padding=\u00bb|100px||100px||\u00bb locked=\u00bboff\u00bb global_colors_info=\u00bb{}\u00bb][\/et_pb_image][\/et_pb_column][et_pb_column type=\u00bb1_2&#8243; _builder_version=\u00bb4.27.5&#8243; _module_preset=\u00bbdefault\u00bb global_colors_info=\u00bb{}\u00bb][et_pb_text _builder_version=\u00bb4.27.5&#8243; _module_preset=\u00bbdefault\u00bb text_font=\u00bb&#8211;et_global_heading_font||||||||\u00bb header_font=\u00bb&#8211;et_global_heading_font||||||||\u00bb transform_scale=\u00bb105%|105%\u00bb min_height=\u00bb33px\u00bb custom_margin=\u00bb|-18px||-18px|false|false\u00bb custom_padding=\u00bb12px|0px|3px|||\u00bb hover_enabled=\u00bb0&#8243; global_colors_info=\u00bb{}\u00bb sticky_enabled=\u00bb0&#8243;]<\/p>\n<h3 style=\"text-align: center;\">Fundaci\u00f3n por la Justicia<\/h3>\n<h3 style=\"text-align: center;\">te necesita<\/h3>\n<p>[\/et_pb_text][et_pb_divider _builder_version=\u00bb4.27.5&#8243; _module_preset=\u00bbdefault\u00bb custom_margin=\u00bb||1px|||\u00bb global_colors_info=\u00bb{}\u00bb][\/et_pb_divider][et_pb_text _builder_version=\u00bb4.27.5&#8243; _module_preset=\u00bbdefault\u00bb text_text_color=\u00bb#92857c\u00bb hover_enabled=\u00bb0&#8243; global_colors_info=\u00bb{}\u00bb sticky_enabled=\u00bb0&#8243;]<\/p>\n<p style=\"text-align: justify;\">Hacer <strong>voluntariado<\/strong> en Fundaci\u00f3n por la Justicia te posibilitar\u00e1 formar parte de los equipos que desarrollan nuestros proyectos. Adem\u00e1s, podr\u00e1s beneficiarte de nuestros cursos para formaci\u00f3n de voluntarios y voluntarias especializados en Derechos Humanos.<\/p>\n<p style=\"text-align: justify;\">[\/et_pb_text][et_pb_button button_url=\u00bbhttps:\/\/forms.gle\/YqFR83ZUN9y9avYz6&#8243; button_text=\u00bbHazte voluntario\/a\u00bb button_alignment=\u00bbcenter\u00bb _builder_version=\u00bb4.27.5&#8243; _module_preset=\u00bbdefault\u00bb custom_button=\u00bbon\u00bb button_text_size=\u00bb18px\u00bb button_text_color=\u00bb#FFFFFF\u00bb button_bg_color=\u00bb#ada39a\u00bb button_border_color=\u00bb#92857c\u00bb transform_scale=\u00bb105%|105%\u00bb hover_enabled=\u00bb0&#8243; global_colors_info=\u00bb{}\u00bb sticky_enabled=\u00bb0&#8243;][\/et_pb_button][\/et_pb_column][\/et_pb_row][et_pb_row _builder_version=\u00bb4.27.5&#8243; _module_preset=\u00bbdefault\u00bb hover_enabled=\u00bb0&#8243; sticky_enabled=\u00bb0&#8243;][et_pb_column _builder_version=\u00bb4.27.5&#8243; _module_preset=\u00bbdefault\u00bb type=\u00bb4_4&#8243;][et_pb_divider _builder_version=\u00bb4.27.5&#8243; _module_preset=\u00bbdefault\u00bb show_divider=\u00bboff\u00bb hover_enabled=\u00bb0&#8243; sticky_enabled=\u00bb0&#8243;][\/et_pb_divider][\/et_pb_column][\/et_pb_row][\/et_pb_section][et_pb_section fb_built=\u00bb1&#8243; admin_label=\u00bbTITULO\u00bb _builder_version=\u00bb4.27.5&#8243; background_enable_color=\u00bboff\u00bb background_enable_image=\u00bboff\u00bb custom_margin=\u00bb-77px||-3px||false|false\u00bb border_color_all=\u00bb#FFFFFF\u00bb saved_tabs=\u00bball\u00bb locked=\u00bboff\u00bb global_colors_info=\u00bb{}\u00bb][et_pb_row column_structure=\u00bb1_2,1_2&#8243; _builder_version=\u00bb4.27.5&#8243; _module_preset=\u00bbdefault\u00bb custom_padding=\u00bb|100px||||\u00bb hover_enabled=\u00bb0&#8243; global_colors_info=\u00bb{}\u00bb animation_style=\u00bbfade\u00bb sticky_enabled=\u00bb0&#8243;][et_pb_column type=\u00bb1_2&#8243; _builder_version=\u00bb4.27.5&#8243; _module_preset=\u00bbdefault\u00bb global_colors_info=\u00bb{}\u00bb][et_pb_image src=\u00bbhttps:\/\/fundacionporlajusticia.org\/wp-content\/uploads\/2025\/09\/Escoleta-Matinal.png\u00bb title_text=\u00bbEscoleta Matinal\u00bb url=\u00bbhttps:\/\/fundacionporlajusticia.org\/escuela-matinal-de-nazaret\/\u00bb align=\u00bbcenter\u00bb _builder_version=\u00bb4.27.5&#8243; _module_preset=\u00bbdefault\u00bb custom_margin=\u00bb|30px||||\u00bb custom_padding=\u00bb|||31px||\u00bb global_colors_info=\u00bb{}\u00bb][\/et_pb_image][et_pb_button button_url=\u00bbhttps:\/\/fundacionporlajusticia.org\/proyectos\/accion-social\/escoleta-matinal-de-nazaret\/\u00bb button_text=\u00bbDescubre m\u00e1s\u00bb button_alignment=\u00bbcenter\u00bb _builder_version=\u00bb4.27.5&#8243; _module_preset=\u00bbdefault\u00bb custom_button=\u00bbon\u00bb button_text_size=\u00bb18px\u00bb button_text_color=\u00bb#FFFFFF\u00bb button_bg_color=\u00bb#ada39a\u00bb button_border_color=\u00bb#92857c\u00bb transform_scale=\u00bb105%|105%\u00bb hover_enabled=\u00bb0&#8243; global_colors_info=\u00bb{}\u00bb sticky_enabled=\u00bb0&#8243;][\/et_pb_button][\/et_pb_column][et_pb_column type=\u00bb1_2&#8243; _builder_version=\u00bb4.27.5&#8243; _module_preset=\u00bbdefault\u00bb global_colors_info=\u00bb{}\u00bb][et_pb_text _builder_version=\u00bb4.27.5&#8243; _module_preset=\u00bbdefault\u00bb text_font=\u00bb&#8211;et_global_heading_font||||||||\u00bb header_font=\u00bb&#8211;et_global_heading_font||||||||\u00bb transform_scale=\u00bb105%|105%\u00bb min_height=\u00bb33px\u00bb custom_margin=\u00bb|-18px||-18px|false|false\u00bb custom_padding=\u00bb12px|0px|3px|||\u00bb global_colors_info=\u00bb{}\u00bb]<\/p>\n<h6 style=\"text-align: center;\"><span style=\"color: #61c9b9; font-size: medium;\">INFANCIA, ATENCI\u00d3N PSICOPEDAG\u00d3GICA<\/span><\/h6>\n<p><span style=\"color: #61c9b9; font-size: medium;\"><\/span><\/p>\n<p>[\/et_pb_text][et_pb_text _builder_version=\u00bb4.27.5&#8243; _module_preset=\u00bbdefault\u00bb text_font=\u00bb&#8211;et_global_heading_font||||||||\u00bb header_font=\u00bb&#8211;et_global_heading_font||||||||\u00bb transform_scale=\u00bb105%|105%\u00bb min_height=\u00bb33px\u00bb custom_margin=\u00bb|-18px||-18px|false|false\u00bb custom_padding=\u00bb12px|0px|3px|||\u00bb global_colors_info=\u00bb{}\u00bb]<\/p>\n<h3 style=\"text-align: center;\">Escoleta Matinal de Nazaret<\/h3>\n<p>[\/et_pb_text][et_pb_text _builder_version=\u00bb4.27.5&#8243; _module_preset=\u00bbdefault\u00bb text_text_color=\u00bb#92857c\u00bb global_colors_info=\u00bb{}\u00bb]<\/p>\n<p style=\"text-align: justify;\"><span class=\"a_GcMg font-feature-liga-off font-feature-clig-off font-feature-calt-off text-decoration-none text-strikethrough-none\">Preparamos el <strong>desayuno de 30 ni\u00f1as\/os<\/strong> provenientes de contextos vulnerados, y dedicamos un espacio a la realizaci\u00f3n de actividades con el fin de contribuir al <strong>desarrollo psicoemocional<\/strong>\u00a0y favorecer un ambiente respetuoso dentro y fuera de la escuela.\u00a0<\/span><\/p>\n<p style=\"text-align: justify;\">\n<p>[\/et_pb_text][et_pb_divider _builder_version=\u00bb4.27.5&#8243; _module_preset=\u00bbdefault\u00bb custom_margin=\u00bb||1px|||\u00bb global_colors_info=\u00bb{}\u00bb][\/et_pb_divider][et_pb_text _builder_version=\u00bb4.27.5&#8243; _module_preset=\u00bbdefault\u00bb text_text_color=\u00bb#92857c\u00bb custom_padding=\u00bb||0px|||\u00bb global_colors_info=\u00bb{}\u00bb]<\/p>\n<p style=\"text-align: justify;\"><span><strong>HORARIO &#8211; <\/strong><\/span><strong><span class=\"a_GcMg font-feature-liga-off font-feature-clig-off font-feature-calt-off text-decoration-none text-strikethrough-none\">Lunes a viernes <\/span><\/strong><span class=\"a_GcMg font-feature-liga-off font-feature-clig-off font-feature-calt-off text-decoration-none text-strikethrough-none\">de <strong>8:00 a 9:15h <\/strong>(p<\/span><span class=\"a_GcMg font-feature-liga-off font-feature-clig-off font-feature-calt-off text-decoration-none text-strikethrough-none\">osibilidad de venir\u00a0<strong>s\u00f3lo un d\u00eda).<\/strong><\/span><\/p>\n<p style=\"text-align: justify;\"><span class=\"a_GcMg font-feature-liga-off font-feature-clig-off font-feature-calt-off text-decoration-none text-strikethrough-none\"><strong>LUGAR &#8211; <\/strong>Barrio de <strong>Nazaret<\/strong> (<a href=\"https:\/\/share.google\/VsIIr0pBhjA70AdO3\">CEIP Nrta. Se\u00f1ora de los Desamparados<\/a>)<\/span><\/p>\n<p style=\"text-align: justify;\"><strong><span class=\"a_GcMg font-feature-liga-off font-feature-clig-off font-feature-calt-off text-decoration-none text-strikethrough-none\">PERFIL &#8211; <\/span><\/strong><span class=\"a_GcMg font-feature-liga-off font-feature-clig-off font-feature-calt-off text-decoration-none text-strikethrough-none\">Personas comprometidas y con ganas de colaborar. Lo principal es que les guste trabajar con infancia, por lo que la paciencia, la comprensi\u00f3n, la iniciativa y las ganas de jugar son imprescindibles.<\/span><\/p>\n<p style=\"text-align: justify;\">[\/et_pb_text][\/et_pb_column][\/et_pb_row][et_pb_row _builder_version=\u00bb4.27.5&#8243; _module_preset=\u00bbdefault\u00bb global_colors_info=\u00bb{}\u00bb][et_pb_column type=\u00bb4_4&#8243; _builder_version=\u00bb4.27.5&#8243; _module_preset=\u00bbdefault\u00bb global_colors_info=\u00bb{}\u00bb][et_pb_divider show_divider=\u00bboff\u00bb _builder_version=\u00bb4.27.5&#8243; _module_preset=\u00bbdefault\u00bb global_colors_info=\u00bb{}\u00bb][\/et_pb_divider][\/et_pb_column][\/et_pb_row][et_pb_row column_structure=\u00bb1_2,1_2&#8243; _builder_version=\u00bb4.27.5&#8243; _module_preset=\u00bbdefault\u00bb custom_padding=\u00bb|100px||||\u00bb hover_enabled=\u00bb0&#8243; global_colors_info=\u00bb{}\u00bb animation_style=\u00bbfade\u00bb sticky_enabled=\u00bb0&#8243;][et_pb_column type=\u00bb1_2&#8243; _builder_version=\u00bb4.27.5&#8243; _module_preset=\u00bbdefault\u00bb global_colors_info=\u00bb{}\u00bb][et_pb_image src=\u00bbhttps:\/\/fundacionporlajusticia.org\/wp-content\/uploads\/2026\/03\/Portada-Espai-Comunitari.png\u00bb title_text=\u00bbPortada Espai Comunitari\u00bb url=\u00bbhttps:\/\/fundacionporlajusticia.org\/escuela-matinal-de-nazaret\/\u00bb align=\u00bbcenter\u00bb _builder_version=\u00bb4.27.5&#8243; _module_preset=\u00bbdefault\u00bb custom_margin=\u00bb|29px||||\u00bb custom_padding=\u00bb|||31px||\u00bb global_colors_info=\u00bb{}\u00bb][\/et_pb_image][et_pb_button button_url=\u00bbhttps:\/\/fundacionporlajusticia.org\/proyectos\/accion-social\/espai-comunitari-en-catarroja\/\u00bb button_text=\u00bbDescubre m\u00e1s\u00bb button_alignment=\u00bbcenter\u00bb _builder_version=\u00bb4.27.5&#8243; _module_preset=\u00bbdefault\u00bb custom_button=\u00bbon\u00bb button_text_size=\u00bb18px\u00bb button_text_color=\u00bb#FFFFFF\u00bb button_bg_color=\u00bb#ada39a\u00bb button_border_color=\u00bb#92857c\u00bb transform_scale=\u00bb105%|105%\u00bb custom_margin=\u00bb|||44px|false|false\u00bb global_colors_info=\u00bb{}\u00bb][\/et_pb_button][\/et_pb_column][et_pb_column type=\u00bb1_2&#8243; _builder_version=\u00bb4.27.5&#8243; _module_preset=\u00bbdefault\u00bb global_colors_info=\u00bb{}\u00bb][et_pb_text _builder_version=\u00bb4.27.5&#8243; _module_preset=\u00bbdefault\u00bb text_font=\u00bb&#8211;et_global_heading_font||||||||\u00bb header_font=\u00bb&#8211;et_global_heading_font||||||||\u00bb transform_scale=\u00bb105%|105%\u00bb min_height=\u00bb33px\u00bb custom_margin=\u00bb|-18px||-18px|false|false\u00bb custom_padding=\u00bb12px|0px|3px|||\u00bb global_colors_info=\u00bb{}\u00bb]<\/p>\n<h6 style=\"text-align: center;\"><span style=\"color: #61c9b9; font-size: medium;\">JUVENTUD, EDUCACI\u00d3N, DANA<\/span><\/h6>\n<p><span style=\"color: #61c9b9; font-size: medium;\"><\/span><\/p>\n<p>[\/et_pb_text][et_pb_text _builder_version=\u00bb4.27.5&#8243; _module_preset=\u00bbdefault\u00bb text_font=\u00bb&#8211;et_global_heading_font||||||||\u00bb header_font=\u00bb&#8211;et_global_heading_font||||||||\u00bb transform_scale=\u00bb105%|105%\u00bb min_height=\u00bb33px\u00bb custom_margin=\u00bb|-18px||-18px|false|false\u00bb custom_padding=\u00bb12px|0px|3px|||\u00bb global_colors_info=\u00bb{}\u00bb]<\/p>\n<h3 style=\"text-align: center;\">Espai Comunitari en Catarroja<\/h3>\n<p>[\/et_pb_text][et_pb_text _builder_version=\u00bb4.27.5&#8243; _module_preset=\u00bbdefault\u00bb text_text_color=\u00bb#92857c\u00bb custom_padding=\u00bb||1px|||\u00bb global_colors_info=\u00bb{}\u00bb]<\/p>\n<p style=\"text-align: justify;\"><span><span class=\"a_GcMg font-feature-liga-off font-feature-clig-off font-feature-calt-off text-decoration-none text-strikethrough-none\">Damos <strong>apoyo psicoemocional a adolescentes<\/strong> con dificultades de aprendizaje y merendamos juntas. Este proyecto busca reactivar un\u00a0<strong>espacio<\/strong>\u00a0que se vio interrumpido tras la<strong> DANA<\/strong>. Acompa\u00f1amos a<strong>\u00a0adolescentes<\/strong>\u00a0en <strong>refuerzo<\/strong> <strong>escolar<\/strong> y\u00a0<strong>fortalecimiento emocional<\/strong> a trav\u00e9s de <strong>ocio educativo,<\/strong> en colaboraci\u00f3n con\u00a0la asociaci\u00f3n <a href=\"https:\/\/asociacioncalamare.org\/\" class=\"accesia-highlightlink\" tabindex=\"2\">Ca la Mare<\/a>.<\/span><\/span><span><span class=\"a_GcMg font-feature-liga-off font-feature-clig-off font-feature-calt-off text-decoration-none text-strikethrough-none\"><\/span><\/span><span><span class=\"a_GcMg font-feature-liga-off font-feature-clig-off font-feature-calt-off text-decoration-none text-strikethrough-none\"><\/span><\/span><\/p>\n<p style=\"text-align: justify;\">\n<p>[\/et_pb_text][et_pb_divider _builder_version=\u00bb4.27.5&#8243; _module_preset=\u00bbdefault\u00bb custom_margin=\u00bb||-1px|||\u00bb global_colors_info=\u00bb{}\u00bb][\/et_pb_divider][et_pb_text _builder_version=\u00bb4.27.5&#8243; _module_preset=\u00bbdefault\u00bb text_text_color=\u00bb#92857c\u00bb custom_padding=\u00bb||1px|||\u00bb global_colors_info=\u00bb{}\u00bb]<\/p>\n<p style=\"text-align: justify;\"><span><strong>HORARIO &#8211; <\/strong><\/span><strong><span class=\"a_GcMg font-feature-liga-off font-feature-clig-off font-feature-calt-off text-decoration-none text-strikethrough-none\">Lunes a jueves <\/span><\/strong><span class=\"a_GcMg font-feature-liga-off font-feature-clig-off font-feature-calt-off text-decoration-none text-strikethrough-none\">de <strong>17 a 19h. Viernes <\/strong><\/span><span class=\"a_GcMg font-feature-liga-off font-feature-clig-off font-feature-calt-off text-decoration-none text-strikethrough-none\">actividades de ocio. (Posibilidad de venir <strong>s\u00f3lo un d\u00eda<\/strong>).<\/span><\/p>\n<p style=\"text-align: justify;\"><span class=\"a_GcMg font-feature-liga-off font-feature-clig-off font-feature-calt-off text-decoration-none text-strikethrough-none\"><strong>LUGAR &#8211; <\/strong><\/span><span class=\"a_GcMg font-feature-liga-off font-feature-clig-off font-feature-calt-off text-decoration-none text-strikethrough-none\">Espai Comunitari <strong>Catarroja<\/strong> (<a href=\"https:\/\/share.google\/A0F8gHdYOR3QQ1ujt\">C. Moreres, 8. 46470 Catarroja, Val\u00e8ncia<\/a>)<\/span><\/p>\n<p style=\"text-align: justify;\"><strong><span class=\"a_GcMg font-feature-liga-off font-feature-clig-off font-feature-calt-off text-decoration-none text-strikethrough-none\">PERFIL &#8211; <\/span><\/strong>Gente que nos pueda ayudar con el repaso, t\u00e9cnicas de estudio. Especialmente necesitamos refuerzo de ingl\u00e9s, matem\u00e1ticas, f\u00edsica y qu\u00edmica.<\/p>\n<p style=\"text-align: justify;\">[\/et_pb_text][et_pb_divider show_divider=\u00bboff\u00bb _builder_version=\u00bb4.27.5&#8243; _module_preset=\u00bbdefault\u00bb global_colors_info=\u00bb{}\u00bb][\/et_pb_divider][\/et_pb_column][\/et_pb_row][et_pb_row column_structure=\u00bb1_2,1_2&#8243; _builder_version=\u00bb4.27.5&#8243; _module_preset=\u00bbdefault\u00bb custom_padding=\u00bb|100px||||\u00bb hover_enabled=\u00bb0&#8243; global_colors_info=\u00bb{}\u00bb animation_style=\u00bbfade\u00bb sticky_enabled=\u00bb0&#8243;][et_pb_column type=\u00bb1_2&#8243; _builder_version=\u00bb4.27.5&#8243; _module_preset=\u00bbdefault\u00bb global_colors_info=\u00bb{}\u00bb][et_pb_image src=\u00bbhttps:\/\/fundacionporlajusticia.org\/wp-content\/uploads\/2026\/04\/Voluntariado-Humans-Fest.png\u00bb title_text=\u00bbVoluntariado Humans Fest\u00bb url=\u00bbhttps:\/\/fundacionporlajusticia.org\/proyectos\/accion-social\/futuros-en-libertad\/\u00bb align=\u00bbcenter\u00bb _builder_version=\u00bb4.27.5&#8243; _module_preset=\u00bbdefault\u00bb custom_padding=\u00bb|29px||29px||\u00bb global_colors_info=\u00bb{}\u00bb][\/et_pb_image][et_pb_button button_url=\u00bbhttps:\/\/fundacionporlajusticia.org\/humansfest\/\u00bb button_text=\u00bbDescubre m\u00e1s\u00bb button_alignment=\u00bbcenter\u00bb _builder_version=\u00bb4.27.5&#8243; _module_preset=\u00bbdefault\u00bb custom_button=\u00bbon\u00bb button_text_size=\u00bb18px\u00bb button_text_color=\u00bb#FFFFFF\u00bb button_bg_color=\u00bb#ada39a\u00bb button_border_color=\u00bb#92857c\u00bb transform_scale=\u00bb105%|105%\u00bb custom_margin=\u00bb|||44px|false|false\u00bb global_colors_info=\u00bb{}\u00bb][\/et_pb_button][\/et_pb_column][et_pb_column type=\u00bb1_2&#8243; _builder_version=\u00bb4.27.5&#8243; _module_preset=\u00bbdefault\u00bb global_colors_info=\u00bb{}\u00bb][et_pb_text _builder_version=\u00bb4.27.5&#8243; _module_preset=\u00bbdefault\u00bb text_font=\u00bb&#8211;et_global_heading_font||||||||\u00bb header_font=\u00bb&#8211;et_global_heading_font||||||||\u00bb transform_scale=\u00bb105%|105%\u00bb min_height=\u00bb33px\u00bb custom_margin=\u00bb|-18px||-18px|false|false\u00bb custom_padding=\u00bb12px|0px|3px|||\u00bb global_colors_info=\u00bb{}\u00bb]<\/p>\n<h6 style=\"text-align: center;\"><span style=\"color: #61c9b9; font-size: medium;\">FESTIVAL DE CINE Y DERECHOS HUMANOS<\/span><\/h6>\n<p>[\/et_pb_text][et_pb_text _builder_version=\u00bb4.27.5&#8243; _module_preset=\u00bbdefault\u00bb text_font=\u00bb&#8211;et_global_heading_font||||||||\u00bb header_font=\u00bb&#8211;et_global_heading_font||||||||\u00bb transform_scale=\u00bb105%|105%\u00bb min_height=\u00bb33px\u00bb custom_margin=\u00bb|-18px||-18px|false|false\u00bb custom_padding=\u00bb12px|0px|3px|||\u00bb global_colors_info=\u00bb{}\u00bb]<\/p>\n<h3 style=\"text-align: center;\">Humans Fest<\/h3>\n<p>[\/et_pb_text][et_pb_text _builder_version=\u00bb4.27.5&#8243; _module_preset=\u00bbdefault\u00bb text_text_color=\u00bb#92857c\u00bb global_colors_info=\u00bb{}\u00bb]<\/p>\n<p style=\"text-align: justify;\">Hacer <strong>voluntariado en el Humans Fest<\/strong> es una oportunidad para desarrollar tus habilidades en la <strong>organizaci\u00f3n de un evento cultural y activista<\/strong> con proyecci\u00f3n internacional. Podr\u00e1s conocer a activistas y cineastas, ver pel\u00edculas, practicar un idioma extranjero, mejorar tu capacidad comunicativa, y ampliar tu conocimiento sobre derechos humanos, formando parte de un equipo de alta calidad humana y profesional.\u00a0<\/p>\n<p>[\/et_pb_text][et_pb_divider _builder_version=\u00bb4.27.5&#8243; _module_preset=\u00bbdefault\u00bb custom_margin=\u00bb||-1px|||\u00bb global_colors_info=\u00bb{}\u00bb][\/et_pb_divider][et_pb_text _builder_version=\u00bb4.27.5&#8243; _module_preset=\u00bbdefault\u00bb text_text_color=\u00bb#92857c\u00bb custom_padding=\u00bb||1px|||\u00bb global_colors_info=\u00bb{}\u00bb]<\/p>\n<p style=\"text-align: justify;\"><span><strong>HORARIO &#8211; <\/strong>En las fechas de realizaci\u00f3n del festival. Horario flexible.<\/span><\/p>\n<p style=\"text-align: justify;\"><span class=\"a_GcMg font-feature-liga-off font-feature-clig-off font-feature-calt-off text-decoration-none text-strikethrough-none\"><strong>LUGAR &#8211;\u00a0<\/strong>Val\u00e8ncia y alrededores.<\/span><\/p>\n<p style=\"text-align: justify;\"><strong><span class=\"a_GcMg font-feature-liga-off font-feature-clig-off font-feature-calt-off text-decoration-none text-strikethrough-none\">PERFIL &#8211; <\/span><\/strong>Gente interesada en cine, derechos humanos y sensibilizaci\u00f3n.<\/p>\n<p style=\"text-align: justify;\">\n<p>[\/et_pb_text][\/et_pb_column][\/et_pb_row][et_pb_row _builder_version=\u00bb4.27.5&#8243; _module_preset=\u00bbdefault\u00bb global_colors_info=\u00bb{}\u00bb][et_pb_column type=\u00bb4_4&#8243; _builder_version=\u00bb4.27.5&#8243; _module_preset=\u00bbdefault\u00bb global_colors_info=\u00bb{}\u00bb][\/et_pb_column][\/et_pb_row][et_pb_row _builder_version=\u00bb4.27.5&#8243; _module_preset=\u00bbdefault\u00bb hover_enabled=\u00bb0&#8243; global_colors_info=\u00bb{}\u00bb animation_style=\u00bbfade\u00bb sticky_enabled=\u00bb0&#8243;][et_pb_column type=\u00bb4_4&#8243; _builder_version=\u00bb4.27.5&#8243; _module_preset=\u00bbdefault\u00bb global_colors_info=\u00bb{}\u00bb][et_pb_button button_url=\u00bbhttps:\/\/forms.gle\/YqFR83ZUN9y9avYz6&#8243; button_text=\u00bbHazte voluntario\/a\u00bb button_alignment=\u00bbcenter\u00bb _builder_version=\u00bb4.27.5&#8243; _module_preset=\u00bbdefault\u00bb custom_button=\u00bbon\u00bb button_text_size=\u00bb18px\u00bb button_text_color=\u00bb#FFFFFF\u00bb button_bg_color=\u00bb#ada39a\u00bb button_border_color=\u00bb#92857c\u00bb transform_scale=\u00bb105%|105%\u00bb global_colors_info=\u00bb{}\u00bb][\/et_pb_button][\/et_pb_column][\/et_pb_row][\/et_pb_section][et_pb_section fb_built=\u00bb1&#8243; disabled_on=\u00bbon|on|on\u00bb _builder_version=\u00bb4.16&#8243; _module_preset=\u00bbdefault\u00bb disabled=\u00bbon\u00bb global_colors_info=\u00bb{}\u00bb][et_pb_row column_structure=\u00bb1_4,3_4&#8243; _builder_version=\u00bb4.27.5&#8243; _module_preset=\u00bbdefault\u00bb global_colors_info=\u00bb{}\u00bb][et_pb_column type=\u00bb1_4&#8243; _builder_version=\u00bb4.27.5&#8243; _module_preset=\u00bbdefault\u00bb global_colors_info=\u00bb{}\u00bb][et_pb_image src=\u00bbhttps:\/\/fundacionporlajusticia.org\/wp-content\/uploads\/2022\/04\/c-cola.png\u00bb title_text=\u00bbc-cola\u00bb _builder_version=\u00bb4.16.0&#8243; _module_preset=\u00bbdefault\u00bb global_colors_info=\u00bb{}\u00bb][\/et_pb_image][\/et_pb_column][et_pb_column type=\u00bb3_4&#8243; _builder_version=\u00bb4.16&#8243; _module_preset=\u00bbdefault\u00bb global_colors_info=\u00bb{}\u00bb][et_pb_text _builder_version=\u00bb4.27.5&#8243; _module_preset=\u00bbdefault\u00bb global_colors_info=\u00bb{}\u00bb]<\/p>\n<p>\u00a1Fundaci\u00f3n por la Justicia te necesita! Hacer voluntariado en Fundaci\u00f3n por la Justicia te posibilitar\u00e1 formar parte de los equipos que desarrollan y llevan adelante nuestros proyectos comunes. Adem\u00e1s, podr\u00e1s beneficiarte de nuestros cursos para formaci\u00f3n de voluntarios y voluntarias especializados en Derechos Humanos.<\/p>\n<p>Indicar en el asunto del email el voluntariado que os interesa:<\/p>\n<ul>\n<li><strong>Voluntariado para la Escoleta Matinal del barrio de Nazaret en Valencia<\/strong><br \/>La tarea consiste en participar como monitor\/a voluntario\/a en el Proyecto Escuela Matinal de la Fundaci\u00f3n por la Justicia, que tiene lugar de 8:00h a 9:30h en el Colegio Nuestra Se\u00f1ora de los Desamparados, en el barrio de Nazaret. Preparamos el desayuno de 30 ni\u00f1as\/os provenientes de familias con pocos recursos o desestructuradas, y luego dedicamos entre 30 y 45 minutos a la realizaci\u00f3n de actividades deportivas con el fin de mejorar la salud f\u00edsica y mental de las\/os ni\u00f1as\/os y favorecer un ambiente respetuoso y arm\u00f3nico dentro y fuera de la escuela. Necesitamos a personas adultas (mayores de 18 a\u00f1os) y con formaci\u00f3n y\/o experiencia en actividades educativas, vinculadas con el arte, l\u00fadicas y\/o deportivas relacionadas con la infancia. Lo principal es que le guste trabajar con ni\u00f1as\/os, por lo que la paciencia, la comprensi\u00f3n, la iniciativa positiva y las ganas de jugar son imprescindibles.<\/li>\n<\/ul>\n<p>&nbsp;<\/p>\n<ul>\n<li><strong>Voluntariado para Espai Comunitari de Catarroja<br \/><\/strong>Ayudamos con los deberes, con refuerzo escolar y merendamos juntos y juntas.<br \/>\u00bfQui\u00e9n es el p\u00fablico? Adolescentes de 12 a 17 a\u00f1os con dificultades de aprendizaje.<br \/>\u00bfQu\u00e9 horario? De 17-19h de la tarde, de lunes a jueves (los viernes hacemos actividades m\u00e1s l\u00fadicas) <br \/>\u00bfQui\u00e9n organiza? Fundaci\u00f3n por la Justicia en colaboraci\u00f3n con la organizaci\u00f3n Ca La Mare, de Catarroja.<br \/>Lugar: Calle las Moreras n\u00ba8, Catarroja. <br \/>\u00bfQu\u00e9 perfil necesitamos? Gente que nos pueda ayudar con el repaso, t\u00e9cnicas de estudio etc. Especialmente necesitamos refuerzo de ingl\u00e9s, matem\u00e1ticas, f\u00edsica y qu\u00edmica. <br \/>Buscamos perfil de gente que se pueda compromete a venir m\u00ednimo una vez cada dos semanas.<\/li>\n<\/ul>\n<p>&nbsp;<\/p>\n<ul>\n<li><strong>Voluntariado para el Humans Fest<\/strong><br \/>Hacer voluntariado en el Humans Fest es una oportunidad para desarrollar tus habilidades en la organizaci\u00f3n de un evento cultural y activista con proyecci\u00f3n internacional. As\u00ed, aqu\u00ed podr\u00e1s conocer a activistas y cineastas, ver pel\u00edculas, practicar un idioma extranjero traduciendo a las personas invitadas de otros festivales internacionales, mejorar tu capacidad comunicativa, y ampliar tu conocimiento sobre derechos humanos, formando parte de un equipo de alta calidad humana y profesional. El voluntariado del festival tiene un horario flexible que se puede combinar con estudios o trabajo a tiempo parcial.<\/li>\n<\/ul>\n<p><strong><\/strong><\/p>\n<p>&nbsp;<\/p>\n<p>[\/et_pb_text][et_pb_button button_text=\u00bbManda un mail a info@fundacionporlajusticia.org\u00bb button_alignment=\u00bbcenter\u00bb _builder_version=\u00bb4.27.5&#8243; _module_preset=\u00bbdefault\u00bb global_colors_info=\u00bb{}\u00bb][\/et_pb_button][\/et_pb_column][\/et_pb_row][\/et_pb_section]<\/p>\n","protected":false},"excerpt":{"rendered":"<p>haz voluntariadoFundaci\u00f3n por la Justicia te necesitaHacer voluntariado en Fundaci\u00f3n por la Justicia te posibilitar\u00e1 formar parte de los equipos que desarrollan nuestros proyectos. Adem\u00e1s, podr\u00e1s beneficiarte de nuestros cursos para formaci\u00f3n de voluntarios y voluntarias especializados en Derechos Humanos. INFANCIA, ATENCI\u00d3N PSICOPEDAG\u00d3GICA Escoleta Matinal de NazaretPreparamos el desayuno de 30 ni\u00f1as\/os provenientes de contextos [&hellip;]<\/p>\n","protected":false},"author":1,"featured_media":0,"parent":149,"menu_order":0,"comment_status":"closed","ping_status":"closed","template":"","meta":{"_et_pb_use_builder":"on","_et_pb_old_content":"","_et_gb_content_width":"","_uf_show_specific_survey":0,"_uf_disable_surveys":false,"footnotes":""},"class_list":["post-335","page","type-page","status-publish","hentry"],"aioseo_notices":[],"_links":{"self":[{"href":"https:\/\/fundacionporlajusticia.org\/en\/wp-json\/wp\/v2\/pages\/335","targetHints":{"allow":["GET"]}}],"collection":[{"href":"https:\/\/fundacionporlajusticia.org\/en\/wp-json\/wp\/v2\/pages"}],"about":[{"href":"https:\/\/fundacionporlajusticia.org\/en\/wp-json\/wp\/v2\/types\/page"}],"author":[{"embeddable":true,"href":"https:\/\/fundacionporlajusticia.org\/en\/wp-json\/wp\/v2\/users\/1"}],"replies":[{"embeddable":true,"href":"https:\/\/fundacionporlajusticia.org\/en\/wp-json\/wp\/v2\/comments?post=335"}],"version-history":[{"count":89,"href":"https:\/\/fundacionporlajusticia.org\/en\/wp-json\/wp\/v2\/pages\/335\/revisions"}],"predecessor-version":[{"id":14438,"href":"https:\/\/fundacionporlajusticia.org\/en\/wp-json\/wp\/v2\/pages\/335\/revisions\/14438"}],"up":[{"embeddable":true,"href":"https:\/\/fundacionporlajusticia.org\/en\/wp-json\/wp\/v2\/pages\/149"}],"wp:attachment":[{"href":"https:\/\/fundacionporlajusticia.org\/en\/wp-json\/wp\/v2\/media?parent=335"}],"curies":[{"name":"wp","href":"https:\/\/api.w.org\/{rel}","templated":true}]}}