{"id":2084,"date":"2019-01-30T18:12:38","date_gmt":"2019-01-30T18:12:38","guid":{"rendered":"https:\/\/fundacionporlajusticia.accesia.info\/es\/?page_id=5242"},"modified":"2022-03-21T16:19:08","modified_gmt":"2022-03-21T16:19:08","slug":"2020-programacion","status":"publish","type":"page","link":"https:\/\/fundacionporlajusticia.org\/en\/humansfest\/2020-edicion\/2020-programacion\/","title":{"rendered":"2020 \u2013 Programming"},"content":{"rendered":"<h1><b>10th HUMANS FEST EDITION<\/b><\/h1>\n<p>&nbsp;<\/p>\n<p><b>PROGRAMMING<\/b><\/p>\n<h2><\/h2>\n<h3><span style=\"font-weight: 400;\">Wednesday, February 13, 2019<\/span><\/h3>\n<h2><\/h2>\n<h4><b>11:00 a.m. PREFEST \u2013 PICASSENT PENITENTIARY CENTER<\/b><\/h4>\n<p><i>\u201cThe Unearthing\u201d by Nacho Ruip\u00e9rez<\/i><\/p>\n<p><i><span style=\"font-weight: 400;\">special screening with the presence of the director and the Humans Fest team <\/span><\/i><\/p>\n<p>&nbsp;<\/p>\n<h3><span style=\"font-weight: 400;\">Thursday February 14, 2019 \u00a0<\/span><\/h3>\n<h4><b>8:00 p.m. TAL\u00cdA THEATER <\/b><\/h4>\n<p><span style=\"font-weight: 400;\">Inauguration of the Humans Fest. <\/span><span style=\"font-weight: 400;\">Presentation of the Pau i Justicia award <\/span><\/p>\n<p><span style=\"font-weight: 400;\">Presented by: Liz Dust <\/span><\/p>\n<p><span style=\"font-weight: 400;\">Free entrance.<\/span><\/p>\n<p><span style=\"font-weight: 400;\"><br \/>\n<\/span><b>8:30 p.m.* \u00a0<\/b><span style=\"font-weight: 400;\">Inaugural screening.<\/span><span style=\"font-weight: 400;\"> The Silence of Others <\/span><\/p>\n<p><span style=\"font-weight: 400;\">Of <\/span><a href=\"https:\/\/www.google.com\/search?q=Almudena+Carracedo&amp;stick=H4sIAAAAAAAAAOPgE-LVT9c3NExPy63Kzk4vU-LSz9U3SKlIKzRP1xLLTrbST8vMyQUTVimZRanJJflFi1iFHHNyS1NS8xIVnBOLihKTU1PyAQe14DtKAAAA&amp;sa=X&amp;ved=2ahUKEwiSgZrS-ZXgAhUD2eAKHTuRDRcQmxMoATAcegQIBxAH\"><span style=\"font-weight: 400;\">Almudena Carracedo<\/span><\/a><span style=\"font-weight: 400;\">, <\/span><a href=\"https:\/\/www.google.com\/search?q=Robert+Bahar&amp;stick=H4sIAAAAAAAAAOPgE-LVT9c3NExPy63Kzk4vU-LSz9U3qEpJzk0v0RLLTrbST8vMyQUTVimZRanJJflFi1h5gvKTUotKFJwSMxKLADiCledEAAAA&amp;sa=X&amp;ved=2ahUKEwiSgZrS-ZXgAhUD2eAKHTuRDRcQmxMoAjAcegQIBxAI\"><span style=\"font-weight: 400;\">Robert Bahar<\/span><\/a><\/p>\n<p><span style=\"font-weight: 400;\">96&#039; \/ 2018 \/ Documentary \/ Spain <\/span><\/p>\n<h2><\/h2>\n<h3><span style=\"font-weight: 400;\">Friday, February 15, 2019<\/span><\/h3>\n<h4><b>6:00 p.m. FILMOTECA (OFFICIAL SECTION OF FREEDOM AND HR SHORT FILMS)<\/b><\/h4>\n<p>&nbsp;<\/p>\n<p><b>The Village<span style=\"font-weight: 400;\"> (2018 \/ 5 mins \/ United Kingdom \/ Documentary \/ Rose Palmer, Laura Balfour)<\/span><\/b><\/p>\n<p><b>With or without papers<span style=\"font-weight: 400;\"> (2018 \/ 20 mins \/ United States \/ Documentary \/ Aria Zapata)<\/span><\/b><\/p>\n<p><strong>3 grams of faith<\/strong><span style=\"font-weight: 400;\"> (2017 \/ 14 mins \/ Spain \/ Fiction \/ Jos\u00e9 A. Campos)<\/span><\/p>\n<p><strong>8th Continent<\/strong><span style=\"font-weight: 400;\"> (2018 \/ 11 mins \/ Greece \/ Documentary \/ Yorgos Zois)<\/span><\/p>\n<p><strong>Testimonies of a Massacre: Tula Toli<\/strong><span style=\"font-weight: 400;\"> (2017 \/ 21 mins \/ United Kingdom \/ Documentary \/ Shafiur Rahman)<\/span><\/p>\n<p><strong>Wicked Girls<\/strong> <span style=\"font-weight: 400;\">(2017 \/ 8 mins \/ France \u2013 T\u00fcrkiye \/ Animation \/ Ayce Kartal)<\/span><\/p>\n<p><span style=\"font-weight: 400;\">Subsequent colloquium by CEAR<\/span><\/p>\n<p>&nbsp;<\/p>\n<h4><b>6:30 p.m. CCC CARME (ROMAN\u00cd FILM SECTION) <\/b><\/h4>\n<p><i><span style=\"font-weight: 400;\">Projection<\/span><\/i><\/p>\n<ul>\n<li style=\"font-weight: 400;\"><i><span style=\"font-weight: 400;\">I REMEMBER Nanuk Audiovisual, Gitanxs in Arag\u00f3n during the Civil War<\/span><\/i><\/li>\n<li style=\"font-weight: 400;\"><i><span style=\"font-weight: 400;\">A NIT PER NO OBLIDAR by Roman\u00f3 Film, Associaci\u00f3 Intercultural Nakeramos<\/span><\/i><\/li>\n<\/ul>\n<p>&nbsp;<\/p>\n<p><span style=\"font-weight: 400;\">DEBATE: \u00abRoma Historical Memory, The Forgotten\u00bb<\/span><\/p>\n<p><span style=\"font-weight: 400;\">Participate: Mar\u00eda R. Jim\u00e9nez and Sejad Cizmic<\/span><span style=\"font-weight: 400;\">,<\/span><span style=\"font-weight: 400;\"> BARCELONA <\/span><\/p>\n<p>&nbsp;<\/p>\n<h4><b>8:00 p.m. FILMOTECA (PAU I JUSTICE CYCLE) <\/b><\/h4>\n<p><b>Savior (Story of an everyday miracle) <\/b><span style=\"font-weight: 400;\">by Abdelatif Hwidar. 2007. 13&#039;<\/span><\/p>\n<p><b>Kanimambo of <\/b><span style=\"font-weight: 400;\">Abdelatif Hwidar, Carla Subirana, Ad\u00e1n Aliaga. 2012. 94&#039; <\/span><\/p>\n<p><span style=\"font-weight: 400;\">Subsequent discussion with Hwidar Abdeltif \u2013 Pau i Justicia HF 2019 Award<\/span><\/p>\n<p>&nbsp;<\/p>\n<h4><b>10:30 p.m. FILMOTECA (OFFICIAL SECTION DOCUMENTARY FEATURE FILMS)<\/b><\/h4>\n<p><i><span style=\"font-weight: 400;\">MAKING SENSE TOGETHER\u00a0<\/span><\/i><\/p>\n<p><i><span style=\"font-weight: 400;\">Director Ellen Ugelstad<\/span><\/i><\/p>\n<p><em><span style=\"font-weight: 400;\">2018 \/ 68 mins \/ Documentary \/ Sweden <\/span><\/em><\/p>\n<p><span style=\"font-weight: 400;\">Debate: Scope<\/span><\/p>\n<h2><\/h2>\n<h3><span style=\"font-weight: 400;\">Saturday February 16<\/span><span style=\"font-weight: 400;\"> of 2019<\/span><\/h3>\n<h3><b>18:00h FILMOTECA (OFFICIAL SECTION DOCUMENTARY FEATURE FILMS)<\/b><\/h3>\n<p><i><span style=\"font-weight: 400;\">HEALTH WITHOUT PAPERWORK<\/span><\/i><\/p>\n<p><i><span style=\"font-weight: 400;\">Director Juan Freitez<\/span><\/i><\/p>\n<p><em><span style=\"font-weight: 400;\">2018 \/ 84 mins \/Documentary \/ USA\u00a0<\/span><\/em><\/p>\n<p><span style=\"font-weight: 400;\">Debate: Anti-AIDS Committee and director Juan Freitez<\/span><\/p>\n<p>&nbsp;<\/p>\n<h4><b>6:30 p.m. CCC CARMEN (ROMANI CINEMA SECTION) <\/b><\/h4>\n<p><i><span style=\"font-weight: 400;\">Projection<\/span><\/i><\/p>\n<p><i><span style=\"font-weight: 400;\">ROMNIA by Pablo Vega<\/span><\/i><\/p>\n<p><i><span style=\"font-weight: 400;\">ANTONIA from Gypsies with Word,<\/span><\/i><\/p>\n<p><span style=\"font-weight: 400;\">DEBATE: \u00abAudiovisual World: how to be Roma and not lose yourself in the attempt\u00bb<\/span><\/p>\n<p><span style=\"font-weight: 400;\">The Roma actresses Coco Reyes (Granada) and Celia Montoya participate, Prize of the Institute of Gypsy Culture 2017<\/span><\/p>\n<h2><\/h2>\n<h4><b>7:00 p.m. CMRP (HR FORUM)<\/b><\/h4>\n<p><i><span style=\"font-weight: 400;\">Presentation of CEAR&#039;s \u201cFindes d&#039;exili\u201d Project with the screening of the documentary by Jaume Dur\u00e1, Jos\u00e9 Gaya and Jorge Ramos. <\/span><\/i><\/p>\n<p><span style=\"font-weight: 400;\">Subsequent debate with the directors Jos\u00e9 Gay\u00e0, and Jaume Dur\u00e0 director CEAR and refugees about historical memory and reception. <\/span><\/p>\n<p>&nbsp;<\/p>\n<p><b>8:00 p.m. FILMOTECA (OFFICIAL SECTION OF FREEDOM AND HR SHORT FILMS)<\/b><\/p>\n<p><i><b>Gold Rush <\/b><\/i><span style=\"font-weight: 400;\">(2017 \/ 25 mins \/ Spain \/ Documentary \/ Ra\u00fal de la Fuente)<\/span><\/p>\n<p><i><b>2nd Class<\/b><\/i><span style=\"font-weight: 400;\"> (2018 \/ 14 mins \/ Sweden \/ Fiction \/ Jimmy Olsson)<\/span><\/p>\n<p><b>Rights and humans<\/b><span style=\"font-weight: 400;\"> (2018 \/ 23 mins \/ Argentina \/ Documentary \/ Ignacio Ibarra)<\/span><\/p>\n<p><b>Neetu<\/b><span style=\"font-weight: 400;\"> (2018 \/ 6 mins \/ Documentary \/ Spain \/ Carlos Caro)<\/span><\/p>\n<p><b>3 stolen cameras \/ 3 stolen cameras<\/b><span style=\"font-weight: 400;\"> (2017 \/ 17 mins \/ Documentary \/ Western Sahara \/ Ahmed EttanjI)<\/span><\/p>\n<p><span style=\"font-weight: 400;\">Debate: Amnesty International Valencia <\/span><\/p>\n<p>&nbsp;<\/p>\n<h3><span style=\"font-weight: 400;\">Sunday February 17<\/span><span style=\"font-weight: 400;\"> of 2019<\/span><\/h3>\n<p>&nbsp;<\/p>\n<p>&nbsp;<\/p>\n<h4><b>6:30 p.m. CCC CARMEN (ROMANI CINEMA SECTION) <\/b><\/h4>\n<p><i><span style=\"font-weight: 400;\">Projection: <\/span><\/i><\/p>\n<p><i><span style=\"font-weight: 400;\">ROMANIPEN, 55&#039; by Kike del Olmo<\/span><\/i><\/p>\n<p><span style=\"font-weight: 400;\">DEBATE: \u00abRomanipen, Romani Identity\u00bb<\/span><\/p>\n<p><span style=\"font-weight: 400;\">Participating: Joan Oleaque, Roman\u00ed Journalist, writer and Professor at the International University of Valencia; Claudia Gonz\u00e1lez Romero, University Student and Roman\u00ed activist; Nicoleta Bitu, Romanian Romani mediator and activist in Valencia.<\/span><\/p>\n<p>&nbsp;<\/p>\n<h4><b>8:00 p.m. FILMOTECA (OFFICIAL SECTION DOCUMENTARY FEATURE FILMS)<\/b><\/h4>\n<p><i><span style=\"font-weight: 400;\">GOLDEN DOWN GIRLS \/ THE GIRLS OF THE GOLDEN DAWN <\/span><\/i><\/p>\n<p><i><span style=\"font-weight: 400;\">Director H\u00e5vard Bustnes<\/span><\/i><\/p>\n<p><span style=\"font-weight: 400;\"><em>2017 \/ 95 mins \/ Documentary \/ Norway\u00a0<\/em><\/span><\/p>\n<p><span style=\"font-weight: 400;\">Debate: CEAR<\/span><\/p>\n<h2><\/h2>\n<h3><span style=\"font-weight: 400;\">Monday February 18<\/span><span style=\"font-weight: 400;\"> of 2019<\/span><\/h3>\n<p>&nbsp;<\/p>\n<h4><b>18:00h MUVIM (HUMANS SECTION Nuremberg International Human Rights Film Festival)<\/b><\/h4>\n<p><i><span style=\"font-weight: 400;\">SILVANA<\/span><\/i><\/p>\n<p><i><span style=\"font-weight: 400;\">by Mika Gustafson, Olivia Kastebring &amp; Christina Tsiobanelis<\/span><\/i><\/p>\n<p><em><span style=\"font-weight: 400;\">2017 \/ 91&#039; \/ Documentary \/ Sweden <\/span><\/em><\/p>\n<p><span style=\"font-weight: 400;\">Debate: BALOONA MATATA<\/span><\/p>\n<h2><\/h2>\n<h4><b>7:00 p.m. College Major Rector Peset.  (BARREXAT SECTION)<\/b><\/h4>\n<p><i><span style=\"font-weight: 400;\">THIS LLUITA IS FOR LIFE <\/span><\/i><\/p>\n<p><i><span style=\"font-weight: 400;\">of the Feminist Brigade for Palestine<\/span><\/i><\/p>\n<p><i><span style=\"font-weight: 400;\">74&#039; | 2018 | Documentary | Spain<\/span><\/i><\/p>\n<p>&nbsp;<\/p>\n<p><span style=\"font-weight: 400;\">Subsequent debate with FEMINIST BRIGADA PER PALESTINA and MOVEMENT AGAINST INTOLERANCE <\/span><\/p>\n<h2><\/h2>\n<h3><span style=\"font-weight: 400;\">Tuesday February 19<\/span><span style=\"font-weight: 400;\"> of 2019<\/span><\/h3>\n<p>&nbsp;<\/p>\n<h4><b>18:00h FILMOTECA (OFFICIAL SECTION DOCUMENTARY FEATURE FILMS)<\/b><\/h4>\n<p><i><span style=\"font-weight: 400;\">STRIKE A ROCK <\/span><\/i><\/p>\n<p><i><span style=\"font-weight: 400;\">Director Aliki Saragas <\/span><\/i><\/p>\n<p><em><span style=\"font-weight: 400;\">2017 \/ 84 mins \/ Documentary \/ South Africa <\/span><\/em><\/p>\n<p><span style=\"font-weight: 400;\">Debate: ACCI\u00d3 ECOLOGISTA AGR\u00d3<\/span><\/p>\n<p>&nbsp;<\/p>\n<h4><b>7:00 p.m. College Major Rector Peset.  (HR FORUM)<\/b><\/h4>\n<p><i><span style=\"font-weight: 400;\">SCREENING: SHORT \u201cSTORIES OF SUPERACI\u00d3\u201d by PACO ROCA<\/span><\/i><\/p>\n<p><span style=\"font-weight: 400;\">DEBATE ASSOCIATIONISM<\/span><\/p>\n<p><span style=\"font-weight: 400;\">Presented by: CVONGD Participated by: Fundaci\u00f3 Horta Nord\/Sud<\/span><\/p>\n<p>&nbsp;<\/p>\n<h4><b>8:00 p.m. FILMOTECA (OFFICIAL SECTION DOCUMENTARY FEATURE FILMS)<\/b><\/h4>\n<p><i><span style=\"font-weight: 400;\">RAGE LISTS <\/span><\/i><\/p>\n<p><i><span style=\"font-weight: 400;\">Director Yaron Ben-Haim<\/span><\/i><\/p>\n<p><em><span style=\"font-weight: 400;\">2017 \/ 110 mins \/ Documentary \/ Israel<\/span><\/em><\/p>\n<p><span style=\"font-weight: 400;\">Debate: Amnesty International Valencia and director Yaron Ben-Haim <\/span><\/p>\n<p>&nbsp;<\/p>\n<h3><span style=\"font-weight: 400;\">Wednesday February 20<\/span><span style=\"font-weight: 400;\"> of 2019<\/span><\/h3>\n<h4><b>17:00h LA NAU (OUTSIDE THE OFFICIAL SECTION) <\/b><span style=\"font-weight: 400;\">\u00a0<\/span><b>(Aula Magna)<\/b><\/h4>\n<p><i><span style=\"font-weight: 400;\">THE CODE screening<\/span><\/i><\/p>\n<p><em><span style=\"font-weight: 400;\">Director Carles Caparr\u00f3s i Obiols<\/span><\/em><\/p>\n<p><em><span style=\"font-weight: 400;\">2018 \/ 87 mins \/ Documentary \/ Spain \u00a0<\/span><\/em><\/p>\n<p><span style=\"font-weight: 400;\">Debate: Baltasar Garz\u00f3n FIBGAR and Jos\u00e9 Mar\u00eda Tom\u00e1s y T\u00edo (Foundation for Justice)<\/span><\/p>\n<p>&nbsp;<\/p>\n<h4><b>18:00h FILMOTECA (OFFICIAL SECTION DOCUMENTARY FEATURE FILMS)<\/b><\/h4>\n<p><i><span style=\"font-weight: 400;\">NEITHER OF ADAM NOR OF EVE: AN INTERSEX STORY<\/span><\/i><\/p>\n<p><i><span style=\"font-weight: 400;\">Director Floriane Devigne<\/span><\/i><\/p>\n<p><em><span style=\"font-weight: 400;\">2018 \/ 58 mins \/ Documentary \/ France<\/span><\/em><\/p>\n<p><span style=\"font-weight: 400;\">Discussion: LAMBDA<\/span><\/p>\n<p>&nbsp;<\/p>\n<h4><b>7:00 p.m. College Major Rector Peset.  (BARREXAT SECTION)<\/b><\/h4>\n<p><i><span style=\"font-weight: 400;\">TIGERNUT <\/span><\/i><\/p>\n<p><i><span style=\"font-weight: 400;\">Directors EVA FERN\u00c1NDEZ AND ANDONI MONFORTE<\/span><\/i><\/p>\n<p><i><span style=\"font-weight: 400;\">50&#039; | 2018 | Documentary | BURKINA FASO, MALI, SPAIN AND GERMANY<\/span><\/i><\/p>\n<p><span style=\"font-weight: 400;\">Debate: Llanos Rodriguez (CIM Burquina) Acci\u00f3 Ecologista Agr\u00f3<\/span><\/p>\n<p>&nbsp;<\/p>\n<h4><b>8:00 p.m. FILMOTECA (OFFICIAL SECTION DOCUMENTARY FEATURE FILMS)<\/b><\/h4>\n<p><i><span style=\"font-weight: 400;\">POLICE KILLING <\/span><\/i><\/p>\n<p><i><span style=\"font-weight: 400;\">Directors Natasha Neri, Lula Carvalho<\/span><\/i><\/p>\n<p><em><span style=\"font-weight: 400;\">2018 \/ 105 mins \/ Documentary \/ Brazil <\/span><\/em><\/p>\n<p><span style=\"font-weight: 400;\">Debate: CIES NO and CVONGD and director Natasha Neri <\/span><\/p>\n<p>&nbsp;<\/p>\n<h3><span style=\"font-weight: 400;\">Thursday February 21<\/span><span style=\"font-weight: 400;\"> of 2019<\/span><\/h3>\n<p>&nbsp;<\/p>\n<h4><b>17:00h La Nau (HR FORUM) <\/b><span style=\"font-weight: 400;\">\u00a0<\/span><b>(Seminari)<\/b><\/h4>\n<p><i><span style=\"font-weight: 400;\">PRISON AND MENTAL HEALTH <\/span><\/i><\/p>\n<p><i><span style=\"font-weight: 400;\">Participates: Sandra Casas (Lawyer); IDHV, Javier Vilalta (\u00c0mbit), Mikel Munarriz (AEN President)<\/span><\/i><\/p>\n<p>&nbsp;<\/p>\n<p><span style=\"font-weight: 400;\">\u00a0<\/span><b>18:00h FILMOTECA (OFFICIAL SECTION DOCUMENTARY FEATURE FILMS)<\/b><\/p>\n<p><i><span style=\"font-weight: 400;\">THE RAPE OF RECY TAYLOR <\/span><\/i><\/p>\n<p><i><span style=\"font-weight: 400;\">Director Nancy Buirski \u00a0<\/span><\/i><\/p>\n<p><em><span style=\"font-weight: 400;\">2017 \/ 91 mins \/ Documentary \/ South Africa <\/span><\/em><\/p>\n<p><span style=\"font-weight: 400;\">Debate: CIMA and Casa de la Dona <\/span><\/p>\n<h4><span style=\"font-weight: 400;\"><br \/>\n<\/span><b>8:00 p.m. FILMOTECA (OFFICIAL SECTION DOCUMENTARY FEATURE FILMS)<\/b><\/h4>\n<p><i><span style=\"font-weight: 400;\">ADRIANA&#039;S PACT <\/span><\/i><\/p>\n<p><i><span style=\"font-weight: 400;\">Director LISSETTE OROZCO<\/span><\/i><\/p>\n<p><em><span style=\"font-weight: 400;\">2017 \/ 96 mins \/ Documentary \/ Chile<\/span><\/em><\/p>\n<p><span style=\"font-weight: 400;\">Debate: FOUNDATION FOR JUSTICE and DIRECTOR LISSETTE OROZCO<\/span><\/p>\n<p>&nbsp;<\/p>\n<h3><span style=\"font-weight: 400;\">Friday February 22<\/span><span style=\"font-weight: 400;\"> of 2019<\/span><\/h3>\n<h4><b>12:00h FILMTECA<\/b><\/h4>\n<h4><b>FESTIVAL MEETINGS AND HUMAN RIGHTS<\/b><\/h4>\n<p><b><span style=\"font-weight: 400;\">Participating: N\u00f3madas, Donosti Film and Human Rights Festival, Nuremberg International Human Rights Film Festival, Dona i Cinema, Festival Cinema Ciutad\u00e0 Compromes<\/span><\/b><\/p>\n<p>&nbsp;<\/p>\n<h4><b>17:00h La Nau (HR FORUM) <\/b><span style=\"font-weight: 400;\">\u00a0<\/span><b>(Seminari)<\/b><\/h4>\n<p><i><span style=\"font-weight: 400;\">HATE CRIME FORUM (GAG LAW) <\/span><\/i><\/p>\n<p><span style=\"font-weight: 400;\">All coorg entities. HUMAN FEST <\/span><\/p>\n<p>&nbsp;<\/p>\n<h4><b>18:00h MUVIM (HUMANS SECTION Nuremberg International Human Rights Film Festival)<\/b><\/h4>\n<p><i><span style=\"font-weight: 400;\">\u00abKINDIL EL BAHR\u00bb <\/span><\/i><\/p>\n<p><i><span style=\"font-weight: 400;\">40&#039; \/2016 \/ Algeria, Kuwait and the USA, Fiction <\/span><\/i><\/p>\n<p><span style=\"font-weight: 400;\">Debate: ANDREA KUHN DIRECTOR NUREMBERG INTERNATIONAL HUMAN RIGHTS FILM FESTIVAL and ENTRECULTURAS <\/span><\/p>\n<p>&nbsp;<\/p>\n<h4><b>8:00 p.m. FILMOTECA (OFFICIAL SECTION DOCUMENTARY FEATURE FILMS)<\/b><\/h4>\n<p><i><span style=\"font-weight: 400;\">HAMADA<\/span><\/i><\/p>\n<p><i><span style=\"font-weight: 400;\">Director Eloy Dom\u00ednguez Ser\u00e9n <\/span><\/i><\/p>\n<p><em><span style=\"font-weight: 400;\">2018 \/ 89 mins \/ Documentary \/ Sweden<\/span><\/em><\/p>\n<p><span style=\"font-weight: 400;\">Debate: SJM and N\u00d3MADAS Festival AND DIRECTOR ELOY DOM\u00cdNGUEZ <\/span><\/p>\n<p>&nbsp;<\/p>\n<h3><span style=\"font-weight: 400;\">Saturday February 23, 2019<\/span><\/h3>\n<p>&nbsp;<\/p>\n<h4><b>8:00 p.m.<\/b> <b>FILM LIBRARY<\/b><\/h4>\n<p><span style=\"font-weight: 400;\">Closing of Humans Fest. Free entrance.<\/span><\/p>\n<p><i><span style=\"font-weight: 400;\">Winning documentary screening<\/span><\/i><b><i> X Humans Fest<\/i><\/b><\/p>\n<p>&nbsp;<\/p>\n<h4><b>23.00 RADIO CITY<\/b><\/h4>\n<p><span style=\"font-weight: 400;\">Humans Fest closing party.<\/span><\/p>\n<p>&nbsp;<\/p>\n<p>&nbsp;<\/p>","protected":false},"excerpt":{"rendered":"<p>X EDICI\u00d3N HUMANS FEST &nbsp; PROGRAMACI\u00d3N Mi\u00e9rcoles 13 de febrero de 2019 11.00h PREFEST &#8211; CENTRO PENITENCIARIO PICASSENT \u201cEl desentierro\u201d de Nacho Ruip\u00e9rez proyecci\u00f3n especial con la presencia del director y el equipo Humans Fest &nbsp; Jueves 14 de febrero de 2019 \u00a0 20.00h TEATRO TAL\u00cdA Inauguraci\u00f3n del Humans Fest. Entrega del premio Pau i [&hellip;]<\/p>\n","protected":false},"author":2,"featured_media":0,"parent":2079,"menu_order":1,"comment_status":"closed","ping_status":"closed","template":"","meta":{"_et_pb_use_builder":"","_et_pb_old_content":"","_et_gb_content_width":"","_uf_show_specific_survey":0,"_uf_disable_surveys":false,"footnotes":""},"class_list":["post-2084","page","type-page","status-publish","hentry"],"aioseo_notices":[],"_links":{"self":[{"href":"https:\/\/fundacionporlajusticia.org\/en\/wp-json\/wp\/v2\/pages\/2084","targetHints":{"allow":["GET"]}}],"collection":[{"href":"https:\/\/fundacionporlajusticia.org\/en\/wp-json\/wp\/v2\/pages"}],"about":[{"href":"https:\/\/fundacionporlajusticia.org\/en\/wp-json\/wp\/v2\/types\/page"}],"author":[{"embeddable":true,"href":"https:\/\/fundacionporlajusticia.org\/en\/wp-json\/wp\/v2\/users\/2"}],"replies":[{"embeddable":true,"href":"https:\/\/fundacionporlajusticia.org\/en\/wp-json\/wp\/v2\/comments?post=2084"}],"version-history":[{"count":1,"href":"https:\/\/fundacionporlajusticia.org\/en\/wp-json\/wp\/v2\/pages\/2084\/revisions"}],"predecessor-version":[{"id":3463,"href":"https:\/\/fundacionporlajusticia.org\/en\/wp-json\/wp\/v2\/pages\/2084\/revisions\/3463"}],"up":[{"embeddable":true,"href":"https:\/\/fundacionporlajusticia.org\/en\/wp-json\/wp\/v2\/pages\/2079"}],"wp:attachment":[{"href":"https:\/\/fundacionporlajusticia.org\/en\/wp-json\/wp\/v2\/media?parent=2084"}],"curies":[{"name":"wp","href":"https:\/\/api.w.org\/{rel}","templated":true}]}}