{"id":13666,"date":"2025-10-14T15:03:05","date_gmt":"2025-10-14T13:03:05","guid":{"rendered":"https:\/\/fundacionporlajusticia.org\/?page_id=13666"},"modified":"2025-10-30T19:24:29","modified_gmt":"2025-10-30T18:24:29","slug":"bases-humans-lab-2025","status":"publish","type":"page","link":"https:\/\/fundacionporlajusticia.org\/en\/bases-humans-lab-2025\/","title":{"rendered":"Humans Lab 2025 Foundations"},"content":{"rendered":"[et_pb_section fb_built=\u00bb1&#8243; _builder_version=\u00bb4.16&#8243; global_colors_info=\u00bb{}\u00bb][et_pb_row _builder_version=\u00bb4.16&#8243; background_size=\u00bbinitial\u00bb background_position=\u00bbtop_left\u00bb background_repeat=\u00bbrepeat\u00bb global_colors_info=\u00bb{}\u00bb][et_pb_column type=\u00bb4_4&#8243; _builder_version=\u00bb4.16&#8243; custom_padding=\u00bb|||\u00bb global_colors_info=\u00bb{}\u00bb custom_padding__hover=\u00bb|||\u00bb][et_pb_text _builder_version=\u00bb4.27.0&#8243; background_size=\u00bbinitial\u00bb background_position=\u00bbtop_left\u00bb background_repeat=\u00bbrepeat\u00bb global_colors_info=\u00bb{}\u00bb]<p><\/p>\n<p class=\"wp-block-paragraph\">&nbsp;<\/p>\n<hr \/>\n<h2 style=\"text-align: center;\"><b>Laboratorio de desarrollo de proyectos audiovisuales en materia de DDHH<br \/><\/b><\/h2>\n<hr \/>\n<p><span style=\"font-weight: 400;\">La Fundaci\u00f3n por la Justicia y el Festival Internacional de Cine y Derechos Humanos, HUMANS FEST, convocan la segunda edici\u00f3n de su laboratorio de creaci\u00f3n de proyectos audiovisuales en materia de derechos humanos.\u00a0<\/span><\/p>\n<p><span style=\"font-weight: 400;\"><\/span><\/p>\n<ol>\n<li style=\"font-weight: 400;\" aria-level=\"1\"><strong>OBJETIVOS\u00a0<\/strong><\/li>\n<\/ol>\n<p><span style=\"font-weight: 400;\">La actividad est\u00e1 dirigida a profesionales y estudiantes con el objetivo de fomentar la escritura de guiones con perspectiva de derechos humanos, promover la creaci\u00f3n y brindar apoyo a los autores y autoras en el proceso de creaci\u00f3n a trav\u00e9s de masterclasses y tutor\u00edas personalizadas.<\/span><\/p>\n<p><span style=\"font-weight: 400;\"><\/span><\/p>\n<p><strong style=\"font-size: 15px;\">2. PARTICIPANTES\u00a0<\/strong><\/p>\n<p><span style=\"font-weight: 400;\">La convocatoria est\u00e1 abierta a personas mayores de edad, de cualquier nacionalidad, que acrediten estudios o experiencia relacionada con el cine y\/o la creaci\u00f3n audiovisual.\u00a0<\/span><\/p>\n<p><span style=\"font-weight: 400;\">Se elegir\u00e1n cinco proyectos, de los cuales, al menos dos, deben ser originarios de la Comunidad Valenciana<\/span><span style=\"font-size: 15px;\">PROYECTOS\u00a0<\/span><\/p>\n<p><span style=\"font-weight: 400;\">Los proyectos elegibles son proyectos de<\/span><span style=\"font-weight: 400;\"> formato <\/span><b>cortometraje de ficci\u00f3n\/documental\/animaci\u00f3n\/experimental (se admiten proyectos h\u00edbridos)<\/b><span style=\"font-weight: 400;\"> en materia de defensa de los derechos humanos y en fase de gui\u00f3n.<\/span><\/p>\n<p><span style=\"font-weight: 400;\"><\/span><\/p>\n<p><strong><span style=\"font-size: 15px;\">3. INSCRIPCI\u00d3N<\/span><\/strong><\/p>\n<p><span style=\"font-weight: 400;\">Las personas interesadas en participar deber\u00e1n presentar sus proyectos de escritura de gui\u00f3n para cortometraje con perspectiva de derechos humanos, de autor\u00eda \u00fanica o en colaboraci\u00f3n con otros\/as autores\/as, en castellano o valenciano.<\/span><\/p>\n<p><span style=\"font-weight: 400;\">El gui\u00f3n ser\u00e1 original e in\u00e9dito, es decir, no deber\u00e1 haber sido llevado a la pantalla en el momento de ser presentado al concurso. No se podr\u00e1n presentar trabajos que ya hayan concursado en ediciones anteriores. Se admitir\u00e1n hasta 2 trabajos por autor.<\/span><\/p>\n<p><span style=\"font-weight: 400;\">La inscripci\u00f3n podr\u00e1 hacerse a trav\u00e9s del FORMULARIO ONLINE disponible en la web de HUMANS FEST (www.humansfest.com), aportando la informaci\u00f3n y el material requerido.\u00a0<\/span><\/p>\n<ul>\n<li style=\"font-weight: 400;\" aria-level=\"1\"><span style=\"font-weight: 400;\">MATERIAL: sin\u00f3psis obligatoria adem\u00e1s de un gui\u00f3n (preferido) y\/o una memoria explicativa y\/o una sinopsis argumental. De manera opcional, en el formulario se puede a\u00f1adir el material adicional que se considere necesario (ficha t\u00e9cnicas, presupuesto, dossieres, etc\u2026)<\/span><\/li>\n<\/ul>\n<p><span style=\"font-weight: 400;\">Los proyectos pueden ser presentados por el\/la <\/span><b>director\/a, guionista, y\/o productora<\/b><span style=\"font-weight: 400;\"> de los mismos.\u00a0<\/span><\/p>\n<p><span style=\"font-weight: 400;\">El plazo de inscripci\u00f3n finaliza el <\/span><b>10\u00a0 de noviembre de 2025 a las 23.59h hora peninsular (inclusive)<\/b><span style=\"font-weight: 400;\">.<\/span><\/p>\n<p><span style=\"font-weight: 400;\"><\/span><\/p>\n<p><strong><span style=\"font-size: 15px;\">4. SELECCI\u00d3N DE LOS PROYECTOS<\/span><\/strong><\/p>\n<p><span style=\"font-weight: 400;\">Fundaci\u00f3n por la Justicia y HUMANS FEST, con el apoyo de un comit\u00e9 de personas expertas, seleccionar\u00e1 5 proyectos que participar\u00e1n en las masterclasses y tutor\u00edas, que tendr\u00e1n lugar en la ciudad de Valencia.\u00a0<\/span><\/p>\n<p><span style=\"font-weight: 400;\">Los proyectos finalistas ser\u00e1n contactados personalmente y el listado ser\u00e1 publicado en la web y RRSS de Fundaci\u00f3n por la Justicia y HUMANS FEST.\u00a0<\/span><\/p>\n<p><span style=\"font-weight: 400;\">Fundaci\u00f3n por la Justicia y HUMANS FEST cubrir\u00e1n los costes de alojamiento y media pensi\u00f3n de las personas participantes no residentes en Valencia durante los d\u00edas de duraci\u00f3n del laboratorio para un m\u00e1ximo de un participante por proyecto y con la posibilidad de optar a una bolsa econ\u00f3mica de 100 euros en concepto de traslados.<\/span><\/p>\n<p><span style=\"font-weight: 400;\">El plazo m\u00e1ximo de notificaci\u00f3n de proyectos seleccionados se realizar\u00e1 hasta el 28 de noviembre (inclu\u00eddo).<\/span><\/p>\n<p><span style=\"font-weight: 400;\"><\/span><\/p>\n<p><strong><span style=\"font-size: 15px;\">5. PREMIO<\/span><\/strong><\/p>\n<p><span style=\"font-weight: 400;\">De los 5 proyectos finalistas que participar\u00e1n en toda la formaci\u00f3n se seleccionar\u00e1 uno que obtendr\u00e1 una dotaci\u00f3n econ\u00f3mica de 500\u20ac (impuestos inclu\u00eddos)\u00a0 como apoyo y acompa\u00f1amiento del proceso de desarrollo y producci\u00f3n del proyecto. Los miembros del jurado, formado por productores y\/o profesionales de la industria audiovisual valorar\u00e1n: la originalidad del guion, la presencia de la defensa de DDHH y la viabilidad de la producci\u00f3n del proyecto.\u00a0<\/span><\/p>\n<p><span style=\"font-weight: 400;\">El premio ir\u00e1 destinado al guionista del proyecto, que asume la responsabilidad de ser el titular de los derechos del guion.\u00a0 <\/span><\/p>\n<p><strong><span style=\"font-size: 15px;\">6. DESARROLLO DE LAS ACTIVIDADES DEL LABORATORIO<\/span><\/strong><\/p>\n<p><span style=\"font-weight: 400;\">El laboratorio se desarrollar\u00e1 durante el fin de semana del <\/span><b>viernes 12 de diciembre al domingo 14 de diciembre<\/b><span style=\"font-weight: 400;\">. A lo largo de las 3 jornadas se prev\u00e9n las siguientes actividades:\u00a0<\/span><\/p>\n<ul>\n<li style=\"font-weight: 400;\" aria-level=\"1\"><span style=\"font-weight: 400;\">2 master classes sobre aspectos de creaci\u00f3n, an\u00e1lisis de gui\u00f3n y\/o producci\u00f3n enfocadas a los DDHH.<\/span><\/li>\n<li style=\"font-weight: 400;\" aria-level=\"1\"><span style=\"font-weight: 400;\">2 sesiones <\/span><i><span style=\"font-weight: 400;\">one-to-one<\/span><\/i><span style=\"font-weight: 400;\"> con los proyectos seleccionados.<\/span><\/li>\n<li style=\"font-weight: 400;\" aria-level=\"1\"><span style=\"font-weight: 400;\">Una sesi\u00f3n grupal de los proyectos de preparaci\u00f3n al <\/span><i><span style=\"font-weight: 400;\">pitch<\/span><\/i><span style=\"font-weight: 400;\">.\u00a0\u00a0<\/span><\/li>\n<li style=\"font-weight: 400;\" aria-level=\"1\"><span style=\"font-weight: 400;\">El laboratorio acabar\u00e1 con una sesi\u00f3n de <\/span><i><span style=\"font-weight: 400;\">pitch<\/span><\/i><span style=\"font-weight: 400;\"> abierta a las productoras de la CCVV.<\/span><strong style=\"font-size: 15px;\">\u00a0<\/strong><\/li>\n<\/ul>\n<p><span style=\"font-weight: 400;\"><strong><\/strong><\/span><\/p>\n<p><span style=\"font-weight: 400;\"><strong>7. T\u00cdTULOS DE CR\u00c9DITO<\/strong><\/span><\/p>\n<p><span style=\"font-weight: 400;\">En el caso de que alg\u00fan proyecto seleccionado y participante en HUMANS LAB llegue a ser producido, los\/las autores\/as se comprometen a que la productora incorpore en los t\u00edtulos de cr\u00e9dito el logotipo del programa que se facilitar\u00e1 por parte de la organizaci\u00f3n en distintos formatos y resoluciones.<\/span><\/p>\n<p><span style=\"font-weight: 400;\"><\/span><\/p>\n<p><strong><span style=\"font-size: 15px;\">8. COMPROMISO DE LOS Y LAS PARTICIPANTES<\/span><\/strong><\/p>\n<p><span style=\"font-weight: 400;\">La participaci\u00f3n en HUMANS LAB supone la aceptaci\u00f3n \u00edntegra de estas bases y el compromiso de asistencia durante las fechas de celebraci\u00f3n de las actividades.<\/span><\/p>\n<p><span style=\"font-weight: 400;\"><\/span><\/p>\n<p><strong><span style=\"font-size: 15px;\">9. DERECHOS PROPIEDAD INTELECTUAL\u00a0<\/span><\/strong><\/p>\n<p><span style=\"font-weight: 400;\">Los proyectos presentados, en cuanto a su autor\u00eda, ser\u00e1n propiedad de sus autores\/as, siendo ellos\/as responsables, frente a terceros, de cualquier reclamaci\u00f3n que se produzca sobre los mismos y liberando a Fundaci\u00f3n por la Justicia y HUMANS FEST de cualquier responsabilidad al efecto. <\/span><\/p>\n<p><strong><\/strong><\/p>\n<p><strong>10. <span style=\"font-size: 15px;\">CONTACTO\u00a0<\/span><\/strong><\/p>\n<p><span style=\"font-weight: 400;\">Para resolver cualquier duda, pod\u00e9is contactar con el equipo de HUMANS FEST:\u00a0<\/span><\/p>\n<p><span style=\"font-weight: 400;\">PILAR ALMENAR y CRISTINA VIV\u00d3 (coordinadoras Humans Lab) a <\/span><a href=\"mailto:humansfest@fundacionporlajusticia.org\"><span style=\"font-weight: 400;\">humansfest@fundacionporlajusticia.org<\/span><\/a><span style=\"font-weight: 400;\"> o <\/span><span style=\"font-weight: 400;\">h<\/span><a href=\"mailto:humans@humansfest.com\"><span style=\"font-weight: 400;\">umans@humansfest.com<\/span><\/a><span style=\"font-weight: 400;\">\u00a0<\/span><\/p>\n<p>&nbsp;<\/p>\n<h1 style=\"text-align: center;\">\u00a1HAZ CLIC <a href=\"https:\/\/docs.google.com\/forms\/d\/e\/1FAIpQLScVaMbAZ5XgOpVM9FGT2fSrLrG0DYtmzD2Sgb4KxsShXc8jUw\/viewform?usp=header%20\">AQU\u00cd <\/a>PARA INSCRIBIRTE!<\/h1>\n<div class=\"wp-block-buttons alignfull\">\n<p><\/p>\n<p><\/p>\n<\/div>\n<p><!-- \/wp:post-content --><\/p>[\/et_pb_text][\/et_pb_column][\/et_pb_row][\/et_pb_section]","protected":false},"excerpt":{"rendered":"<p>&nbsp; Laboratorio de desarrollo de proyectos audiovisuales en materia de DDHH La Fundaci\u00f3n por la Justicia y el Festival Internacional de Cine y Derechos Humanos, HUMANS FEST, convocan la segunda edici\u00f3n de su laboratorio de creaci\u00f3n de proyectos audiovisuales en materia de derechos humanos.\u00a0 OBJETIVOS\u00a0 La actividad est\u00e1 dirigida a profesionales y estudiantes con el [&hellip;]<\/p>\n","protected":false},"author":2,"featured_media":7660,"parent":0,"menu_order":0,"comment_status":"closed","ping_status":"closed","template":"","meta":{"_et_pb_use_builder":"on","_et_pb_old_content":"<p>[et_pb_section fb_built=\"1\" _builder_version=\"4.16\" global_colors_info=\"{}\"][et_pb_row _builder_version=\"4.16\" background_size=\"initial\" background_position=\"top_left\" background_repeat=\"repeat\" global_colors_info=\"{}\"][et_pb_column type=\"4_4\" _builder_version=\"4.16\" custom_padding=\"|||\" global_colors_info=\"{}\" custom_padding__hover=\"|||\"][et_pb_text _builder_version=\"4.27.0\" background_size=\"initial\" background_position=\"top_left\" background_repeat=\"repeat\" hover_enabled=\"0\" global_colors_info=\"{}\" sticky_enabled=\"0\"]<\/p>\r\n<p><!-- wp:paragraph --><\/p>\r\n<hr \/>\r\n<h2 style=\"text-align: center;\"><b>Laboratorio de desarrollo de proyectos audiovisuales en materia de DDHH<br \/><\/b><\/h2>\r\n<hr \/>\r\n<p><span style=\"font-weight: 400;\">La Fundaci\u00f3n por la Justicia y el Festival Internacional de Cine y Derechos Humanos, HUMANS FEST, convocan la segunda edici\u00f3n de su laboratorio de creaci\u00f3n de proyectos audiovisuales en materia de derechos humanos.\u00a0<\/span><\/p>\r\n<p><strong>1. OBJETIVOS\u00a0<\/strong><\/p>\r\n<p><span style=\"font-weight: 400;\">La actividad est\u00e1 dirigida a profesionales y estudiantes con el objetivo de fomentar la escritura de guiones con perspectiva de derechos humanos, promover la creaci\u00f3n y brindar apoyo a los autores y autoras en el proceso de creaci\u00f3n a trav\u00e9s de masterclasses y tutor\u00edas personalizadas.\u00a0<\/span><\/p>\r\n<p><strong>2. PARTICIPANTES\u00a0<\/strong><\/p>\r\n<p><span style=\"font-weight: 400;\">La convocatoria est\u00e1 abierta a personas mayores de edad, de cualquier nacionalidad, que acrediten estudios o experiencia relacionada con el cine y\/o la creaci\u00f3n audiovisual.\u00a0<\/span><\/p>\r\n<p><span style=\"font-weight: 400;\">Se eligir\u00e1n cinco proyectos, de los cuales, al menos dos, deben ser originarios de la Comunidad Valenciana.<\/span><\/p>\r\n<p><strong>3. PROYECTOS\u00a0<\/strong><\/p>\r\n<p><span style=\"font-weight: 400;\">Los proyectos elegibles son proyectos de<\/span><span style=\"font-weight: 400;\"> formato <\/span><b>cortometraje de ficci\u00f3n\/documental\/animaci\u00f3n\/experimental (se admiten proyectos h\u00edbridos)<\/b><span style=\"font-weight: 400;\"> en materia de defensa de los derechos humanos y en fase de gui\u00f3n.\u00a0<\/span><\/p>\r\n<p><strong>4. INSCRIPCI\u00d3N<\/strong><\/p>\r\n<p><span style=\"font-weight: 400;\">Las personas interesadas en participar deber\u00e1n presentar sus proyectos de escritura de gui\u00f3n para cortometraje con perspectiva de derechos humanos, de autor\u00eda \u00fanica o en colaboraci\u00f3n con otros\/as autores\/as, en castellano o valenciano.<\/span><\/p>\r\n<p><span style=\"font-weight: 400;\">El gui\u00f3n ser\u00e1 original e in\u00e9dito, es decir, no deber\u00e1 haber sido llevado a la pantalla en el momento de ser presentado al concurso. No se podr\u00e1n presentar trabajos que ya hayan concursado en ediciones anteriores. Se admitir\u00e1n hasta 2 trabajos por autor<\/span><\/p>\r\n<p><span style=\"font-weight: 400;\">La inscripci\u00f3n podr\u00e1 hacerse a trav\u00e9s del FORMULARIO ONLINE disponible en la web de HUMANS FEST (www.humansfest.com), aportando la informaci\u00f3n y el material requerido.\u00a0<\/span><\/p>\r\n<ul>\r\n<li style=\"font-weight: 400;\" aria-level=\"1\"><span style=\"font-weight: 400;\">MATERIAL: sin\u00f3psis obligatoria adem\u00e1s de un gui\u00f3n (preferido) y\/o una memoria explicativa y\/o una sinopsis argumental. De manera opcional, en el formulario se puede a\u00f1adir el material adicional que se considere necesario (ficha t\u00e9cnicas, presupuesto, dossieres, etc\u2026)<\/span><\/li>\r\n<\/ul>\r\n<p><span style=\"font-weight: 400;\">Los proyectos pueden ser presentados por el\/la <\/span><b>director\/a, guionista, y\/o productora<\/b><span style=\"font-weight: 400;\"> de los mismos.\u00a0<\/span><\/p>\r\n<p><span style=\"font-weight: 400;\">El plazo de inscripci\u00f3n finaliza el <\/span><b>31 de octubre a las 23.59h hora peninsular (inclusive)<\/b><span style=\"font-weight: 400;\">.\u00a0<\/span><\/p>\r\n<p><strong>5. SELECCI\u00d3N DE LOS PROYECTOS<\/strong><\/p>\r\n<p><span style=\"font-weight: 400;\">Fundaci\u00f3n por la Justicia y HUMANS FEST, con el apoyo de un comit\u00e9 de personas expertas, seleccionar\u00e1 5 proyectos que participar\u00e1n en las masterclasses y tutor\u00edas, que tendr\u00e1n lugar en la ciudad de Valencia.\u00a0<\/span><\/p>\r\n<p><span style=\"font-weight: 400;\">Los proyectos finalistas ser\u00e1n contactados personalmente y el listado ser\u00e1 publicado en la web y RRSS de Fundaci\u00f3n por la Justicia y HUMANS FEST.\u00a0<\/span><\/p>\r\n<p><span style=\"font-weight: 400;\">Fundaci\u00f3n por la Justicia y HUMANS FEST cubrir\u00e1n los costes de alojamiento y media pensi\u00f3n de las personas participantes no residentes en Valencia durante los d\u00edas de duraci\u00f3n del laboratorio para un m\u00e1ximo de un participante por proyecto y con la posibilidad de optar a una bolsa econ\u00f3mica de 100 euros en concepto de traslados.<\/span><\/p>\r\n<p><strong>6. PREMIO<\/strong><\/p>\r\n<p><span style=\"font-weight: 400;\">De los 5 proyectos finalistas que participar\u00e1n en toda la formaci\u00f3n se seleccionar\u00e1 uno que obtendr\u00e1 una dotaci\u00f3n econ\u00f3mica de 500\u20ac (impuestos inclu\u00eddos)\u00a0 como apoyo y acompa\u00f1amiento del proceso de desarrollo y producci\u00f3n del proyecto. Los miembros del jurado, formado por productores y\/o profesionales de la industria audiovisual valorar\u00e1n: la originalidad del guion, la presencia de la defensa de DDHH y la viabilidad de la producci\u00f3n del proyecto.\u00a0<\/span><\/p>\r\n<p><span style=\"font-weight: 400;\">El premio ir\u00e1 destinado al guionista del proyecto, que asume la responsabilidad de ser el titular de los derechos del guion.\u00a0\u00a0<\/span><\/p>\r\n<p><strong>7. DESARROLLO DE LAS ACTIVIDADES DEL LABORATORIO<\/strong><\/p>\r\n<p><span style=\"font-weight: 400;\">El laboratorio se desarrollar\u00e1 durante el fin de semana del <\/span><b>viernes 29 de noviembre al domingo 1 de diciembre<\/b><span style=\"font-weight: 400;\">. A lo largo de las 3 jornadas se prev\u00e9n las siguientes actividades:\u00a0<\/span><\/p>\r\n<ul>\r\n<li style=\"font-weight: 400;\" aria-level=\"1\"><span style=\"font-weight: 400;\">2 master classes sobre aspectos de creaci\u00f3n, an\u00e1lisis de gui\u00f3n y\/o producci\u00f3n enfocadas a los DDHH.<\/span><\/li>\r\n<li style=\"font-weight: 400;\" aria-level=\"1\"><span style=\"font-weight: 400;\">2 sesiones <\/span><i><span style=\"font-weight: 400;\">one-to-one<\/span><\/i><span style=\"font-weight: 400;\"> con los proyectos seleccionados.<\/span><\/li>\r\n<li style=\"font-weight: 400;\" aria-level=\"1\"><span style=\"font-weight: 400;\">Una sesi\u00f3n grupal de los proyectos de preparaci\u00f3n al <\/span><i><span style=\"font-weight: 400;\">pitch<\/span><\/i><span style=\"font-weight: 400;\">.\u00a0\u00a0<\/span><\/li>\r\n<li style=\"font-weight: 400;\" aria-level=\"1\"><span style=\"font-weight: 400;\">El laboratorio acabar\u00e1 con una sesi\u00f3n de <\/span><i><span style=\"font-weight: 400;\">pitch<\/span><\/i><span style=\"font-weight: 400;\"> abierta a las productoras de la CCVV.\u00a0<\/span><\/li>\r\n<\/ul>\r\n<p><strong>8. T\u00cdTULOS DE CR\u00c9DITO\u00a0<\/strong><\/p>\r\n<p><span style=\"font-weight: 400;\">En el caso de que alg\u00fan proyecto seleccionado y participante en HUMANS LAB llegue a ser producido, los\/las autores\/as se comprometen a que la productora incorpore en los t\u00edtulos de cr\u00e9dito lo siguiente: \u201cProyecto desarrollado en HUMANS LAB 2024 organizado por Fundaci\u00f3n por la Justicia y HUMANS FEST\u201d y a continuaci\u00f3n a\u00f1adir\u00e1 el logotipo del programa, de Fundaci\u00f3n por la Justicia y HUMANS FEST, que se facilitar\u00e1 por parte de la organizaci\u00f3n en distintos formatos y resoluciones.\u00a0<\/span><\/p>\r\n<p><strong>9. COMPROMISO DE LOS Y LAS PARTICIPANTES<\/strong><\/p>\r\n<p><span style=\"font-weight: 400;\">La participaci\u00f3n en HUMANS LAB supone la aceptaci\u00f3n \u00edntegra de estas bases y el compromiso de asistencia durante las fechas de celebraci\u00f3n de las actividades.\u00a0<\/span><\/p>\r\n<p><strong>10. DERECHOS PROPIEDAD INTELECTUAL\u00a0<\/strong><\/p>\r\n<p><span style=\"font-weight: 400;\">Los proyectos presentados, en cuanto a su autor\u00eda, ser\u00e1n propiedad de sus autores\/as, siendo ellos\/as responsables, frente a terceros, de cualquier reclamaci\u00f3n que se produzca sobre los mismos y liberando a Fundaci\u00f3n por la Justicia y HUMANS FEST de cualquier responsabilidad al efecto.\u00a0\u00a0<\/span><\/p>\r\n<p><strong>11. CONTACTO\u00a0<\/strong><\/p>\r\n<p><span style=\"font-weight: 400;\">Para resolver cualquier duda, pod\u00e9is contactar con el equipo de HUMANS FEST:\u00a0<\/span><\/p>\r\n<p><span style=\"font-weight: 400;\">MAJO SISCAR y CRISTINA VIV\u00d3 (coordinadoras Humans Lab) a <\/span><a href=\"mailto:humansfest@fundacionporlajusticia.org\"><span style=\"font-weight: 400;\">humansfest@fundacionporlajusticia.org<\/span><\/a><span style=\"font-weight: 400;\"> o <\/span><a href=\"mailto:humans@humansfest.com\"><span style=\"font-weight: 400;\">h<\/span><span style=\"font-weight: 400;\">umans@humansfest.com<\/span><\/a><span style=\"font-weight: 400;\">.<\/span><\/p>\r\n<h1 style=\"text-align: center;\">\u00a1HAZ CLIC <a href=\"https:\/\/docs.google.com\/forms\/d\/e\/1FAIpQLSfwtL2w0mHues8-ZoCVwL9NvkvHO01cg8ts_kQHUQXz2tPjbg\/viewform\">AQU\u00cd<\/a> PARA INSCRIBIRTE!<\/h1>\r\n<div class=\"wp-block-buttons alignfull\">\r\n<p><!-- \/wp:button --><\/p>\r\n<p><!-- wp:button \/--><\/p>\r\n<\/div>\r\n<p><!-- \/wp:buttons --><\/p>\r\n<p>[\/et_pb_text][\/et_pb_column][\/et_pb_row][\/et_pb_section]<\/p>","_et_gb_content_width":"","footnotes":""},"class_list":["post-13666","page","type-page","status-publish","has-post-thumbnail","hentry"],"aioseo_notices":[],"aioseo_head":"\n\t\t<!-- All in One SEO 4.9.10 - aioseo.com -->\n\t<meta name=\"description\" content=\"Laboratorio de desarrollo de proyectos audiovisuales en materia de DDHH La Fundaci\u00f3n por la Justicia y el Festival Internacional de Cine y Derechos Humanos, HUMANS FEST, convocan la segunda edici\u00f3n de su laboratorio de creaci\u00f3n de proyectos audiovisuales en materia de derechos humanos. OBJETIVOS La actividad est\u00e1 dirigida a profesionales y estudiantes con el\" \/>\n\t<meta name=\"robots\" content=\"max-image-preview:large\" \/>\n\t<link rel=\"canonical\" href=\"https:\/\/fundacionporlajusticia.org\/en\/bases-humans-lab-2025\/\" \/>\n\t<meta name=\"generator\" content=\"All in One SEO (AIOSEO) 4.9.10\" \/>\n\t\t<meta property=\"og:locale\" content=\"en_GB\" \/>\n\t\t<meta property=\"og:site_name\" content=\"Fundacion por la justicia - Queremos la Paz, trabajamos por la Justicia\" \/>\n\t\t<meta property=\"og:type\" content=\"article\" \/>\n\t\t<meta property=\"og:title\" content=\"Bases Humans Lab 2025 - Fundacion por la justicia\" \/>\n\t\t<meta property=\"og:description\" content=\"Laboratorio de desarrollo de proyectos audiovisuales en materia de DDHH La Fundaci\u00f3n por la Justicia y el Festival Internacional de Cine y Derechos Humanos, HUMANS FEST, convocan la segunda edici\u00f3n de su laboratorio de creaci\u00f3n de proyectos audiovisuales en materia de derechos humanos. OBJETIVOS La actividad est\u00e1 dirigida a profesionales y estudiantes con el\" \/>\n\t\t<meta property=\"og:url\" content=\"https:\/\/fundacionporlajusticia.org\/en\/bases-humans-lab-2025\/\" \/>\n\t\t<meta property=\"article:published_time\" content=\"2025-10-14T13:03:05+00:00\" \/>\n\t\t<meta property=\"article:modified_time\" content=\"2025-10-30T18:24:29+00:00\" \/>\n\t\t<meta name=\"twitter:card\" content=\"summary_large_image\" \/>\n\t\t<meta name=\"twitter:title\" content=\"Bases Humans Lab 2025 - Fundacion por la justicia\" \/>\n\t\t<meta name=\"twitter:description\" content=\"Laboratorio de desarrollo de proyectos audiovisuales en materia de DDHH La Fundaci\u00f3n por la Justicia y el Festival Internacional de Cine y Derechos Humanos, HUMANS FEST, convocan la segunda edici\u00f3n de su laboratorio de creaci\u00f3n de proyectos audiovisuales en materia de derechos humanos. OBJETIVOS La actividad est\u00e1 dirigida a profesionales y estudiantes con el\" \/>\n\t\t<script type=\"application\/ld+json\" class=\"aioseo-schema\">\n\t\t\t{\"@context\":\"https:\\\/\\\/schema.org\",\"@graph\":[{\"@type\":\"BreadcrumbList\",\"@id\":\"https:\\\/\\\/fundacionporlajusticia.org\\\/en\\\/bases-humans-lab-2025\\\/#breadcrumblist\",\"itemListElement\":[{\"@type\":\"ListItem\",\"@id\":\"https:\\\/\\\/fundacionporlajusticia.org\\\/en#listItem\",\"position\":1,\"name\":\"Home\",\"item\":\"https:\\\/\\\/fundacionporlajusticia.org\\\/en\",\"nextItem\":{\"@type\":\"ListItem\",\"@id\":\"https:\\\/\\\/fundacionporlajusticia.org\\\/en\\\/bases-humans-lab-2025\\\/#listItem\",\"name\":\"Bases Humans Lab 2025\"}},{\"@type\":\"ListItem\",\"@id\":\"https:\\\/\\\/fundacionporlajusticia.org\\\/en\\\/bases-humans-lab-2025\\\/#listItem\",\"position\":2,\"name\":\"Bases Humans Lab 2025\",\"previousItem\":{\"@type\":\"ListItem\",\"@id\":\"https:\\\/\\\/fundacionporlajusticia.org\\\/en#listItem\",\"name\":\"Home\"}}]},{\"@type\":\"Organization\",\"@id\":\"https:\\\/\\\/fundacionporlajusticia.org\\\/en\\\/#organization\",\"name\":\"Fundacion por la justicia\",\"description\":\"Queremos la Paz, trabajamos por la Justicia\",\"url\":\"https:\\\/\\\/fundacionporlajusticia.org\\\/en\\\/\"},{\"@type\":\"WebPage\",\"@id\":\"https:\\\/\\\/fundacionporlajusticia.org\\\/en\\\/bases-humans-lab-2025\\\/#webpage\",\"url\":\"https:\\\/\\\/fundacionporlajusticia.org\\\/en\\\/bases-humans-lab-2025\\\/\",\"name\":\"Bases Humans Lab 2025 - Fundacion por la justicia\",\"description\":\"Laboratorio de desarrollo de proyectos audiovisuales en materia de DDHH La Fundaci\\u00f3n por la Justicia y el Festival Internacional de Cine y Derechos Humanos, HUMANS FEST, convocan la segunda edici\\u00f3n de su laboratorio de creaci\\u00f3n de proyectos audiovisuales en materia de derechos humanos. OBJETIVOS La actividad est\\u00e1 dirigida a profesionales y estudiantes con el\",\"inLanguage\":\"en-GB\",\"isPartOf\":{\"@id\":\"https:\\\/\\\/fundacionporlajusticia.org\\\/en\\\/#website\"},\"breadcrumb\":{\"@id\":\"https:\\\/\\\/fundacionporlajusticia.org\\\/en\\\/bases-humans-lab-2025\\\/#breadcrumblist\"},\"image\":{\"@type\":\"ImageObject\",\"url\":\"https:\\\/\\\/fundacionporlajusticia.org\\\/wp-content\\\/uploads\\\/2023\\\/11\\\/Color-HUMANSLAB-Compacto.png\",\"@id\":\"https:\\\/\\\/fundacionporlajusticia.org\\\/en\\\/bases-humans-lab-2025\\\/#mainImage\",\"width\":1990,\"height\":783,\"caption\":\"Logo de Humans Lab de Fundaci\\u00f3n por la Justicia\"},\"primaryImageOfPage\":{\"@id\":\"https:\\\/\\\/fundacionporlajusticia.org\\\/en\\\/bases-humans-lab-2025\\\/#mainImage\"},\"datePublished\":\"2025-10-14T15:03:05+02:00\",\"dateModified\":\"2025-10-30T19:24:29+01:00\"},{\"@type\":\"WebSite\",\"@id\":\"https:\\\/\\\/fundacionporlajusticia.org\\\/en\\\/#website\",\"url\":\"https:\\\/\\\/fundacionporlajusticia.org\\\/en\\\/\",\"name\":\"Fundacion por la justicia\",\"description\":\"Queremos la Paz, trabajamos por la Justicia\",\"inLanguage\":\"en-GB\",\"publisher\":{\"@id\":\"https:\\\/\\\/fundacionporlajusticia.org\\\/en\\\/#organization\"}}]}\n\t\t<\/script>\n\t\t<!-- All in One SEO -->\n\n","aioseo_head_json":{"title":"Humans Lab 2025 Bases - Foundation for Justice","description":"Human Rights Audiovisual Project Development Lab The Foundation for Justice and the HUMANS FEST International Film and Human Rights Festival announce the second edition of their audiovisual project development lab focused on human rights. OBJECTIVES The activity is aimed at professionals and students with","canonical_url":"https:\/\/fundacionporlajusticia.org\/en\/bases-humans-lab-2025\/","robots":"max-image-preview:large","keywords":"","webmasterTools":{"miscellaneous":""},"schema":{"@context":"https:\/\/schema.org","@graph":[{"@type":"BreadcrumbList","@id":"https:\/\/fundacionporlajusticia.org\/en\/bases-humans-lab-2025\/#breadcrumblist","itemListElement":[{"@type":"ListItem","@id":"https:\/\/fundacionporlajusticia.org\/en#listItem","position":1,"name":"Home","item":"https:\/\/fundacionporlajusticia.org\/en","nextItem":{"@type":"ListItem","@id":"https:\/\/fundacionporlajusticia.org\/en\/bases-humans-lab-2025\/#listItem","name":"Bases Humans Lab 2025"}},{"@type":"ListItem","@id":"https:\/\/fundacionporlajusticia.org\/en\/bases-humans-lab-2025\/#listItem","position":2,"name":"Bases Humans Lab 2025","previousItem":{"@type":"ListItem","@id":"https:\/\/fundacionporlajusticia.org\/en#listItem","name":"Home"}}]},{"@type":"Organization","@id":"https:\/\/fundacionporlajusticia.org\/en\/#organization","name":"Fundacion por la justicia","description":"Queremos la Paz, trabajamos por la Justicia","url":"https:\/\/fundacionporlajusticia.org\/en\/"},{"@type":"WebPage","@id":"https:\/\/fundacionporlajusticia.org\/en\/bases-humans-lab-2025\/#webpage","url":"https:\/\/fundacionporlajusticia.org\/en\/bases-humans-lab-2025\/","name":"Bases Humans Lab 2025 - Fundacion por la justicia","description":"Laboratorio de desarrollo de proyectos audiovisuales en materia de DDHH La Fundaci\u00f3n por la Justicia y el Festival Internacional de Cine y Derechos Humanos, HUMANS FEST, convocan la segunda edici\u00f3n de su laboratorio de creaci\u00f3n de proyectos audiovisuales en materia de derechos humanos. OBJETIVOS La actividad est\u00e1 dirigida a profesionales y estudiantes con el","inLanguage":"en-GB","isPartOf":{"@id":"https:\/\/fundacionporlajusticia.org\/en\/#website"},"breadcrumb":{"@id":"https:\/\/fundacionporlajusticia.org\/en\/bases-humans-lab-2025\/#breadcrumblist"},"image":{"@type":"ImageObject","url":"https:\/\/fundacionporlajusticia.org\/wp-content\/uploads\/2023\/11\/Color-HUMANSLAB-Compacto.png","@id":"https:\/\/fundacionporlajusticia.org\/en\/bases-humans-lab-2025\/#mainImage","width":1990,"height":783,"caption":"Logo de Humans Lab de Fundaci\u00f3n por la Justicia"},"primaryImageOfPage":{"@id":"https:\/\/fundacionporlajusticia.org\/en\/bases-humans-lab-2025\/#mainImage"},"datePublished":"2025-10-14T15:03:05+02:00","dateModified":"2025-10-30T19:24:29+01:00"},{"@type":"WebSite","@id":"https:\/\/fundacionporlajusticia.org\/en\/#website","url":"https:\/\/fundacionporlajusticia.org\/en\/","name":"Fundacion por la justicia","description":"Queremos la Paz, trabajamos por la Justicia","inLanguage":"en-GB","publisher":{"@id":"https:\/\/fundacionporlajusticia.org\/en\/#organization"}}]},"og:locale":"en_GB","og:site_name":"Fundacion por la justicia - Queremos la Paz, trabajamos por la Justicia","og:type":"article","og:title":"Bases Humans Lab 2025 - Fundacion por la justicia","og:description":"Laboratorio de desarrollo de proyectos audiovisuales en materia de DDHH La Fundaci\u00f3n por la Justicia y el Festival Internacional de Cine y Derechos Humanos, HUMANS FEST, convocan la segunda edici\u00f3n de su laboratorio de creaci\u00f3n de proyectos audiovisuales en materia de derechos humanos. OBJETIVOS La actividad est\u00e1 dirigida a profesionales y estudiantes con el","og:url":"https:\/\/fundacionporlajusticia.org\/en\/bases-humans-lab-2025\/","article:published_time":"2025-10-14T13:03:05+00:00","article:modified_time":"2025-10-30T18:24:29+00:00","twitter:card":"summary_large_image","twitter:title":"Bases Humans Lab 2025 - Fundacion por la justicia","twitter:description":"Laboratorio de desarrollo de proyectos audiovisuales en materia de DDHH La Fundaci\u00f3n por la Justicia y el Festival Internacional de Cine y Derechos Humanos, HUMANS FEST, convocan la segunda edici\u00f3n de su laboratorio de creaci\u00f3n de proyectos audiovisuales en materia de derechos humanos. OBJETIVOS La actividad est\u00e1 dirigida a profesionales y estudiantes con el"},"aioseo_meta_data":{"post_id":"13666","title":null,"description":null,"keywords":null,"keyphrases":null,"primary_term":null,"canonical_url":null,"og_title":null,"og_description":null,"og_object_type":"default","og_image_type":"default","og_image_url":null,"og_image_width":null,"og_image_height":null,"og_image_custom_url":null,"og_image_custom_fields":null,"og_video":null,"og_custom_url":null,"og_article_section":null,"og_article_tags":null,"twitter_use_og":false,"twitter_card":"default","twitter_image_type":"default","twitter_image_url":null,"twitter_image_custom_url":null,"twitter_image_custom_fields":null,"twitter_title":null,"twitter_description":null,"schema":{"blockGraphs":[],"customGraphs":[],"default":{"data":{"Article":[],"Course":[],"Dataset":[],"FAQPage":[],"Movie":[],"Person":[],"Product":[],"ProductReview":[],"Car":[],"Recipe":[],"Service":[],"SoftwareApplication":[],"WebPage":[]},"graphName":"","isEnabled":true},"graphs":[]},"schema_type":"default","schema_type_options":null,"pillar_content":false,"robots_default":true,"robots_noindex":false,"robots_noarchive":false,"robots_nosnippet":false,"robots_nofollow":false,"robots_noimageindex":false,"robots_noodp":false,"robots_notranslate":false,"robots_max_snippet":null,"robots_max_videopreview":null,"robots_max_imagepreview":"large","priority":null,"frequency":null,"local_seo":null,"breadcrumb_settings":null,"limit_modified_date":false,"ai":null,"created":"2025-12-30 15:52:22","updated":"2025-12-30 15:52:22","seo_analyzer_scan_date":null},"aioseo_breadcrumb":"<div class=\"aioseo-breadcrumbs\"><span class=\"aioseo-breadcrumb\">\n\t\t\t<a href=\"https:\/\/fundacionporlajusticia.org\/en\" title=\"Home\">Home<\/a>\n\t\t<\/span><span class=\"aioseo-breadcrumb-separator\">&raquo;<\/span><span class=\"aioseo-breadcrumb\">\n\t\t\tBases Humans Lab 2025\n\t\t<\/span><\/div>","aioseo_breadcrumb_json":[{"label":"Home","link":"https:\/\/fundacionporlajusticia.org\/en"},{"label":"Bases Humans Lab 2025","link":"https:\/\/fundacionporlajusticia.org\/en\/bases-humans-lab-2025\/"}],"_links":{"self":[{"href":"https:\/\/fundacionporlajusticia.org\/en\/wp-json\/wp\/v2\/pages\/13666","targetHints":{"allow":["GET"]}}],"collection":[{"href":"https:\/\/fundacionporlajusticia.org\/en\/wp-json\/wp\/v2\/pages"}],"about":[{"href":"https:\/\/fundacionporlajusticia.org\/en\/wp-json\/wp\/v2\/types\/page"}],"author":[{"embeddable":true,"href":"https:\/\/fundacionporlajusticia.org\/en\/wp-json\/wp\/v2\/users\/2"}],"replies":[{"embeddable":true,"href":"https:\/\/fundacionporlajusticia.org\/en\/wp-json\/wp\/v2\/comments?post=13666"}],"version-history":[{"count":5,"href":"https:\/\/fundacionporlajusticia.org\/en\/wp-json\/wp\/v2\/pages\/13666\/revisions"}],"predecessor-version":[{"id":13753,"href":"https:\/\/fundacionporlajusticia.org\/en\/wp-json\/wp\/v2\/pages\/13666\/revisions\/13753"}],"wp:attachment":[{"href":"https:\/\/fundacionporlajusticia.org\/en\/wp-json\/wp\/v2\/media?parent=13666"}],"curies":[{"name":"wp","href":"https:\/\/api.w.org\/{rel}","templated":true}]}}